{"id":12948,"date":"2023-06-12T09:13:59","date_gmt":"2023-06-12T09:13:59","guid":{"rendered":"https:\/\/vellomonfortarquitectes.com\/architects-alicante\/architects-jalon\/"},"modified":"2026-03-04T11:05:31","modified_gmt":"2026-03-04T11:05:31","slug":"architects-jalon","status":"publish","type":"page","link":"https:\/\/vellomonfortarquitectes.com\/en\/architects-alicante\/architects-jalon\/","title":{"rendered":"Architects Jal\u00f3n"},"content":{"rendered":"<p>[et_pb_section fb_built=&#8221;1&#8243; _builder_version=&#8221;4.16&#8243; background_enable_image=&#8221;off&#8221; custom_margin=&#8221;0px|0px|0px|0px|true|true&#8221; custom_padding=&#8221;0px|0px|0px|0px|true|true&#8221; global_colors_info=&#8221;{}&#8221;][et_pb_row _builder_version=&#8221;4.16&#8243; _module_preset=&#8221;default&#8221; global_colors_info=&#8221;{}&#8221;][et_pb_column type=&#8221;4_4&#8243; _builder_version=&#8221;4.16&#8243; _module_preset=&#8221;default&#8221; global_colors_info=&#8221;{}&#8221;][et_pb_slider _builder_version=&#8221;4.16&#8243; _module_preset=&#8221;default&#8221; custom_padding=&#8221;400px||400px||true|false&#8221; custom_padding_tablet=&#8221;&#8221; custom_padding_phone=&#8221;10px||200px||false|false&#8221; custom_padding_last_edited=&#8221;on|desktop&#8221; auto=&#8221;on&#8221; auto_speed=&#8221;5000&#8243; global_colors_info=&#8221;{}&#8221;][et_pb_slide _builder_version=&#8221;4.16&#8243; _module_preset=&#8221;default&#8221; header_level=&#8221;h2&#8243; header_text_align=&#8221;right&#8221; header_text_color=&#8221;rgba(255,255,255,0.7)&#8221; header_font_size=&#8221;61px&#8221; background_enable_color=&#8221;off&#8221; background_image=&#8221;http:\/\/vellomonfortarquitectes.com\/wp-content\/uploads\/2021\/01\/viviendamiramar-slider-inicio.jpg&#8221; background_enable_image=&#8221;on&#8221; background_size=&#8221;contain&#8221; header_font_size_tablet=&#8221;&#8221; header_font_size_phone=&#8221;25px&#8221; header_font_size_last_edited=&#8221;on|phone&#8221; global_colors_info=&#8221;{}&#8221; sticky_transition=&#8221;on&#8221;][\/et_pb_slide][et_pb_slide _builder_version=&#8221;4.16&#8243; _module_preset=&#8221;default&#8221; header_level=&#8221;h2&#8243; header_text_align=&#8221;right&#8221; header_text_color=&#8221;rgba(255,255,255,0.7)&#8221; header_font_size=&#8221;61px&#8221; background_enable_color=&#8221;off&#8221; background_image=&#8221;https:\/\/vellomonfortarquitectes.com\/wp-content\/uploads\/2021\/01\/viviendapalmerafeli-pinicio-o.jpg&#8221; background_enable_image=&#8221;on&#8221; background_size=&#8221;contain&#8221; header_font_size_tablet=&#8221;&#8221; header_font_size_phone=&#8221;25px&#8221; header_font_size_last_edited=&#8221;on|phone&#8221; global_colors_info=&#8221;{}&#8221; sticky_transition=&#8221;on&#8221;][\/et_pb_slide][et_pb_slide _builder_version=&#8221;4.16&#8243; _module_preset=&#8221;default&#8221; header_level=&#8221;h2&#8243; header_text_align=&#8221;right&#8221; header_text_color=&#8221;rgba(255,255,255,0.7)&#8221; header_font_size=&#8221;61px&#8221; background_enable_color=&#8221;off&#8221; background_image=&#8221;https:\/\/vellomonfortarquitectes.com\/wp-content\/uploads\/2021\/01\/edificioviviendas-pinicio.jpg&#8221; background_enable_image=&#8221;on&#8221; background_size=&#8221;contain&#8221; header_font_size_tablet=&#8221;&#8221; header_font_size_phone=&#8221;25px&#8221; header_font_size_last_edited=&#8221;on|phone&#8221; global_colors_info=&#8221;{}&#8221; sticky_transition=&#8221;on&#8221;][\/et_pb_slide][et_pb_slide _builder_version=&#8221;4.16&#8243; _module_preset=&#8221;default&#8221; header_level=&#8221;h2&#8243; header_text_align=&#8221;right&#8221; header_text_color=&#8221;rgba(255,255,255,0.7)&#8221; header_font_size=&#8221;61px&#8221; background_enable_color=&#8221;off&#8221; background_image=&#8221;https:\/\/vellomonfortarquitectes.com\/wp-content\/uploads\/2021\/01\/edificiopublico-pinicio-o.jpg&#8221; background_enable_image=&#8221;on&#8221; background_size=&#8221;contain&#8221; header_font_size_tablet=&#8221;&#8221; header_font_size_phone=&#8221;25px&#8221; header_font_size_last_edited=&#8221;on|phone&#8221; global_colors_info=&#8221;{}&#8221; sticky_transition=&#8221;on&#8221;][\/et_pb_slide][et_pb_slide _builder_version=&#8221;4.16&#8243; _module_preset=&#8221;default&#8221; header_text_align=&#8221;right&#8221; header_text_color=&#8221;rgba(255,255,255,0.7)&#8221; header_font_size=&#8221;61px&#8221; background_enable_color=&#8221;off&#8221; background_image=&#8221;https:\/\/vellomonfortarquitectes.com\/wp-content\/uploads\/2021\/01\/proyectoreforma-pinicio.jpg&#8221; background_enable_image=&#8221;on&#8221; background_size=&#8221;contain&#8221; header_font_size_tablet=&#8221;&#8221; header_font_size_phone=&#8221;25px&#8221; header_font_size_last_edited=&#8221;on|phone&#8221; global_colors_info=&#8221;{}&#8221; sticky_transition=&#8221;on&#8221;][\/et_pb_slide][et_pb_slide _builder_version=&#8221;4.16&#8243; _module_preset=&#8221;default&#8221; header_text_align=&#8221;right&#8221; header_text_color=&#8221;rgba(255,255,255,0.7)&#8221; header_font_size=&#8221;61px&#8221; background_enable_color=&#8221;off&#8221; background_image=&#8221;https:\/\/vellomonfortarquitectes.com\/wp-content\/uploads\/2021\/01\/disenointerior-pinicio.jpg&#8221; background_enable_image=&#8221;on&#8221; background_size=&#8221;contain&#8221; header_font_size_tablet=&#8221;&#8221; header_font_size_phone=&#8221;25px&#8221; header_font_size_last_edited=&#8221;on|phone&#8221; global_colors_info=&#8221;{}&#8221; sticky_transition=&#8221;on&#8221;][\/et_pb_slide][\/et_pb_slider][\/et_pb_column][\/et_pb_row][\/et_pb_section][et_pb_section fb_built=&#8221;1&#8243; _builder_version=&#8221;4.16&#8243; _module_preset=&#8221;default&#8221; custom_padding=&#8221;40px||4px|||&#8221; locked=&#8221;off&#8221; global_colors_info=&#8221;{}&#8221;][et_pb_row column_structure=&#8221;1_2,1_2&#8243; _builder_version=&#8221;4.16&#8243; _module_preset=&#8221;default&#8221; global_colors_info=&#8221;{}&#8221;][et_pb_column type=&#8221;1_2&#8243; _builder_version=&#8221;4.16&#8243; _module_preset=&#8221;default&#8221; global_colors_info=&#8221;{}&#8221;][et_pb_text _builder_version=&#8221;4.18.0&#8243; _module_preset=&#8221;default&#8221; header_font=&#8221;|300|||||||&#8221; header_font_size=&#8221;50px&#8221; header_line_height=&#8221;1.3em&#8221; header_2_font=&#8221;|300|||||||&#8221; header_2_font_size=&#8221;50px&#8221; header_2_line_height=&#8221;1.3em&#8221; header_font_size_tablet=&#8221;&#8221; header_font_size_phone=&#8221;30px&#8221; header_font_size_last_edited=&#8221;on|phone&#8221; global_colors_info=&#8221;{}&#8221;]<\/p>\n<h1>ARCHITECTS IN JALON<\/h1>\n<p>[\/et_pb_text][et_pb_text _builder_version=&#8221;4.18.0&#8243; _module_preset=&#8221;default&#8221; header_2_font=&#8221;|300|||||||&#8221; header_2_font_size=&#8221;40px&#8221; header_3_font=&#8221;|300|||||||&#8221; header_3_font_size=&#8221;33px&#8221; header_3_line_height=&#8221;1.3em&#8221; header_2_font_size_tablet=&#8221;&#8221; header_2_font_size_phone=&#8221;20px&#8221; header_2_font_size_last_edited=&#8221;on|phone&#8221; global_colors_info=&#8221;{}&#8221;]<\/p>\n<h2><span style=\"font-weight: 400;\">Architectural works in Jal\u00f3n &#8211;<\/span><span style=\"font-weight: 400;\">Vell\u00f3 Monfort Arquitectos<\/span> <\/h2>\n<p>[\/et_pb_text][\/et_pb_column][et_pb_column type=&#8221;1_2&#8243; _builder_version=&#8221;4.16&#8243; _module_preset=&#8221;default&#8221; global_colors_info=&#8221;{}&#8221;][et_pb_text _builder_version=&#8221;4.18.0&#8243; _module_preset=&#8221;default&#8221; header_text_align=&#8221;justify&#8221; text_orientation=&#8221;justified&#8221; global_colors_info=&#8221;{}&#8221;]<\/p>\n<p>If you are looking for a<strong>rchitectural services in Jal\u00f3n<\/strong>, you have come to the right place. At <strong>Vell\u00f3 Monfort Arquitectes<\/strong>, we have a team of highly qualified architects with solid experience in creating exceptional spaces that will improve your quality of life and adapt to your specific needs.<\/p>\n<p>For over two decades, we have been working on architectural projects throughout the Jalon area, and we are proud to have designed and built over 1,500 homes and more than 150 public use projects on the Costa Blanca.<\/p>\n<p>Whether you need a new building project, a refurbishment or an interior design, at Vell\u00f3 Monfort Arquitectes we are ready to help you turn your dreams into reality. Our experience allows us to exceed your expectations and create architectural solutions that integrate perfectly with the charm and unique style of Jalon.<\/p>\n<p>[\/et_pb_text][\/et_pb_column][\/et_pb_row][\/et_pb_section][et_pb_section fb_built=&#8221;1&#8243; _builder_version=&#8221;4.16&#8243; _module_preset=&#8221;default&#8221; custom_padding=&#8221;10px||10px||true|false&#8221; global_colors_info=&#8221;{}&#8221;][et_pb_row column_structure=&#8221;3_5,2_5&#8243; _builder_version=&#8221;4.16&#8243; _module_preset=&#8221;default&#8221; custom_padding=&#8221;3px|||||&#8221; global_colors_info=&#8221;{}&#8221;][et_pb_column type=&#8221;3_5&#8243; _builder_version=&#8221;4.16&#8243; _module_preset=&#8221;default&#8221; global_colors_info=&#8221;{}&#8221;][et_pb_text _builder_version=&#8221;4.18.0&#8243; _module_preset=&#8221;default&#8221; global_colors_info=&#8221;{}&#8221;]<\/p>\n<h2 style=\"text-align: justify;\"><span style=\"font-weight: 400;\">Architects in Jal\u00f3n, a unique service for each project<\/span><\/h2>\n<p>[\/et_pb_text][et_pb_text _builder_version=&#8221;4.16&#8243; _module_preset=&#8221;default&#8221; text_orientation=&#8221;justified&#8221; global_colors_info=&#8221;{}&#8221;]<\/p>\n<p>At Vell\u00f3 Monfort Arquitectes, we not only focus on the drafting of architectural projects in Altea, Alicante. If you are interested in our work and want to know more about our architectural projects, it doesn&#8217;t matter if you don&#8217;t live here! Our reach expands to various areas of the Costa Blanca.<\/p>\n<p>Get in touch with us through our contact form, WhatsApp or by calling 600 397 039. We will be happy to assist you and answer your queries in the shortest possible time. We want to study your case without any kind of commitment and give you personalised advice.<\/p>\n<p>At <strong>Vell\u00f3 Monfort Arquitectes<\/strong>, we are passionate about working in different areas of the Costa Blanca and offer our architectural services to a wide range of clients. Our experience and knowledge allow us to adapt to the needs of each project, regardless of its geographical location.<\/p>\n<p>[\/et_pb_text][\/et_pb_column][et_pb_column type=&#8221;2_5&#8243; _builder_version=&#8221;4.16&#8243; _module_preset=&#8221;default&#8221; global_colors_info=&#8221;{}&#8221;][et_pb_code _builder_version=&#8221;4.25.2&#8243; _module_preset=&#8221;default&#8221; global_colors_info=&#8221;{}&#8221;]<div class=\"frm_forms  with_frm_style frm_style_estilos-formidable\" id=\"frm_form_2_container\" >\n<form enctype=\"multipart\/form-data\" method=\"post\" class=\"frm-show-form  frm_pro_form \" id=\"form_contact-form2\" >\n<div class=\"frm_form_fields \">\n<fieldset>\n<legend class=\"frm_screen_reader\">Contact<\/legend>\r\n\r\n<div class=\"frm_fields_container\">\n<input type=\"hidden\" name=\"frm_action\" value=\"create\" \/>\n<input type=\"hidden\" name=\"form_id\" value=\"2\" \/>\n<input type=\"hidden\" name=\"frm_hide_fields_2\" id=\"frm_hide_fields_2\" value=\"\" \/>\n<input type=\"hidden\" name=\"form_key\" value=\"contact-form2\" \/>\n<input type=\"hidden\" name=\"item_meta[0]\" value=\"\" \/>\n<input type=\"hidden\" id=\"frm_submit_entry_2\" name=\"frm_submit_entry_2\" value=\"b380df51fe\" \/><input type=\"hidden\" name=\"_wp_http_referer\" value=\"\/en\/wp-json\/wp\/v2\/pages\/12948\" \/><div id=\"frm_field_11_container\" class=\"frm_form_field form-field  frm_required_field frm_top_container frm6 frm_first\">\r\n    <label for=\"field_qh4icy2\" id=\"field_qh4icy2_label\" class=\"frm_primary_label\">Name\r\n        <span class=\"frm_required\" aria-hidden=\"true\">*<\/span>\r\n    <\/label>\r\n    <input type=\"text\" id=\"field_qh4icy2\" name=\"item_meta[11]\" value=\"\"  data-reqmsg=\"Este campo no puede estar en blanco.\" aria-required=\"true\" data-invmsg=\"Name no es v\u00e1lido\" aria-invalid=\"false\"  \/>\r\n    \r\n    \r\n<\/div>\n<div id=\"frm_field_12_container\" class=\"frm_form_field form-field  frm_required_field frm_top_container frm6\">\r\n    <label for=\"field_6je6v2\" id=\"field_6je6v2_label\" class=\"frm_primary_label\">Adress\r\n        <span class=\"frm_required\" aria-hidden=\"true\">*<\/span>\r\n    <\/label>\r\n    <input type=\"text\" id=\"field_6je6v2\" name=\"item_meta[12]\" value=\"\"  data-reqmsg=\"Este campo no puede estar en blanco.\" aria-required=\"true\" data-invmsg=\"Texto no es v\u00e1lido\" aria-invalid=\"false\"  \/>\r\n    \r\n    \r\n<\/div>\n<div id=\"frm_field_13_container\" class=\"frm_form_field form-field  frm_top_container\">\r\n    <label for=\"field_b4yzs2\" id=\"field_b4yzs2_label\" class=\"frm_primary_label\">Telephone\r\n        <span class=\"frm_required\" aria-hidden=\"true\"><\/span>\r\n    <\/label>\r\n    <input type=\"tel\" id=\"field_b4yzs2\" name=\"item_meta[13]\" value=\"\"  data-invmsg=\"Tel\u00e9fono no es v\u00e1lido\" aria-invalid=\"false\" pattern=\"((\\+\\d{1,3}(-|.| )?\\(?\\d\\)?(-| |.)?\\d{1,5})|(\\(?\\d{2,6}\\)?))(-|.| )?(\\d{3,4})(-|.| )?(\\d{4})(( x| ext)\\d{1,5}){0,1}$\"  \/>\r\n    \r\n    \r\n<\/div>\n<div id=\"frm_field_14_container\" class=\"frm_form_field form-field  frm_required_field frm_top_container frm_full\">\r\n    <label for=\"field_9jv0r12\" id=\"field_9jv0r12_label\" class=\"frm_primary_label\">Message\r\n        <span class=\"frm_required\" aria-hidden=\"true\">*<\/span>\r\n    <\/label>\r\n    <textarea name=\"item_meta[14]\" id=\"field_9jv0r12\" rows=\"5\"  data-reqmsg=\"Este campo no puede estar en blanco.\" aria-required=\"true\" data-invmsg=\"Message no es v\u00e1lido\" aria-invalid=\"false\"  ><\/textarea>\r\n    \r\n    \r\n<\/div>\n<div id=\"frm_field_15_container\" class=\"frm_form_field form-field \">\r\n\t<div class=\"frm_submit\">\r\n\r\n<button class=\"frm_button_submit frm_final_submit\" type=\"submit\"  >Send<\/button>\r\n\r\n\r\n<\/div>\r\n<\/div>\n\t<input type=\"hidden\" name=\"item_key\" value=\"\" \/>\n\t\t\t<div id=\"frm_field_16_container\">\n\t\t\t<label for=\"field_1rgvi\" >\n\t\t\t\tIf you are human, leave this field blank.\t\t\t<\/label>\n\t\t\t<input  id=\"field_1rgvi\" type=\"text\" class=\"frm_form_field form-field frm_verify\" name=\"item_meta[16]\" value=\"\"  \/>\n\t\t<\/div>\n\t\t<input name=\"frm_state\" type=\"hidden\" value=\"N3MLG6bZVILB9k2roCnJbNR1shxejGW4ewgkD9u4N8k=\" \/><\/div>\n<\/fieldset>\n<\/div>\n\n<\/form>\n<\/div>\n[\/et_pb_code][\/et_pb_column][\/et_pb_row][et_pb_row column_structure=&#8221;1_4,1_4,1_4,1_4&#8243; _builder_version=&#8221;4.16&#8243; _module_preset=&#8221;default&#8221; global_colors_info=&#8221;{}&#8221;][et_pb_column type=&#8221;1_4&#8243; _builder_version=&#8221;4.16&#8243; _module_preset=&#8221;default&#8221; background_image=&#8221;https:\/\/vellomonfortarquitectes.com\/wp-content\/uploads\/2020\/11\/01-PROYECTO_OBRANUEVA.jpg&#8221; custom_padding=&#8221;100px||100px||true|false&#8221; link_option_url=&#8221;https:\/\/vellomonfortarquitectes.com\/en\/new-construction-projects\/&#8221; global_colors_info=&#8221;{}&#8221;][et_pb_text admin_label=&#8221;Texto&#8221; _builder_version=&#8221;4.16&#8243; _module_preset=&#8221;default&#8221; text_font=&#8221;|700|||||||&#8221; text_text_color=&#8221;#ffffff&#8221; text_font_size=&#8221;18px&#8221; background_color=&#8221;rgba(0,0,0,0.12)&#8221; background_enable_image=&#8221;off&#8221; custom_margin=&#8221;||||false|false&#8221; custom_padding=&#8221;50px||50px||true|false&#8221; global_colors_info=&#8221;{}&#8221; background__hover_enabled=&#8221;on|hover&#8221; background_color__hover=&#8221;rgba(0,0,0,0.47)&#8221; background_enable_color__hover=&#8221;on&#8221;]<\/p>\n<p style=\"text-align: center;\">NEW CONSTRUCTION PROJECTS<\/p>\n<p>[\/et_pb_text][\/et_pb_column][et_pb_column type=&#8221;1_4&#8243; _builder_version=&#8221;4.16&#8243; _module_preset=&#8221;default&#8221; background_image=&#8221;https:\/\/vellomonfortarquitectes.com\/wp-content\/uploads\/2020\/11\/02_REFORMA.jpg&#8221; custom_padding=&#8221;100px||100px||true|false&#8221; link_option_url=&#8221;https:\/\/vellomonfortarquitectes.com\/en\/reform-projects\/&#8221; global_colors_info=&#8221;{}&#8221;][et_pb_text _builder_version=&#8221;4.16&#8243; _module_preset=&#8221;default&#8221; text_font=&#8221;|700|||||||&#8221; text_text_color=&#8221;#ffffff&#8221; text_font_size=&#8221;18px&#8221; background_color=&#8221;rgba(0,0,0,0.12)&#8221; background_enable_image=&#8221;off&#8221; custom_margin=&#8221;||||false|false&#8221; custom_padding=&#8221;50px||50px||true|false&#8221; background_last_edited=&#8221;off|desktop&#8221; global_colors_info=&#8221;{}&#8221; background__hover_enabled=&#8221;on|hover&#8221; background_color__hover=&#8221;rgba(0,0,0,0.47)&#8221; background_enable_color__hover=&#8221;on&#8221;]<\/p>\n<p style=\"text-align: center;\">REFURBISHMENT PROJECTS<\/p>\n<p>[\/et_pb_text][\/et_pb_column][et_pb_column type=&#8221;1_4&#8243; _builder_version=&#8221;4.16&#8243; _module_preset=&#8221;default&#8221; background_image=&#8221;https:\/\/vellomonfortarquitectes.com\/wp-content\/uploads\/2020\/11\/03_INTERIORES.jpg&#8221; custom_padding=&#8221;100px||100px||true|false&#8221; link_option_url=&#8221;https:\/\/vellomonfortarquitectes.com\/diseno-de-interiores\/&#8221; global_colors_info=&#8221;{}&#8221;][et_pb_text _builder_version=&#8221;4.16&#8243; _module_preset=&#8221;default&#8221; text_font=&#8221;|700|||||||&#8221; text_text_color=&#8221;#ffffff&#8221; text_font_size=&#8221;18px&#8221; background_color=&#8221;rgba(0,0,0,0.12)&#8221; background_enable_image=&#8221;off&#8221; custom_margin=&#8221;||||false|false&#8221; custom_padding=&#8221;50px||50px||true|false&#8221; global_colors_info=&#8221;{}&#8221; background__hover_enabled=&#8221;on|hover&#8221; background_color__hover=&#8221;rgba(0,0,0,0.47)&#8221; background_enable_color__hover=&#8221;on&#8221;]<\/p>\n<p style=\"text-align: center;\">INTERIOR DESIGN<\/p>\n<p>[\/et_pb_text][\/et_pb_column][et_pb_column type=&#8221;1_4&#8243; _builder_version=&#8221;4.16&#8243; _module_preset=&#8221;default&#8221; background_image=&#8221;https:\/\/vellomonfortarquitectes.com\/wp-content\/uploads\/2020\/11\/04_OTROS_SERVICIOS.jpg&#8221; custom_padding=&#8221;100px||100px||true|false&#8221; link_option_url=&#8221;https:\/\/vellomonfortarquitectes.com\/en\/other-service\/&#8221; global_colors_info=&#8221;{}&#8221;][et_pb_text _builder_version=&#8221;4.16&#8243; _module_preset=&#8221;default&#8221; text_font=&#8221;|700|||||||&#8221; text_text_color=&#8221;#ffffff&#8221; text_font_size=&#8221;18px&#8221; background_color=&#8221;rgba(0,0,0,0.12)&#8221; background_enable_image=&#8221;off&#8221; custom_margin=&#8221;||||false|false&#8221; custom_padding=&#8221;50px||50px||true|false&#8221; global_colors_info=&#8221;{}&#8221; content__hover_enabled=&#8221;off|desktop&#8221; background__hover_enabled=&#8221;on|hover&#8221; background_color__hover=&#8221;rgba(0,0,0,0.47)&#8221; background_enable_color__hover=&#8221;on&#8221;]<\/p>\n<p style=\"text-align: center;\">OTHER SERVICES<\/p>\n<p>[\/et_pb_text][\/et_pb_column][\/et_pb_row][et_pb_row column_structure=&#8221;1_2,1_2&#8243; admin_label=&#8221;Fila&#8221; _builder_version=&#8221;4.16&#8243; _module_preset=&#8221;default&#8221; custom_padding=&#8221;3px|||||&#8221; global_colors_info=&#8221;{}&#8221;][et_pb_column type=&#8221;1_2&#8243; _builder_version=&#8221;4.16&#8243; _module_preset=&#8221;default&#8221; global_colors_info=&#8221;{}&#8221;][et_pb_text _builder_version=&#8221;4.18.0&#8243; _module_preset=&#8221;default&#8221; text_orientation=&#8221;justified&#8221; global_colors_info=&#8221;{}&#8221;]<\/p>\n<h2><span>At Vell\u00f3 Monfort Arquitectes, we are an architectural studio in Jal\u00f3n that offers comprehensive advice to our clients.<\/span><\/h2>\n<p>At Vell\u00f3 Monfort Arquitectes, we create wellness spaces in Jal\u00f3n and its surroundings. Our approach is based on a preliminary study and a detailed analysis of each particular situation, in order to offer efficient and functional integral solutions to our clients.<\/p>\n<p>Our team of advisors is at your disposal, providing you with comprehensive advice at every stage of the architectural project. We design and supervise the entire process, from start to finish. You won&#8217;t have to worry about anything, as our architects will take care of your project in Jal\u00f3n, ensuring maximum efficiency and creativity to get the best version of each space.<\/p>\n<p><span style=\"font-size: 16px;\"> <\/span><span style=\"font-size: 16px;\"> <\/span><\/p>\n<p>[\/et_pb_text][\/et_pb_column][et_pb_column type=&#8221;1_2&#8243; _builder_version=&#8221;4.16&#8243; _module_preset=&#8221;default&#8221; global_colors_info=&#8221;{}&#8221;][et_pb_text _builder_version=&#8221;4.18.0&#8243; _module_preset=&#8221;default&#8221; text_orientation=&#8221;justified&#8221; custom_padding=&#8221;||0px|||&#8221; global_colors_info=&#8221;{}&#8221;]<\/p>\n<h2>Looking for an architect in Jal\u00f3n?<\/h2>\n<p>At Vell\u00f3 Monfort Arquitectes, we specialise in the drafting of architectural projects for single-family homes, both new builds and refurbishments, as well as the design of swimming pools. We also carry out larger projects, such as property developments and public buildings, in Jal\u00f3n and throughout the Valencian Community.<\/p>\n<p>In each of our designs, we take into account orientation and solar control to maximise natural light and reduce reliance on artificial lighting. In addition, we implement construction solutions that promote energy efficiency, with the aim of obtaining sustainable and highly efficient buildings.<\/p>\n<p>At <strong>Vell\u00f3 Monfort Arquitectes<\/strong>, we believe in the importance of combining aesthetics and functionality in every project we undertake. We strive to design architectural spaces that reflect your style and suit your needs, while optimising energy consumption and interior comfort.<\/p>\n<p>[\/et_pb_text][\/et_pb_column][\/et_pb_row][et_pb_row column_structure=&#8221;1_3,1_3,1_3&#8243; _builder_version=&#8221;4.16&#8243; _module_preset=&#8221;default&#8221; global_colors_info=&#8221;{}&#8221;][et_pb_column type=&#8221;1_3&#8243; _builder_version=&#8221;4.16&#8243; _module_preset=&#8221;default&#8221; global_colors_info=&#8221;{}&#8221;][et_pb_text admin_label=&#8221;Texto&#8221; _builder_version=&#8221;4.16&#8243; _module_preset=&#8221;default&#8221; link_option_url=&#8221;https:\/\/vellomonfortarquitectes.com\/project\/vivienda-ondara-marina\/&#8221; global_colors_info=&#8221;{}&#8221;]<\/p>\n<h3 style=\"text-align: center;\">Single Family Homes &#8211; Ondara<\/h3>\n<p>[\/et_pb_text][et_pb_image src=&#8221;http:\/\/vellomonfortarquitectes.com\/wp-content\/uploads\/2021\/04\/viviendas-en-altea-min-1.jpg&#8221; alt=&#8221;House Ondara &#8211; architectural works in Denia &#8211; Vell\u00f3 Arquitectos&#8221; title_text=&#8221;houses in altea&#8221; url=&#8221;https:\/\/vellomonfortarquitectes.com\/project\/vivienda-ondara-marina\/&#8221; align=&#8221;center&#8221; _builder_version=&#8221;4.16&#8243; _module_preset=&#8221;default&#8221; width=&#8221;100%&#8221; module_alignment=&#8221;center&#8221; height=&#8221;350px&#8221; global_colors_info=&#8221;{}&#8221;][\/et_pb_image][\/et_pb_column][et_pb_column type=&#8221;1_3&#8243; _builder_version=&#8221;4.16&#8243; _module_preset=&#8221;default&#8221; global_colors_info=&#8221;{}&#8221;][et_pb_text _builder_version=&#8221;4.16&#8243; _module_preset=&#8221;default&#8221; link_option_url=&#8221;https:\/\/vellomonfortarquitectes.com\/project\/vivienda-madrasa-javea\/&#8221; global_colors_info=&#8221;{}&#8221;]<\/p>\n<h3 style=\"text-align: center;\">Single Family Homes &#8211; X\u00e0bia<\/h3>\n<p>[\/et_pb_text][et_pb_image src=&#8221;http:\/\/vellomonfortarquitectes.com\/wp-content\/uploads\/2021\/04\/vivienda-madrasa-arquitectos-altea.jpg&#8221; alt=&#8221;Madrasa housing &#8211; architectural works in Denia &#8211; Vell\u00f3 Arquitectos&#8221; title_text=&#8221;vivienda-madrasa-arquitectos-altea&#8221; url=&#8221;https:\/\/vellomonfortarquitectes.com\/project\/vivienda-madrasa-javea\/&#8221; align=&#8221;center&#8221; _builder_version=&#8221;4.16&#8243; _module_preset=&#8221;default&#8221; width=&#8221;100%&#8221; module_alignment=&#8221;center&#8221; height=&#8221;350px&#8221; global_colors_info=&#8221;{}&#8221;][\/et_pb_image][\/et_pb_column][et_pb_column type=&#8221;1_3&#8243; _builder_version=&#8221;4.16&#8243; _module_preset=&#8221;default&#8221; global_colors_info=&#8221;{}&#8221;][et_pb_text _builder_version=&#8221;4.16&#8243; _module_preset=&#8221;default&#8221; link_option_url=&#8221;https:\/\/vellomonfortarquitectes.com\/project\/vivienda-piles-brisas\/&#8221; global_colors_info=&#8221;{}&#8221;]<\/p>\n<h3 style=\"text-align: center;\">Single-family Houses &#8211; Piles<\/h3>\n<p>[\/et_pb_text][et_pb_image src=&#8221;http:\/\/vellomonfortarquitectes.com\/wp-content\/uploads\/2021\/04\/vivienda-piles-arquitectos-altea-min-1.jpg&#8221; alt=&#8221;House Piles &#8211; Brisas &#8211; architectural works in Denia &#8211; Vell\u00f3 Arquitectos&#8221; title_text=&#8221;vivienda-arquitectos-altea&#8221; url=&#8221;https:\/\/vellomonfortarquitectes.com\/project\/vivienda-piles-brisas\/&#8221; align=&#8221;center&#8221; _builder_version=&#8221;4.16&#8243; _module_preset=&#8221;default&#8221; width=&#8221;100%&#8221; module_alignment=&#8221;center&#8221; height=&#8221;350px&#8221; global_colors_info=&#8221;{}&#8221;][\/et_pb_image][\/et_pb_column][\/et_pb_row][et_pb_row column_structure=&#8221;1_2,1_2&#8243; _builder_version=&#8221;4.16&#8243; _module_preset=&#8221;default&#8221; custom_padding=&#8221;3px|||||&#8221; global_colors_info=&#8221;{}&#8221;][et_pb_column type=&#8221;1_2&#8243; _builder_version=&#8221;4.16&#8243; _module_preset=&#8221;default&#8221; global_colors_info=&#8221;{}&#8221;][et_pb_text admin_label=&#8221;Texto&#8221; _builder_version=&#8221;4.18.0&#8243; _module_preset=&#8221;default&#8221; global_colors_info=&#8221;{}&#8221;]<\/p>\n<h2><span>Customised architecture and construction in Jal\u00f3n<\/span><\/h2>\n<p>[\/et_pb_text][et_pb_text _builder_version=&#8221;4.18.0&#8243; _module_preset=&#8221;default&#8221; text_orientation=&#8221;justified&#8221; custom_padding=&#8221;0px||0px|||&#8221; global_colors_info=&#8221;{}&#8221;]<\/p>\n<p>At Vell\u00f3 Monfort Arquitectes, our architectural studio specialises in offering comprehensive services ranging from interior design and decoration to the construction of new buildings and complete refurbishments. We pride ourselves on paying meticulous attention to every detail to suit each client&#8217;s style and personality.<\/p>\n<p>We work in Jal\u00f3n and serve both private clients as well as developers and public entities, ensuring the proper execution of each project. Our aim is to optimise budgets without compromising quality and to meet deadlines.<\/p>\n<p>[\/et_pb_text][\/et_pb_column][et_pb_column type=&#8221;1_2&#8243; _builder_version=&#8221;4.16&#8243; _module_preset=&#8221;default&#8221; global_colors_info=&#8221;{}&#8221;][et_pb_text admin_label=&#8221;Texto&#8221; _builder_version=&#8221;4.16&#8243; _module_preset=&#8221;default&#8221; global_colors_info=&#8221;{}&#8221;][\/et_pb_text][et_pb_text _builder_version=&#8221;4.16&#8243; _module_preset=&#8221;default&#8221; text_orientation=&#8221;justified&#8221; custom_padding=&#8221;||0px|||&#8221; global_colors_info=&#8221;{}&#8221;]<\/p>\n<p>In our architectural office, we have extensive experience in various types of construction, such as single-family homes, public buildings, residential complexes, residential buildings and offices. Our team of highly trained and specialised architects is dedicated to providing architectural solutions that meet the highest standards of quality and design. <\/p>\n<p>We are committed to working closely with each client, listening to their needs and desires, to create exceptional and functional architectural spaces. Our approach is based on personalised attention and delivering results that exceed expectations.<\/p>\n<p>[\/et_pb_text][\/et_pb_column][\/et_pb_row][\/et_pb_section][et_pb_section fb_built=&#8221;1&#8243; _builder_version=&#8221;4.16&#8243; _module_preset=&#8221;default&#8221; custom_padding=&#8221;10px||10px||true|false&#8221; global_colors_info=&#8221;{}&#8221;][et_pb_row column_structure=&#8221;1_2,1_2&#8243; _builder_version=&#8221;4.16&#8243; _module_preset=&#8221;default&#8221; global_colors_info=&#8221;{}&#8221;][et_pb_column type=&#8221;1_2&#8243; _builder_version=&#8221;4.16&#8243; _module_preset=&#8221;default&#8221; global_colors_info=&#8221;{}&#8221;][et_pb_image src=&#8221;http:\/\/vellomonfortarquitectes.com\/wp-content\/uploads\/2021\/04\/joseantonio-arquitecto-en-altea-min-1.jpg&#8221; title_text=&#8221;joseantonio-arquitecto en altea&#8221; align=&#8221;right&#8221; _builder_version=&#8221;4.16&#8243; _module_preset=&#8221;default&#8221; width=&#8221;73%&#8221; module_alignment=&#8221;center&#8221; global_colors_info=&#8221;{}&#8221;][\/et_pb_image][\/et_pb_column][et_pb_column type=&#8221;1_2&#8243; _builder_version=&#8221;4.16&#8243; _module_preset=&#8221;default&#8221; global_colors_info=&#8221;{}&#8221;][et_pb_image src=&#8221;http:\/\/vellomonfortarquitectes.com\/wp-content\/uploads\/2021\/04\/maria_rosa-arquitecta-en-altea-min-1.jpg&#8221; alt=&#8221;architect in altea&#8221; title_text=&#8221;maria_rosa-arquitecta en altea-min (1)&#8221; _builder_version=&#8221;4.16&#8243; _module_preset=&#8221;default&#8221; width=&#8221;70%&#8221; module_alignment=&#8221;center&#8221; global_colors_info=&#8221;{}&#8221;][\/et_pb_image][\/et_pb_column][\/et_pb_row][\/et_pb_section][et_pb_section fb_built=&#8221;1&#8243; _builder_version=&#8221;4.18.0&#8243; _module_preset=&#8221;default&#8221; global_colors_info=&#8221;{}&#8221;][et_pb_row _builder_version=&#8221;4.18.0&#8243; _module_preset=&#8221;default&#8221; global_colors_info=&#8221;{}&#8221;][et_pb_column type=&#8221;4_4&#8243; _builder_version=&#8221;4.18.0&#8243; _module_preset=&#8221;default&#8221; global_colors_info=&#8221;{}&#8221;][et_pb_text _builder_version=&#8221;4.18.0&#8243; _module_preset=&#8221;default&#8221; global_colors_info=&#8221;{}&#8221;]<\/p>\n<h2><span>Architects in cities near Jal\u00f3n<\/span><\/h2>\n<p>[\/et_pb_text][\/et_pb_column][\/et_pb_row][et_pb_row column_structure=&#8221;1_5,1_5,1_5,1_5,1_5&#8243; _builder_version=&#8221;4.18.0&#8243; _module_preset=&#8221;default&#8221; global_colors_info=&#8221;{}&#8221;][et_pb_column type=&#8221;1_5&#8243; _builder_version=&#8221;4.18.0&#8243; _module_preset=&#8221;default&#8221; global_colors_info=&#8221;{}&#8221;][et_pb_image src=&#8221;http:\/\/vellomonfortarquitectes.com\/wp-content\/uploads\/2023\/04\/benidorm.png&#8221; alt=&#8221;benidorm&#8221; title_text=&#8221;benidorm&#8221; url=&#8221;https:\/\/vellomonfortarquitectes.com\/en\/architects-alicante\/architects-benidorm\/&#8221; _builder_version=&#8221;4.18.0&#8243; _module_preset=&#8221;default&#8221; global_colors_info=&#8221;{}&#8221;][\/et_pb_image][et_pb_text _builder_version=&#8221;4.18.0&#8243; _module_preset=&#8221;default&#8221; global_colors_info=&#8221;{}&#8221;]<\/p>\n<h3 style=\"text-align: center;\">Benidorm<\/h3>\n<p>[\/et_pb_text][\/et_pb_column][et_pb_column type=&#8221;1_5&#8243; _builder_version=&#8221;4.18.0&#8243; _module_preset=&#8221;default&#8221; global_colors_info=&#8221;{}&#8221;][et_pb_image src=&#8221;http:\/\/vellomonfortarquitectes.com\/wp-content\/uploads\/2023\/04\/benissa.png&#8221; alt=&#8221;benissa&#8221; title_text=&#8221;benissa&#8221; url=&#8221;https:\/\/vellomonfortarquitectes.com\/en\/architects-benisa\/&#8221; _builder_version=&#8221;4.25.2&#8243; _module_preset=&#8221;default&#8221; global_colors_info=&#8221;{}&#8221;][\/et_pb_image][et_pb_text _builder_version=&#8221;4.18.0&#8243; _module_preset=&#8221;default&#8221; global_colors_info=&#8221;{}&#8221;]<\/p>\n<h3 style=\"text-align: center;\">Benissa<\/h3>\n<p>[\/et_pb_text][\/et_pb_column][et_pb_column type=&#8221;1_5&#8243; _builder_version=&#8221;4.18.0&#8243; _module_preset=&#8221;default&#8221; global_colors_info=&#8221;{}&#8221;][et_pb_image src=&#8221;http:\/\/vellomonfortarquitectes.com\/wp-content\/uploads\/2023\/04\/calpe.png&#8221; alt=&#8221;calpe&#8221; title_text=&#8221;calpe&#8221; url=&#8221;https:\/\/vellomonfortarquitectes.com\/en\/architects-calpe\/&#8221; _builder_version=&#8221;4.25.2&#8243; _module_preset=&#8221;default&#8221; global_colors_info=&#8221;{}&#8221;][\/et_pb_image][et_pb_text _builder_version=&#8221;4.18.0&#8243; _module_preset=&#8221;default&#8221; global_colors_info=&#8221;{}&#8221;]<\/p>\n<h3 style=\"text-align: center;\">Calpe<\/h3>\n<p>[\/et_pb_text][\/et_pb_column][et_pb_column type=&#8221;1_5&#8243; _builder_version=&#8221;4.18.0&#8243; _module_preset=&#8221;default&#8221; global_colors_info=&#8221;{}&#8221;][et_pb_image src=&#8221;http:\/\/vellomonfortarquitectes.com\/wp-content\/uploads\/2023\/04\/denia.png&#8221; alt=&#8221;denia&#8221; title_text=&#8221;denia&#8221; url=&#8221;https:\/\/vellomonfortarquitectes.com\/en\/architects-denia\/&#8221; _builder_version=&#8221;4.25.2&#8243; _module_preset=&#8221;default&#8221; global_colors_info=&#8221;{}&#8221;][\/et_pb_image][et_pb_text _builder_version=&#8221;4.18.0&#8243; _module_preset=&#8221;default&#8221; global_colors_info=&#8221;{}&#8221;]<\/p>\n<h3 style=\"text-align: center;\">Denia<\/h3>\n<p>[\/et_pb_text][\/et_pb_column][et_pb_column type=&#8221;1_5&#8243; _builder_version=&#8221;4.18.0&#8243; _module_preset=&#8221;default&#8221; global_colors_info=&#8221;{}&#8221;][et_pb_image src=&#8221;http:\/\/vellomonfortarquitectes.com\/wp-content\/uploads\/2023\/04\/javea.png&#8221; alt=&#8221;javea&#8221; title_text=&#8221;javea&#8221; url=&#8221;https:\/\/vellomonfortarquitectes.com\/en\/architects-javea\/&#8221; _builder_version=&#8221;4.25.2&#8243; _module_preset=&#8221;default&#8221; global_colors_info=&#8221;{}&#8221;][\/et_pb_image][et_pb_text _builder_version=&#8221;4.18.0&#8243; _module_preset=&#8221;default&#8221; global_colors_info=&#8221;{}&#8221;]<\/p>\n<h3 style=\"text-align: center;\">Javea<\/h3>\n<p>[\/et_pb_text][\/et_pb_column][\/et_pb_row][et_pb_row column_structure=&#8221;1_4,1_4,1_4,1_4&#8243; _builder_version=&#8221;4.18.0&#8243; _module_preset=&#8221;default&#8221; global_colors_info=&#8221;{}&#8221;][et_pb_column type=&#8221;1_4&#8243; _builder_version=&#8221;4.18.0&#8243; _module_preset=&#8221;default&#8221; global_colors_info=&#8221;{}&#8221;][et_pb_image src=&#8221;http:\/\/vellomonfortarquitectes.com\/wp-content\/uploads\/2023\/04\/moraira.png&#8221; alt=&#8221;moraira&#8221; title_text=&#8221;moraira&#8221; url=&#8221;https:\/\/vellomonfortarquitectes.com\/en\/architects-moraira\/&#8221; _builder_version=&#8221;4.25.2&#8243; _module_preset=&#8221;default&#8221; global_colors_info=&#8221;{}&#8221;][\/et_pb_image][et_pb_text _builder_version=&#8221;4.18.0&#8243; _module_preset=&#8221;default&#8221; global_colors_info=&#8221;{}&#8221;]<\/p>\n<h3 style=\"text-align: center;\">Moraira<\/h3>\n<p>[\/et_pb_text][\/et_pb_column][et_pb_column type=&#8221;1_4&#8243; _builder_version=&#8221;4.18.0&#8243; _module_preset=&#8221;default&#8221; global_colors_info=&#8221;{}&#8221;][et_pb_image src=&#8221;http:\/\/vellomonfortarquitectes.com\/wp-content\/uploads\/2023\/04\/ondara.png&#8221; alt=&#8221;ondara&#8221; title_text=&#8221;ondara&#8221; url=&#8221;https:\/\/vellomonfortarquitectes.com\/en\/architects-ondara\/&#8221; _builder_version=&#8221;4.25.2&#8243; _module_preset=&#8221;default&#8221; global_colors_info=&#8221;{}&#8221;][\/et_pb_image][et_pb_text _builder_version=&#8221;4.18.0&#8243; _module_preset=&#8221;default&#8221; global_colors_info=&#8221;{}&#8221;]<\/p>\n<h3 style=\"text-align: center;\">Ondara<\/h3>\n<p>[\/et_pb_text][\/et_pb_column][et_pb_column type=&#8221;1_4&#8243; _builder_version=&#8221;4.18.0&#8243; _module_preset=&#8221;default&#8221; global_colors_info=&#8221;{}&#8221;][et_pb_image src=&#8221;http:\/\/vellomonfortarquitectes.com\/wp-content\/uploads\/2023\/04\/teulada.png&#8221; alt=&#8221;teulada&#8221; title_text=&#8221;teulada&#8221; url=&#8221;https:\/\/vellomonfortarquitectes.com\/en\/architects-teulada\/&#8221; _builder_version=&#8221;4.25.2&#8243; _module_preset=&#8221;default&#8221; global_colors_info=&#8221;{}&#8221;][\/et_pb_image][et_pb_text _builder_version=&#8221;4.18.0&#8243; _module_preset=&#8221;default&#8221; global_colors_info=&#8221;{}&#8221;]<\/p>\n<h3 style=\"text-align: center;\">Teulada<\/h3>\n<p>[\/et_pb_text][\/et_pb_column][et_pb_column type=&#8221;1_4&#8243; _builder_version=&#8221;4.18.0&#8243; _module_preset=&#8221;default&#8221; global_colors_info=&#8221;{}&#8221;][et_pb_image src=&#8221;http:\/\/vellomonfortarquitectes.com\/wp-content\/uploads\/2023\/06\/lliber.png&#8221; alt=&#8221;lliber&#8221; title_text=&#8221;lliber&#8221; url=&#8221;https:\/\/vellomonfortarquitectes.com\/en\/architects-alicante\/lliber-architects\/&#8221; _builder_version=&#8221;4.25.2&#8243; _module_preset=&#8221;default&#8221; global_colors_info=&#8221;{}&#8221;][\/et_pb_image][et_pb_text _builder_version=&#8221;4.18.0&#8243; _module_preset=&#8221;default&#8221; global_colors_info=&#8221;{}&#8221;]<\/p>\n<h3 style=\"text-align: center;\">Lliber<\/h3>\n<p>[\/et_pb_text][\/et_pb_column][\/et_pb_row][\/et_pb_section][et_pb_section fb_built=&#8221;1&#8243; fullwidth=&#8221;on&#8221; _builder_version=&#8221;4.16&#8243; _module_preset=&#8221;default&#8221; global_colors_info=&#8221;{}&#8221;][et_pb_fullwidth_code admin_label=&#8221;C\u00f3digo de anchura completa&#8221; _builder_version=&#8221;4.18.0&#8243; _module_preset=&#8221;default&#8221; link_option_url_new_window=&#8221;on&#8221; global_colors_info=&#8221;{}&#8221;]<iframe src=\"https:\/\/www.google.com\/maps\/embed?pb=!1m18!1m12!1m3!1d3112.0052042415855!2d-0.010541849999999998!3d38.740642799999996!2m3!1f0!2f0!3f0!3m2!1i1024!2i768!4f13.1!3m3!1m2!1s0xd61fde3156ecb6b%3A0x6ea7a40936111667!2s03727%20Jal%C3%B3n%2C%20Alicante!5e0!3m2!1ses!2ses!4v1686562469602!5m2!1ses!2ses\" width=\"100%\" height=\"450\" style=\"border:0;\" allowfullscreen=\"\" loading=\"lazy\" referrerpolicy=\"no-referrer-when-downgrade\"><\/iframe>[\/et_pb_fullwidth_code][\/et_pb_section][et_pb_section fb_built=&#8221;1&#8243; _builder_version=&#8221;4.16&#8243; _module_preset=&#8221;default&#8221; background_color=&#8221;#6f6f6f&#8221; custom_padding=&#8221;10px||10px||true|false&#8221; saved_tabs=&#8221;all&#8221; collapsed=&#8221;off&#8221; global_colors_info=&#8221;{}&#8221;][et_pb_row column_structure=&#8221;1_4,1_4,1_4,1_4&#8243; _builder_version=&#8221;4.18.0&#8243; _module_preset=&#8221;default&#8221; custom_padding=&#8221;10px||10px||true|false&#8221; global_colors_info=&#8221;{}&#8221;][et_pb_column type=&#8221;1_4&#8243; _builder_version=&#8221;4.18.0&#8243; _module_preset=&#8221;default&#8221; global_colors_info=&#8221;{}&#8221;][et_pb_text admin_label=&#8221;Texto&#8221; _builder_version=&#8221;4.18.0&#8243; _module_preset=&#8221;default&#8221; text_text_color=&#8221;#FFFFFF&#8221; text_font_size=&#8221;10px&#8221; link_text_color=&#8221;#FFFFFF&#8221; link_option_url_new_window=&#8221;on&#8221; global_colors_info=&#8221;{}&#8221;]<\/p>\n<h3><span style=\"color: #ffffff;\">Architects Gand\u00eda Vell\u00f3 Monfort<\/span><\/h3>\n<ul>\n<li style=\"font-size: 14px;\"><a href=\"https:\/\/vellomonfortarquitectes.com\/en\/\">Architects Gand\u00eda<\/a><\/li>\n<li style=\"font-size: 14px;\"><a href=\"https:\/\/vellomonfortarquitectes.com\/arquitectos-denia\/\">Architects Denia<\/a><\/li>\n<li style=\"font-size: 14px;\"><a href=\"https:\/\/vellomonfortarquitectes.com\/arquitectos-javea\/\">Architects J\u00e1vea<\/a><\/li>\n<li style=\"font-size: 14px;\">Architects Teulada-Moraira<\/li>\n<li style=\"font-size: 14px;\"><a href=\"https:\/\/vellomonfortarquitectes.com\/en\/architects-alicante\/architects-altea\/\">Architects Altea<\/a><\/li>\n<\/ul>\n<p>&nbsp;[\/et_pb_text][\/et_pb_column][et_pb_column type=&#8221;1_4&#8243; _builder_version=&#8221;4.16&#8243; _module_preset=&#8221;default&#8221; global_colors_info=&#8221;{}&#8221;][et_pb_text admin_label=&#8221;Texto&#8221; _builder_version=&#8221;4.18.0&#8243; _module_preset=&#8221;default&#8221; text_text_color=&#8221;#ffffff&#8221; text_font_size=&#8221;10px&#8221; text_orientation=&#8221;center&#8221; custom_margin=&#8221;||0px||false|false&#8221; global_colors_info=&#8221;{}&#8221;]<\/p>\n<h3 style=\"text-align: center;\"><span style=\"color: #ffffff;\">Architectural services<\/span><\/h3>\n<p style=\"text-align: center; font-size: 16px; line-height: 0.7;\"><span style=\"color: #ffffff;\"><a style=\"color: #ffffff;\" href=\"https:\/\/vellomonfortarquitectes.com\/en\/new-construction-projects\/\">New building projects<\/a><\/span><\/p>\n<p style=\"text-align: center; font-size: 16px; line-height: 0.7;\"><span style=\"color: #ffffff;\"><a style=\"color: #ffffff;\" href=\"https:\/\/vellomonfortarquitectes.com\/en\/reform-projects\/\">Reform projects<\/a><\/span><\/p>\n<p style=\"text-align: center; font-size: 16px; line-height: 0.7;\"><span style=\"color: #ffffff;\"><a style=\"color: #ffffff;\" href=\"https:\/\/vellomonfortarquitectes.com\/diseno-de-interiores\/\">Interior design<\/a><\/span><\/p>\n<p style=\"text-align: center; font-size: 16px; line-height: 0.7;\"><span style=\"color: #ffffff;\"><a style=\"color: #ffffff;\" href=\"https:\/\/vellomonfortarquitectes.com\/en\/structural-calculation\/\">Structural calculations<\/a><\/span><\/p>\n<p style=\"text-align: center; font-size: 16px; line-height: 0.7;\"><span style=\"color: #ffffff;\"><a style=\"color: #ffffff;\" href=\"https:\/\/vellomonfortarquitectes.com\/en\/other-service\/\">Other services<\/a><\/span><\/p>\n<p style=\"text-align: center;\">[\/et_pb_text][\/et_pb_column][et_pb_column type=&#8221;1_4&#8243; _builder_version=&#8221;4.16&#8243; _module_preset=&#8221;default&#8221; global_colors_info=&#8221;{}&#8221;][et_pb_text admin_label=&#8221;Texto&#8221; _builder_version=&#8221;4.18.0&#8243; _module_preset=&#8221;default&#8221; text_text_color=&#8221;#FFFFFF&#8221; text_font_size=&#8221;10px&#8221; link_text_color=&#8221;#FFFFFF&#8221; link_option_url_new_window=&#8221;on&#8221; global_colors_info=&#8221;{}&#8221;]<\/p>\n<h3><span style=\"color: #ffffff;\">Certificates of habitability<\/span><\/h3>\n<ul>\n<li style=\"font-size: 14px;\"><a href=\"https:\/\/vellomonfortarquitectes.com\/certificados-habitabilidad-segunda-ocupacion\/\">Certificates of habitability in Gand\u00eda<\/a><\/li>\n<li style=\"font-size: 14px;\"><a href=\"https:\/\/vellomonfortarquitectes.com\/certificados-de-habitabilidad-para-segunda-ocupacion-denia\/\">Certificates of habitability in Denia<\/a><\/li>\n<li style=\"font-size: 14px;\"><a href=\"https:\/\/vellomonfortarquitectes.com\/certificados-de-habitabilidad-para-segunda-ocupacion-javea\/\">Certificates of habitability in J\u00e1vea<\/a><\/li>\n<li style=\"font-size: 14px;\"><a href=\"https:\/\/vellomonfortarquitectes.com\/certificados-de-habitabilidad-para-segunda-ocupacion-teulada-moraira\/\">Certificates of habitability in Teulada-Moraira<\/a><\/li>\n<li style=\"font-size: 14px;\"><a href=\"https:\/\/vellomonfortarquitectes.com\/certificados-de-habitabilidad-para-segunda-ocupacion-benissa\/\">Certificates of habitability in Benissa<\/a><\/li>\n<li style=\"font-size: 14px;\"><a href=\"https:\/\/vellomonfortarquitectes.com\/certificados-de-habitabilidad-para-segunda-ocupacion-calp\/\">Certificates of habitability in Calp<\/a><\/li>\n<li style=\"font-size: 14px;\"><a href=\"https:\/\/vellomonfortarquitectes.com\/certificados-de-habitabilidad-para-segunda-ocupacion-en-altea\/\">Certificates of habitability in Altea<\/a><\/li>\n<\/ul>\n<p>&nbsp;<\/p>\n<p>[\/et_pb_text][et_pb_text _builder_version=&#8221;4.18.0&#8243; _module_preset=&#8221;default&#8221; global_colors_info=&#8221;{}&#8221;]<\/p>\n<p>Your content goes here. Edit or remove this text inline or in the module Content settings. You can also style every aspect of this content in the module Design settings and even apply custom CSS to this text in the module Advanced settings.<\/p>\n<p>[\/et_pb_text][et_pb_text _builder_version=&#8221;4.18.0&#8243; _module_preset=&#8221;default&#8221; global_colors_info=&#8221;{}&#8221;]<\/p>\n<p>Your content goes here. Edit or remove this text inline or in the module Content settings. You can also style every aspect of this content in the module Design settings and even apply custom CSS to this text in the module Advanced settings.<\/p>\n<p>[\/et_pb_text][\/et_pb_column][et_pb_column type=&#8221;1_4&#8243; _builder_version=&#8221;4.16&#8243; _module_preset=&#8221;default&#8221; global_colors_info=&#8221;{}&#8221;][et_pb_text admin_label=&#8221;Texto&#8221; _builder_version=&#8221;4.18.0&#8243; _module_preset=&#8221;default&#8221; text_text_color=&#8221;#ffffff&#8221; link_text_color=&#8221;#FFFFFF&#8221; global_colors_info=&#8221;{}&#8221;]<\/p>\n<h3 style=\"text-align: center;\"><span style=\"color: #ffffff;\">Contact us<\/span><\/h3>\n<p style=\"text-align: center;\"><a href=\"mailto:info@vellomonfortarquitectes.com\">info@vellomonfortarquitectes.com<\/a><\/p>\n<p style=\"text-align: center;\"><a style=\"text-align: center; color: #fffff;\" href=\"tel:600397039\">600 39 70 39<\/a><\/p>\n<p style=\"text-align: center;\">Carrer Vallier, 2 4\u00baB 46702 Gand\u00eda &#8211; Valencia<\/p>\n<p>&nbsp;<\/p>\n<p>[\/et_pb_text][et_pb_code _builder_version=&#8221;4.16&#8243; _module_preset=&#8221;default&#8221; global_colors_info=&#8221;{}&#8221;]<span><a href=\"https:\/\/www.facebook.com\/Vello-Monfort-Arquitectes-576144702560859\"><i style=\"color:white;padding-right:10px;\" class=\"fab fa-facebook-f fa-2x\"><\/i><\/a> <a href=\"https:\/\/www.instagram.com\/vellomonfortarquitectes\/\"><i style=\"color:white;padding-right:10px;\" class=\"fab fa-instagram fa-2x\"><\/i><\/a> <a href=\"https:\/\/www.linkedin.com\/company\/vell%C3%B3monfortarquitectes\/\"><i style=\"color:white;padding-right:10px;\" class=\"fa-2x fab fa-linkedin-in\"><\/i><\/a><\/span>[\/et_pb_code][\/et_pb_column][\/et_pb_row][\/et_pb_section]<\/p>\n","protected":false},"excerpt":{"rendered":"<p>ARCHITECTS IN JALONArchitectural works in Jal\u00f3n -Vell\u00f3 Monfort Arquitectos If you are looking for architectural services in Jal\u00f3n, you have come to the right place. At Vell\u00f3 Monfort Arquitectes, we have a team of highly qualified architects with solid experience in creating exceptional spaces that will improve your quality of life and adapt to your [&hellip;]<\/p>\n","protected":false},"author":5,"featured_media":12522,"parent":12939,"menu_order":0,"comment_status":"closed","ping_status":"closed","template":"","meta":{"_et_pb_use_builder":"on","_et_pb_old_content":"","_et_gb_content_width":"","footnotes":""},"class_list":["post-12948","page","type-page","status-publish","has-post-thumbnail","hentry"],"yoast_head":"<!-- This site is optimized with the Yoast SEO plugin v27.4 - https:\/\/yoast.com\/product\/yoast-seo-wordpress\/ -->\n<title>\u25b7 Architects Jal\u00f3n | Professional Architects in Jal\u00f3n<\/title>\n<meta name=\"description\" content=\"Architects Jal\u00f3n specialising in single-family home projects \u2705 A team of architects in Jal\u00f3n offering the best architectural service.\" \/>\n<meta name=\"robots\" content=\"index, follow, max-snippet:-1, max-image-preview:large, max-video-preview:-1\" \/>\n<link rel=\"canonical\" href=\"https:\/\/vellomonfortarquitectes.com\/en\/architects-alicante\/architects-jalon\/\" \/>\n<meta property=\"og:locale\" content=\"en_US\" \/>\n<meta property=\"og:type\" content=\"article\" \/>\n<meta property=\"og:title\" content=\"\u25b7 Architects Jal\u00f3n | Professional Architects in Jal\u00f3n\" \/>\n<meta property=\"og:description\" content=\"Architects Jal\u00f3n specialising in single-family home projects \u2705 A team of architects in Jal\u00f3n offering the best architectural service.\" \/>\n<meta property=\"og:url\" content=\"https:\/\/vellomonfortarquitectes.com\/en\/architects-alicante\/architects-jalon\/\" \/>\n<meta property=\"og:site_name\" content=\"Vello Arquitectura\" \/>\n<meta property=\"article:modified_time\" content=\"2026-03-04T11:05:31+00:00\" \/>\n<meta property=\"og:image\" content=\"https:\/\/vellomonfortarquitectes.com\/wp-content\/uploads\/2021\/04\/vivienda-madrasa-arquitectos-altea.jpg\" \/>\n\t<meta property=\"og:image:width\" content=\"500\" \/>\n\t<meta property=\"og:image:height\" content=\"500\" \/>\n\t<meta property=\"og:image:type\" content=\"image\/jpeg\" \/>\n<meta name=\"twitter:card\" content=\"summary_large_image\" \/>\n<meta name=\"twitter:label1\" content=\"Est. reading time\" \/>\n\t<meta name=\"twitter:data1\" content=\"8 minutes\" \/>\n<script type=\"application\/ld+json\" class=\"yoast-schema-graph\">{\"@context\":\"https:\\\/\\\/schema.org\",\"@graph\":[{\"@type\":\"WebPage\",\"@id\":\"https:\\\/\\\/vellomonfortarquitectes.com\\\/en\\\/architects-alicante\\\/architects-jalon\\\/\",\"url\":\"https:\\\/\\\/vellomonfortarquitectes.com\\\/en\\\/architects-alicante\\\/architects-jalon\\\/\",\"name\":\"\u25b7 Architects Jal\u00f3n | Professional Architects in Jal\u00f3n\",\"isPartOf\":{\"@id\":\"https:\\\/\\\/vellomonfortarquitectes.com\\\/en\\\/#website\"},\"primaryImageOfPage\":{\"@id\":\"https:\\\/\\\/vellomonfortarquitectes.com\\\/en\\\/architects-alicante\\\/architects-jalon\\\/#primaryimage\"},\"image\":{\"@id\":\"https:\\\/\\\/vellomonfortarquitectes.com\\\/en\\\/architects-alicante\\\/architects-jalon\\\/#primaryimage\"},\"thumbnailUrl\":\"https:\\\/\\\/vellomonfortarquitectes.com\\\/wp-content\\\/uploads\\\/2021\\\/04\\\/vivienda-madrasa-arquitectos-altea.jpg\",\"datePublished\":\"2023-06-12T09:13:59+00:00\",\"dateModified\":\"2026-03-04T11:05:31+00:00\",\"description\":\"Architects Jal\u00f3n specialising in single-family home projects \u2705 A team of architects in Jal\u00f3n offering the best architectural service.\",\"breadcrumb\":{\"@id\":\"https:\\\/\\\/vellomonfortarquitectes.com\\\/en\\\/architects-alicante\\\/architects-jalon\\\/#breadcrumb\"},\"inLanguage\":\"en-US\",\"potentialAction\":[{\"@type\":\"ReadAction\",\"target\":[\"https:\\\/\\\/vellomonfortarquitectes.com\\\/en\\\/architects-alicante\\\/architects-jalon\\\/\"]}]},{\"@type\":\"ImageObject\",\"inLanguage\":\"en-US\",\"@id\":\"https:\\\/\\\/vellomonfortarquitectes.com\\\/en\\\/architects-alicante\\\/architects-jalon\\\/#primaryimage\",\"url\":\"https:\\\/\\\/vellomonfortarquitectes.com\\\/wp-content\\\/uploads\\\/2021\\\/04\\\/vivienda-madrasa-arquitectos-altea.jpg\",\"contentUrl\":\"https:\\\/\\\/vellomonfortarquitectes.com\\\/wp-content\\\/uploads\\\/2021\\\/04\\\/vivienda-madrasa-arquitectos-altea.jpg\",\"width\":500,\"height\":500},{\"@type\":\"BreadcrumbList\",\"@id\":\"https:\\\/\\\/vellomonfortarquitectes.com\\\/en\\\/architects-alicante\\\/architects-jalon\\\/#breadcrumb\",\"itemListElement\":[{\"@type\":\"ListItem\",\"position\":1,\"name\":\"Portada\",\"item\":\"https:\\\/\\\/vellomonfortarquitectes.com\\\/en\\\/\"},{\"@type\":\"ListItem\",\"position\":2,\"name\":\"Architects Alicante\",\"item\":\"https:\\\/\\\/vellomonfortarquitectes.com\\\/en\\\/architects-alicante\\\/\"},{\"@type\":\"ListItem\",\"position\":3,\"name\":\"Architects Jal\u00f3n\"}]},{\"@type\":\"WebSite\",\"@id\":\"https:\\\/\\\/vellomonfortarquitectes.com\\\/en\\\/#website\",\"url\":\"https:\\\/\\\/vellomonfortarquitectes.com\\\/en\\\/\",\"name\":\"Vello Arquitectura\",\"description\":\"\",\"potentialAction\":[{\"@type\":\"SearchAction\",\"target\":{\"@type\":\"EntryPoint\",\"urlTemplate\":\"https:\\\/\\\/vellomonfortarquitectes.com\\\/en\\\/?s={search_term_string}\"},\"query-input\":{\"@type\":\"PropertyValueSpecification\",\"valueRequired\":true,\"valueName\":\"search_term_string\"}}],\"inLanguage\":\"en-US\"}]}<\/script>\n<!-- \/ Yoast SEO plugin. -->","yoast_head_json":{"title":"\u25b7 Architects Jal\u00f3n | Professional Architects in Jal\u00f3n","description":"Architects Jal\u00f3n specialising in single-family home projects \u2705 A team of architects in Jal\u00f3n offering the best architectural service.","robots":{"index":"index","follow":"follow","max-snippet":"max-snippet:-1","max-image-preview":"max-image-preview:large","max-video-preview":"max-video-preview:-1"},"canonical":"https:\/\/vellomonfortarquitectes.com\/en\/architects-alicante\/architects-jalon\/","og_locale":"en_US","og_type":"article","og_title":"\u25b7 Architects Jal\u00f3n | Professional Architects in Jal\u00f3n","og_description":"Architects Jal\u00f3n specialising in single-family home projects \u2705 A team of architects in Jal\u00f3n offering the best architectural service.","og_url":"https:\/\/vellomonfortarquitectes.com\/en\/architects-alicante\/architects-jalon\/","og_site_name":"Vello Arquitectura","article_modified_time":"2026-03-04T11:05:31+00:00","og_image":[{"width":500,"height":500,"url":"https:\/\/vellomonfortarquitectes.com\/wp-content\/uploads\/2021\/04\/vivienda-madrasa-arquitectos-altea.jpg","type":"image\/jpeg"}],"twitter_card":"summary_large_image","twitter_misc":{"Est. reading time":"8 minutes"},"schema":{"@context":"https:\/\/schema.org","@graph":[{"@type":"WebPage","@id":"https:\/\/vellomonfortarquitectes.com\/en\/architects-alicante\/architects-jalon\/","url":"https:\/\/vellomonfortarquitectes.com\/en\/architects-alicante\/architects-jalon\/","name":"\u25b7 Architects Jal\u00f3n | Professional Architects in Jal\u00f3n","isPartOf":{"@id":"https:\/\/vellomonfortarquitectes.com\/en\/#website"},"primaryImageOfPage":{"@id":"https:\/\/vellomonfortarquitectes.com\/en\/architects-alicante\/architects-jalon\/#primaryimage"},"image":{"@id":"https:\/\/vellomonfortarquitectes.com\/en\/architects-alicante\/architects-jalon\/#primaryimage"},"thumbnailUrl":"https:\/\/vellomonfortarquitectes.com\/wp-content\/uploads\/2021\/04\/vivienda-madrasa-arquitectos-altea.jpg","datePublished":"2023-06-12T09:13:59+00:00","dateModified":"2026-03-04T11:05:31+00:00","description":"Architects Jal\u00f3n specialising in single-family home projects \u2705 A team of architects in Jal\u00f3n offering the best architectural service.","breadcrumb":{"@id":"https:\/\/vellomonfortarquitectes.com\/en\/architects-alicante\/architects-jalon\/#breadcrumb"},"inLanguage":"en-US","potentialAction":[{"@type":"ReadAction","target":["https:\/\/vellomonfortarquitectes.com\/en\/architects-alicante\/architects-jalon\/"]}]},{"@type":"ImageObject","inLanguage":"en-US","@id":"https:\/\/vellomonfortarquitectes.com\/en\/architects-alicante\/architects-jalon\/#primaryimage","url":"https:\/\/vellomonfortarquitectes.com\/wp-content\/uploads\/2021\/04\/vivienda-madrasa-arquitectos-altea.jpg","contentUrl":"https:\/\/vellomonfortarquitectes.com\/wp-content\/uploads\/2021\/04\/vivienda-madrasa-arquitectos-altea.jpg","width":500,"height":500},{"@type":"BreadcrumbList","@id":"https:\/\/vellomonfortarquitectes.com\/en\/architects-alicante\/architects-jalon\/#breadcrumb","itemListElement":[{"@type":"ListItem","position":1,"name":"Portada","item":"https:\/\/vellomonfortarquitectes.com\/en\/"},{"@type":"ListItem","position":2,"name":"Architects Alicante","item":"https:\/\/vellomonfortarquitectes.com\/en\/architects-alicante\/"},{"@type":"ListItem","position":3,"name":"Architects Jal\u00f3n"}]},{"@type":"WebSite","@id":"https:\/\/vellomonfortarquitectes.com\/en\/#website","url":"https:\/\/vellomonfortarquitectes.com\/en\/","name":"Vello Arquitectura","description":"","potentialAction":[{"@type":"SearchAction","target":{"@type":"EntryPoint","urlTemplate":"https:\/\/vellomonfortarquitectes.com\/en\/?s={search_term_string}"},"query-input":{"@type":"PropertyValueSpecification","valueRequired":true,"valueName":"search_term_string"}}],"inLanguage":"en-US"}]}},"_links":{"self":[{"href":"https:\/\/vellomonfortarquitectes.com\/en\/wp-json\/wp\/v2\/pages\/12948","targetHints":{"allow":["GET"]}}],"collection":[{"href":"https:\/\/vellomonfortarquitectes.com\/en\/wp-json\/wp\/v2\/pages"}],"about":[{"href":"https:\/\/vellomonfortarquitectes.com\/en\/wp-json\/wp\/v2\/types\/page"}],"author":[{"embeddable":true,"href":"https:\/\/vellomonfortarquitectes.com\/en\/wp-json\/wp\/v2\/users\/5"}],"replies":[{"embeddable":true,"href":"https:\/\/vellomonfortarquitectes.com\/en\/wp-json\/wp\/v2\/comments?post=12948"}],"version-history":[{"count":5,"href":"https:\/\/vellomonfortarquitectes.com\/en\/wp-json\/wp\/v2\/pages\/12948\/revisions"}],"predecessor-version":[{"id":16081,"href":"https:\/\/vellomonfortarquitectes.com\/en\/wp-json\/wp\/v2\/pages\/12948\/revisions\/16081"}],"up":[{"embeddable":true,"href":"https:\/\/vellomonfortarquitectes.com\/en\/wp-json\/wp\/v2\/pages\/12939"}],"wp:featuredmedia":[{"embeddable":true,"href":"https:\/\/vellomonfortarquitectes.com\/en\/wp-json\/wp\/v2\/media\/12522"}],"wp:attachment":[{"href":"https:\/\/vellomonfortarquitectes.com\/en\/wp-json\/wp\/v2\/media?parent=12948"}],"curies":[{"name":"wp","href":"https:\/\/api.w.org\/{rel}","templated":true}]}}