{"id":14219,"date":"2023-06-12T09:38:47","date_gmt":"2023-06-12T09:38:47","guid":{"rendered":"https:\/\/vellomonfortarquitectes.com\/architecten-alicante\/lliber-architecten\/"},"modified":"2026-04-08T06:50:19","modified_gmt":"2026-04-08T06:50:19","slug":"lliber-architecten","status":"publish","type":"page","link":"https:\/\/vellomonfortarquitectes.com\/nl\/architecten-alicante\/lliber-architecten\/","title":{"rendered":"Lliber Architecten"},"content":{"rendered":"<p>[et_pb_section fb_built=&#8221;1&#8243; _builder_version=&#8221;4.16&#8243; background_enable_image=&#8221;off&#8221; custom_margin=&#8221;0px|0px|0px|0px|true|true&#8221; custom_padding=&#8221;0px|0px|0px|0px|true|true&#8221; global_colors_info=&#8221;{}&#8221;][et_pb_row _builder_version=&#8221;4.16&#8243; _module_preset=&#8221;default&#8221; global_colors_info=&#8221;{}&#8221;][et_pb_column type=&#8221;4_4&#8243; _builder_version=&#8221;4.16&#8243; _module_preset=&#8221;default&#8221; global_colors_info=&#8221;{}&#8221;][et_pb_slider _builder_version=&#8221;4.16&#8243; _module_preset=&#8221;default&#8221; custom_padding=&#8221;400px||400px||true|false&#8221; custom_padding_tablet=&#8221;&#8221; custom_padding_phone=&#8221;10px||200px||false|false&#8221; custom_padding_last_edited=&#8221;on|desktop&#8221; auto=&#8221;on&#8221; auto_speed=&#8221;5000&#8243; global_colors_info=&#8221;{}&#8221;][et_pb_slide _builder_version=&#8221;4.16&#8243; _module_preset=&#8221;default&#8221; header_level=&#8221;h2&#8243; header_text_align=&#8221;right&#8221; header_text_color=&#8221;rgba(255,255,255,0.7)&#8221; header_font_size=&#8221;61px&#8221; background_enable_color=&#8221;off&#8221; background_image=&#8221;https:\/\/vellomonfortarquitectes.com\/wp-content\/uploads\/2021\/01\/viviendamiramar-slider-inicio.jpg&#8221; background_enable_image=&#8221;on&#8221; background_size=&#8221;contain&#8221; header_font_size_tablet=&#8221;&#8221; header_font_size_phone=&#8221;25px&#8221; header_font_size_last_edited=&#8221;on|phone&#8221; global_colors_info=&#8221;{}&#8221; sticky_transition=&#8221;on&#8221;][\/et_pb_slide][et_pb_slide _builder_version=&#8221;4.16&#8243; _module_preset=&#8221;default&#8221; header_level=&#8221;h2&#8243; header_text_align=&#8221;right&#8221; header_text_color=&#8221;rgba(255,255,255,0.7)&#8221; header_font_size=&#8221;61px&#8221; background_enable_color=&#8221;off&#8221; background_image=&#8221;https:\/\/vellomonfortarquitectes.com\/wp-content\/uploads\/2021\/01\/viviendapalmerafeli-pinicio-o.jpg&#8221; background_enable_image=&#8221;on&#8221; background_size=&#8221;contain&#8221; header_font_size_tablet=&#8221;&#8221; header_font_size_phone=&#8221;25px&#8221; header_font_size_last_edited=&#8221;on|phone&#8221; global_colors_info=&#8221;{}&#8221; sticky_transition=&#8221;on&#8221;][\/et_pb_slide][et_pb_slide _builder_version=&#8221;4.16&#8243; _module_preset=&#8221;default&#8221; header_level=&#8221;h2&#8243; header_text_align=&#8221;right&#8221; header_text_color=&#8221;rgba(255,255,255,0.7)&#8221; header_font_size=&#8221;61px&#8221; background_enable_color=&#8221;off&#8221; background_image=&#8221;https:\/\/vellomonfortarquitectes.com\/wp-content\/uploads\/2021\/01\/edificioviviendas-pinicio.jpg&#8221; background_enable_image=&#8221;on&#8221; background_size=&#8221;contain&#8221; header_font_size_tablet=&#8221;&#8221; header_font_size_phone=&#8221;25px&#8221; header_font_size_last_edited=&#8221;on|phone&#8221; global_colors_info=&#8221;{}&#8221; sticky_transition=&#8221;on&#8221;][\/et_pb_slide][et_pb_slide _builder_version=&#8221;4.16&#8243; _module_preset=&#8221;default&#8221; header_level=&#8221;h2&#8243; header_text_align=&#8221;right&#8221; header_text_color=&#8221;rgba(255,255,255,0.7)&#8221; header_font_size=&#8221;61px&#8221; background_enable_color=&#8221;off&#8221; background_image=&#8221;https:\/\/vellomonfortarquitectes.com\/wp-content\/uploads\/2021\/01\/edificiopublico-pinicio-o.jpg&#8221; background_enable_image=&#8221;on&#8221; background_size=&#8221;contain&#8221; header_font_size_tablet=&#8221;&#8221; header_font_size_phone=&#8221;25px&#8221; header_font_size_last_edited=&#8221;on|phone&#8221; global_colors_info=&#8221;{}&#8221; sticky_transition=&#8221;on&#8221;][\/et_pb_slide][et_pb_slide _builder_version=&#8221;4.16&#8243; _module_preset=&#8221;default&#8221; header_text_align=&#8221;right&#8221; header_text_color=&#8221;rgba(255,255,255,0.7)&#8221; header_font_size=&#8221;61px&#8221; background_enable_color=&#8221;off&#8221; background_image=&#8221;https:\/\/vellomonfortarquitectes.com\/wp-content\/uploads\/2021\/01\/proyectoreforma-pinicio.jpg&#8221; background_enable_image=&#8221;on&#8221; background_size=&#8221;contain&#8221; header_font_size_tablet=&#8221;&#8221; header_font_size_phone=&#8221;25px&#8221; header_font_size_last_edited=&#8221;on|phone&#8221; global_colors_info=&#8221;{}&#8221; sticky_transition=&#8221;on&#8221;][\/et_pb_slide][et_pb_slide _builder_version=&#8221;4.16&#8243; _module_preset=&#8221;default&#8221; header_text_align=&#8221;right&#8221; header_text_color=&#8221;rgba(255,255,255,0.7)&#8221; header_font_size=&#8221;61px&#8221; background_enable_color=&#8221;off&#8221; background_image=&#8221;https:\/\/vellomonfortarquitectes.com\/wp-content\/uploads\/2021\/01\/disenointerior-pinicio.jpg&#8221; background_enable_image=&#8221;on&#8221; background_size=&#8221;contain&#8221; header_font_size_tablet=&#8221;&#8221; header_font_size_phone=&#8221;25px&#8221; header_font_size_last_edited=&#8221;on|phone&#8221; global_colors_info=&#8221;{}&#8221; sticky_transition=&#8221;on&#8221;][\/et_pb_slide][\/et_pb_slider][\/et_pb_column][\/et_pb_row][\/et_pb_section][et_pb_section fb_built=&#8221;1&#8243; _builder_version=&#8221;4.16&#8243; _module_preset=&#8221;default&#8221; custom_padding=&#8221;40px||4px|||&#8221; locked=&#8221;off&#8221; global_colors_info=&#8221;{}&#8221;][et_pb_row column_structure=&#8221;1_2,1_2&#8243; _builder_version=&#8221;4.16&#8243; _module_preset=&#8221;default&#8221; global_colors_info=&#8221;{}&#8221;][et_pb_column type=&#8221;1_2&#8243; _builder_version=&#8221;4.16&#8243; _module_preset=&#8221;default&#8221; global_colors_info=&#8221;{}&#8221;][et_pb_text _builder_version=&#8221;4.18.0&#8243; _module_preset=&#8221;default&#8221; header_font=&#8221;|300|||||||&#8221; header_font_size=&#8221;50px&#8221; header_line_height=&#8221;1.3em&#8221; header_2_font=&#8221;|300|||||||&#8221; header_2_font_size=&#8221;50px&#8221; header_2_line_height=&#8221;1.3em&#8221; header_font_size_tablet=&#8221;&#8221; header_font_size_phone=&#8221;30px&#8221; header_font_size_last_edited=&#8221;on|phone&#8221; global_colors_info=&#8221;{}&#8221;]<\/p>\n<h1>ARCHITECTEN IN LLIBER<\/h1>\n<p>[\/et_pb_text][et_pb_text _builder_version=&#8221;4.18.0&#8243; _module_preset=&#8221;default&#8221; header_2_font=&#8221;|300|||||||&#8221; header_2_font_size=&#8221;40px&#8221; header_3_font=&#8221;|300|||||||&#8221; header_3_font_size=&#8221;33px&#8221; header_3_line_height=&#8221;1.3em&#8221; header_2_font_size_tablet=&#8221;&#8221; header_2_font_size_phone=&#8221;20px&#8221; header_2_font_size_last_edited=&#8221;on|phone&#8221; global_colors_info=&#8221;{}&#8221;]<\/p>\n<h2><span style=\"font-weight: 400;\">Architectenwerk bij Lliber &#8211;<\/span> <span style=\"font-weight: 400;\">Vell\u00f3 Monfort Architecten<\/span> <\/h2>\n<p>[\/et_pb_text][\/et_pb_column][et_pb_column type=&#8221;1_2&#8243; _builder_version=&#8221;4.16&#8243; _module_preset=&#8221;default&#8221; global_colors_info=&#8221;{}&#8221;][et_pb_text _builder_version=&#8221;4.27.5&#8243; _module_preset=&#8221;default&#8221; header_text_align=&#8221;justify&#8221; text_orientation=&#8221;justified&#8221; global_colors_info=&#8221;{}&#8221;]<\/p>\n<h2>Architectenbureau in Ll\u00edber: nieuwbouw, renovaties en interieurontwerp<\/h2>\n<p data-start=\"638\" data-end=\"957\">Als u op zoek bent naar <strong data-start=\"656\" data-end=\"681\">architecten in Ll\u00edber<\/strong>, dan bent u bij <strong data-start=\"686\" data-end=\"715\">Vell\u00f3 Monfort Arquitectes<\/strong> aan het juiste adres. Wij realiseren <strong data-start=\"743\" data-end=\"757\">nieuwbouwprojecten<\/strong>, <strong data-start=\"759\" data-end=\"779\">complete renovaties<\/strong>, <strong data-start=\"781\" data-end=\"799\">restauraties <\/strong>en <strong data-start=\"802\" data-end=\"826\">interieurontwerpen <\/strong>met een duidelijke visie: functionele, lichte en degelijk gebouwde architectuur, ontworpen om lang mee te gaan en zich aan te passen aan uw levensstijl.<\/p>\n<p data-start=\"959\" data-end=\"1268\">In de omgeving van Ll\u00edber en de <strong data-start=\"988\" data-end=\"1003\">Marina Alta<\/strong> moet het project in dialoog staan met de locatie: hellingen, uitzichten, privacy, ligging en het mediterrane klimaat. Daarom besteden we bijzondere aandacht aan de <strong data-start=\"1146\" data-end=\"1162\">inpassing<\/strong>, de <strong data-start=\"1167\" data-end=\"1184\">zonwering <\/strong>en de relatie tussen <strong data-start=\"1199\" data-end=\"1220\">binnen en buiten<\/strong>, waarbij we vanaf het ontwerp streven naar comfort en effici\u00ebntie. <\/p>\n<p data-start=\"1270\" data-end=\"1550\">Met <strong data-start=\"1274\" data-end=\"1307\">meer dan 20 jaar ervaring<\/strong> hebben we meegewerkt aan het ontwerp en de bouw van <strong data-start=\"1358\" data-end=\"1384\">meer dan 1.500 woningen<\/strong> en <strong data-start=\"1387\" data-end=\"1426\">meer dan 150 openbare projecten<\/strong>. Wij zorgen voor een gestructureerde aanpak en technische deskundigheid, zodat uw project vanaf het begin haalbaar is: ontwerp, regelgeving, vergunningen en uitvoering. <\/p>\n<p>[\/et_pb_text][\/et_pb_column][\/et_pb_row][\/et_pb_section][et_pb_section fb_built=&#8221;1&#8243; _builder_version=&#8221;4.16&#8243; _module_preset=&#8221;default&#8221; custom_padding=&#8221;10px||10px||true|false&#8221; global_colors_info=&#8221;{}&#8221;][et_pb_row column_structure=&#8221;3_5,2_5&#8243; _builder_version=&#8221;4.16&#8243; _module_preset=&#8221;default&#8221; custom_padding=&#8221;3px|||||&#8221; global_colors_info=&#8221;{}&#8221;][et_pb_column type=&#8221;3_5&#8243; _builder_version=&#8221;4.16&#8243; _module_preset=&#8221;default&#8221; global_colors_info=&#8221;{}&#8221;][et_pb_text _builder_version=&#8221;4.27.5&#8243; _module_preset=&#8221;default&#8221; global_colors_info=&#8221;{}&#8221;]<\/p>\n<h2 style=\"text-align: justify;\">Neem contact op met architecten in Ll\u00edber en wij geven u vrijblijvend advies<\/h2>\n<p>[\/et_pb_text][et_pb_text _builder_version=&#8221;4.27.5&#8243; _module_preset=&#8221;default&#8221; text_orientation=&#8221;justified&#8221; custom_padding=&#8221;||0px|||&#8221; global_colors_info=&#8221;{}&#8221;]<\/p>\n<p data-start=\"1705\" data-end=\"1957\">Vertel ons wat je idee is (nieuwbouw, verbouwing of interieurontwerp) en wij zullen je situatie analyseren om de werkelijke <strong data-start=\"1799\" data-end=\"1815\">omvang<\/strong>, de te volgen <strong data-start=\"1821\" data-end=\"1830\">stappen <\/strong>en de benodigde <strong data-start=\"1836\" data-end=\"1853\">documentatie <\/strong>vast te stellen. Wij zullen je adviseren hoe je dit het beste kunt aanpakken om vanaf het begin de <strong data-start=\"1907\" data-end=\"1940\">kwaliteit, de deadlines en het budget<\/strong> onder controle te houden. <\/p>\n<p data-start=\"1959\" data-end=\"2064\">Je kunt ons via het contactformulier een bericht sturen of ons bellen, dan sturen we je een duidelijk voorstel om verder te gaan.<\/p>\n<p>[\/et_pb_text][\/et_pb_column][et_pb_column type=&#8221;2_5&#8243; _builder_version=&#8221;4.16&#8243; _module_preset=&#8221;default&#8221; global_colors_info=&#8221;{}&#8221;][et_pb_code _builder_version=&#8221;4.18.0&#8243; _module_preset=&#8221;default&#8221; global_colors_info=&#8221;{}&#8221;]<div class=\"frm_forms  with_frm_style frm_style_estilos-formidable\" id=\"frm_form_1_container\" >\n<form enctype=\"multipart\/form-data\" method=\"post\" class=\"frm-show-form  frm_pro_form \" id=\"form_contact-form\" >\n<div class=\"frm_form_fields \">\n<fieldset>\n<legend class=\"frm_screen_reader\">Contacto<\/legend>\r\n\r\n<div class=\"frm_fields_container\">\n<input type=\"hidden\" name=\"frm_action\" value=\"create\" \/>\n<input type=\"hidden\" name=\"form_id\" value=\"1\" \/>\n<input type=\"hidden\" name=\"frm_hide_fields_1\" id=\"frm_hide_fields_1\" value=\"\" \/>\n<input type=\"hidden\" name=\"form_key\" value=\"contact-form\" \/>\n<input type=\"hidden\" name=\"item_meta[0]\" value=\"\" \/>\n<input type=\"hidden\" id=\"frm_submit_entry_1\" name=\"frm_submit_entry_1\" value=\"ea563f041d\" \/><input type=\"hidden\" name=\"_wp_http_referer\" value=\"\/nl\/wp-json\/wp\/v2\/pages\/14219\" \/><div id=\"frm_field_1_container\" class=\"frm_form_field form-field  frm_required_field frm_top_container frm6 frm_first\">\r\n    <label for=\"field_qh4icy\" id=\"field_qh4icy_label\" class=\"frm_primary_label\">Nombre\r\n        <span class=\"frm_required\" aria-hidden=\"true\">*<\/span>\r\n    <\/label>\r\n    <input type=\"text\" id=\"field_qh4icy\" name=\"item_meta[1]\" value=\"\"  data-reqmsg=\"Este campo no puede estar en blanco.\" aria-required=\"true\" data-invmsg=\"Name no es v\u00e1lido\" aria-invalid=\"false\"  \/>\r\n    \r\n    \r\n<\/div>\n<div id=\"frm_field_7_container\" class=\"frm_form_field form-field  frm_required_field frm_top_container frm6\">\r\n    <label for=\"field_6je6v\" id=\"field_6je6v_label\" class=\"frm_primary_label\">Direcci\u00f3n\r\n        <span class=\"frm_required\" aria-hidden=\"true\">*<\/span>\r\n    <\/label>\r\n    <input type=\"text\" id=\"field_6je6v\" name=\"item_meta[7]\" value=\"\"  data-reqmsg=\"Este campo no puede estar en blanco.\" aria-required=\"true\" data-invmsg=\"Texto no es v\u00e1lido\" aria-invalid=\"false\"  \/>\r\n    \r\n    \r\n<\/div>\n<div id=\"frm_field_8_container\" class=\"frm_form_field form-field  frm_top_container\">\r\n    <label for=\"field_b4yzs\" id=\"field_b4yzs_label\" class=\"frm_primary_label\">Tel\u00e9fono\r\n        <span class=\"frm_required\" aria-hidden=\"true\"><\/span>\r\n    <\/label>\r\n    <input type=\"tel\" id=\"field_b4yzs\" name=\"item_meta[8]\" value=\"\"  data-invmsg=\"Tel\u00e9fono no es v\u00e1lido\" aria-invalid=\"false\" pattern=\"((\\+\\d{1,3}(-|.| )?\\(?\\d\\)?(-| |.)?\\d{1,5})|(\\(?\\d{2,6}\\)?))(-|.| )?(\\d{3,4})(-|.| )?(\\d{4})(( x| ext)\\d{1,5}){0,1}$\"  \/>\r\n    \r\n    \r\n<\/div>\n<div id=\"frm_field_5_container\" class=\"frm_form_field form-field  frm_required_field frm_top_container frm_full\">\r\n    <label for=\"field_9jv0r1\" id=\"field_9jv0r1_label\" class=\"frm_primary_label\">Mensaje\r\n        <span class=\"frm_required\" aria-hidden=\"true\">*<\/span>\r\n    <\/label>\r\n    <textarea name=\"item_meta[5]\" id=\"field_9jv0r1\" rows=\"5\"  data-reqmsg=\"Este campo no puede estar en blanco.\" aria-required=\"true\" data-invmsg=\"Message no es v\u00e1lido\" aria-invalid=\"false\"  ><\/textarea>\r\n    \r\n    \r\n<\/div>\n<div id=\"frm_field_10_container\" class=\"frm_form_field form-field \">\n\t<div class=\"frm_submit\">\r\n\r\n<button class=\"frm_button_submit frm_final_submit\" type=\"submit\"  >Enviar<\/button>\r\n\r\n\r\n<\/div>\n<\/div>\n\t<input type=\"hidden\" name=\"item_key\" value=\"\" \/>\n\t\t\t<div id=\"frm_field_16_container\">\n\t\t\t<label for=\"field_98hys\" >\n\t\t\t\tIndien je een mens bent, laat dit veld leeg:.\t\t\t<\/label>\n\t\t\t<input  id=\"field_98hys\" type=\"text\" class=\"frm_form_field form-field frm_verify\" name=\"item_meta[16]\" value=\"\"  \/>\n\t\t<\/div>\n\t\t<input name=\"frm_state\" type=\"hidden\" value=\"N3MLG6bZVILB9k2roCnJbNR1shxejGW4ewgkD9u4N8k=\" \/><\/div>\n<\/fieldset>\n<\/div>\n\n<\/form>\n<\/div>\n[\/et_pb_code][\/et_pb_column][\/et_pb_row][et_pb_row column_structure=&#8221;1_4,1_4,1_4,1_4&#8243; _builder_version=&#8221;4.16&#8243; _module_preset=&#8221;default&#8221; global_colors_info=&#8221;{}&#8221;][et_pb_column type=&#8221;1_4&#8243; _builder_version=&#8221;4.16&#8243; _module_preset=&#8221;default&#8221; background_image=&#8221;https:\/\/vellomonfortarquitectes.com\/wp-content\/uploads\/2020\/11\/01-PROYECTO_OBRANUEVA.jpg&#8221; custom_padding=&#8221;100px||100px||true|false&#8221; link_option_url=&#8221;https:\/\/vellomonfortarquitectes.com\/nl\/nieuwbouwprojecten\/&#8221; global_colors_info=&#8221;{}&#8221;][et_pb_text admin_label=&#8221;Texto&#8221; _builder_version=&#8221;4.16&#8243; _module_preset=&#8221;default&#8221; text_font=&#8221;|700|||||||&#8221; text_text_color=&#8221;#ffffff&#8221; text_font_size=&#8221;18px&#8221; background_color=&#8221;rgba(0,0,0,0.12)&#8221; background_enable_image=&#8221;off&#8221; custom_margin=&#8221;||||false|false&#8221; custom_padding=&#8221;50px||50px||true|false&#8221; global_colors_info=&#8221;{}&#8221; background__hover_enabled=&#8221;on|hover&#8221; background_color__hover=&#8221;rgba(0,0,0,0.47)&#8221; background_enable_color__hover=&#8221;on&#8221;]<\/p>\n<p style=\"text-align: center;\">NIEUWBOUWPROJECTEN<\/p>\n<p>[\/et_pb_text][\/et_pb_column][et_pb_column type=&#8221;1_4&#8243; _builder_version=&#8221;4.16&#8243; _module_preset=&#8221;default&#8221; background_image=&#8221;https:\/\/vellomonfortarquitectes.com\/wp-content\/uploads\/2020\/11\/02_REFORMA.jpg&#8221; custom_padding=&#8221;100px||100px||true|false&#8221; link_option_url=&#8221;https:\/\/vellomonfortarquitectes.com\/nl\/hervormingsprojecten\/&#8221; global_colors_info=&#8221;{}&#8221;][et_pb_text _builder_version=&#8221;4.16&#8243; _module_preset=&#8221;default&#8221; text_font=&#8221;|700|||||||&#8221; text_text_color=&#8221;#ffffff&#8221; text_font_size=&#8221;18px&#8221; background_color=&#8221;rgba(0,0,0,0.12)&#8221; background_enable_image=&#8221;off&#8221; custom_margin=&#8221;||||false|false&#8221; custom_padding=&#8221;50px||50px||true|false&#8221; background_last_edited=&#8221;off|desktop&#8221; global_colors_info=&#8221;{}&#8221; background__hover_enabled=&#8221;on|hover&#8221; background_color__hover=&#8221;rgba(0,0,0,0.47)&#8221; background_enable_color__hover=&#8221;on&#8221;]<\/p>\n<p style=\"text-align: center;\">RENOVATIEPROJECTEN<\/p>\n<p>[\/et_pb_text][\/et_pb_column][et_pb_column type=&#8221;1_4&#8243; _builder_version=&#8221;4.16&#8243; _module_preset=&#8221;default&#8221; background_image=&#8221;https:\/\/vellomonfortarquitectes.com\/wp-content\/uploads\/2020\/11\/03_INTERIORES.jpg&#8221; custom_padding=&#8221;100px||100px||true|false&#8221; link_option_url=&#8221;https:\/\/vellomonfortarquitectes.com\/nl\/interieur-ontwerp\/&#8221; global_colors_info=&#8221;{}&#8221;][et_pb_text _builder_version=&#8221;4.16&#8243; _module_preset=&#8221;default&#8221; text_font=&#8221;|700|||||||&#8221; text_text_color=&#8221;#ffffff&#8221; text_font_size=&#8221;18px&#8221; background_color=&#8221;rgba(0,0,0,0.12)&#8221; background_enable_image=&#8221;off&#8221; custom_margin=&#8221;||||false|false&#8221; custom_padding=&#8221;50px||50px||true|false&#8221; global_colors_info=&#8221;{}&#8221; background__hover_enabled=&#8221;on|hover&#8221; background_color__hover=&#8221;rgba(0,0,0,0.47)&#8221; background_enable_color__hover=&#8221;on&#8221;]<\/p>\n<p style=\"text-align: center;\">INTERIEURONTWERP<\/p>\n<p>[\/et_pb_text][\/et_pb_column][et_pb_column type=&#8221;1_4&#8243; _builder_version=&#8221;4.16&#8243; _module_preset=&#8221;default&#8221; background_image=&#8221;https:\/\/vellomonfortarquitectes.com\/wp-content\/uploads\/2020\/11\/04_OTROS_SERVICIOS.jpg&#8221; custom_padding=&#8221;100px||100px||true|false&#8221; link_option_url=&#8221;https:\/\/vellomonfortarquitectes.com\/nl\/andere-diensten\/&#8221; global_colors_info=&#8221;{}&#8221;][et_pb_text _builder_version=&#8221;4.16&#8243; _module_preset=&#8221;default&#8221; text_font=&#8221;|700|||||||&#8221; text_text_color=&#8221;#ffffff&#8221; text_font_size=&#8221;18px&#8221; background_color=&#8221;rgba(0,0,0,0.12)&#8221; background_enable_image=&#8221;off&#8221; custom_margin=&#8221;||||false|false&#8221; custom_padding=&#8221;50px||50px||true|false&#8221; global_colors_info=&#8221;{}&#8221; content__hover_enabled=&#8221;off|desktop&#8221; background__hover_enabled=&#8221;on|hover&#8221; background_color__hover=&#8221;rgba(0,0,0,0.47)&#8221; background_enable_color__hover=&#8221;on&#8221;]<\/p>\n<p style=\"text-align: center;\">OVERIGE DIENSTEN<\/p>\n<p>[\/et_pb_text][\/et_pb_column][\/et_pb_row][et_pb_row column_structure=&#8221;1_2,1_2&#8243; admin_label=&#8221;Rij&#8221; _builder_version=&#8221;4.16&#8243; _module_preset=&#8221;default&#8221; custom_padding=&#8221;3px||0px|||&#8221; global_colors_info=&#8221;{}&#8221;][et_pb_column type=&#8221;1_2&#8243; _builder_version=&#8221;4.16&#8243; _module_preset=&#8221;default&#8221; global_colors_info=&#8221;{}&#8221;][et_pb_text _builder_version=&#8221;4.27.5&#8243; _module_preset=&#8221;default&#8221; text_orientation=&#8221;justified&#8221; global_colors_info=&#8221;{}&#8221;]<\/p>\n<h2>Architecten in Ll\u00edber met een totaalpakket: ontwerp, vergunningen en bouwbegeleiding<\/h2>\n<p data-start=\"2409\" data-end=\"2646\">Bij Vell\u00f3 Monfort Arquitectes zien we architectuur als een evenwicht tussen <strong data-start=\"2490\" data-end=\"2521\">ontwerp, techniek en welzijn<\/strong>. Ons doel is om ervoor te zorgen dat uw project in Ll\u00edber <strong data-start=\"2573\" data-end=\"2613\">samenhangend, uitvoerbaar en beheersbaar<\/strong> is, zodat improvisatie op de bouwplaats wordt voorkomen. <\/p>\n<p data-start=\"2648\" data-end=\"2900\">We werken volgens een duidelijke methode: we analyseren het pand of het perceel, bekijken de stedenbouwkundige voorschriften en stellen een projectstrategie vast (indeling, inrichting, materialen en bouwtechnische oplossingen) voordat we onomkeerbare beslissingen nemen.<\/p>\n<p data-start=\"2902\" data-end=\"3172\">Wij bieden een <strong data-start=\"2915\" data-end=\"2936\">totaalpakket <\/strong>aan dat onder meer het <strong data-start=\"2955\" data-end=\"2971\">voorontwerp<\/strong>, het <strong data-start=\"2973\" data-end=\"2985\">ontwerp<\/strong>, de documentatie voor vergunningen, het <strong data-start=\"3017\" data-end=\"3042\">uitvoeringsontwerp <\/strong>en de <strong data-start=\"3045\" data-end=\"3066\">bouwbegeleiding <\/strong>kan omvatten. Daarbij zorgen wij voor de co\u00f6rdinatie tussen technici en aannemers, zodat het ontwerp correct op de bouwplaats terechtkomt en met de nodige kwaliteit wordt uitgevoerd.<\/p>\n<p data-start=\"3174\" data-end=\"3360\">In een omgeving als Ll\u00edber besteden we bijzondere aandacht aan de ligging, de schaduw en de natuurlijke ventilatie om comfortabele en energiezuinige woningen te realiseren, met een rustige en doordachte architectuur.<\/p>\n<p><span style=\"font-size: 16px;\"> <\/span><span style=\"font-size: 16px;\"> <\/span><\/p>\n<p>[\/et_pb_text][\/et_pb_column][et_pb_column type=&#8221;1_2&#8243; _builder_version=&#8221;4.16&#8243; _module_preset=&#8221;default&#8221; global_colors_info=&#8221;{}&#8221;][et_pb_text _builder_version=&#8221;4.27.5&#8243; _module_preset=&#8221;default&#8221; text_orientation=&#8221;justified&#8221; custom_padding=&#8221;||0px|||&#8221; global_colors_info=&#8221;{}&#8221;]<\/p>\n<h2>Op zoek naar een architect in Lliber?<\/h2>\n<p data-start=\"3471\" data-end=\"3740\">Wij zijn gespecialiseerd in <strong data-start=\"3497\" data-end=\"3521\">eengezinswoningen <\/strong>(nieuwbouw en renovatie) en in <strong data-start=\"3550\" data-end=\"3573\">totaalrenovaties <\/strong>die de indeling, de installaties en het comfort verbeteren. Daarnaast voeren wij ook grootschalige projecten uit voor projectontwikkelaars of overheidsinstanties wanneer de opdracht dat vereist. <\/p>\n<p data-start=\"3742\" data-end=\"4027\">Bij elk project houden we rekening met de <strong data-start=\"3770\" data-end=\"3814\">ligging, zonwering en daglicht<\/strong>, omdat deze keuzes een directe invloed hebben op de leefbaarheid en de energieprestaties van het gebouw. Als u in Ll\u00edber wilt bouwen of verbouwen, helpen wij u de juiste koers te bepalen en met vertrouwen verder te gaan. <\/p>\n<p>[\/et_pb_text][\/et_pb_column][\/et_pb_row][et_pb_row column_structure=&#8221;1_3,1_3,1_3&#8243; _builder_version=&#8221;4.16&#8243; _module_preset=&#8221;default&#8221; global_colors_info=&#8221;{}&#8221;][et_pb_column type=&#8221;1_3&#8243; _builder_version=&#8221;4.16&#8243; _module_preset=&#8221;default&#8221; global_colors_info=&#8221;{}&#8221;][et_pb_text admin_label=&#8221;Texto&#8221; _builder_version=&#8221;4.16&#8243; _module_preset=&#8221;default&#8221; link_option_url=&#8221;https:\/\/vellomonfortarquitectes.com\/nl\/project\/huisvesting-ondara-marina\/&#8221; global_colors_info=&#8221;{}&#8221;]<\/p>\n<h3 style=\"text-align: center;\">Vrijstaande huizen &#8211; Ondara<\/h3>\n<p>[\/et_pb_text][et_pb_image src=&#8221;http:\/\/vellomonfortarquitectes.com\/wp-content\/uploads\/2021\/04\/viviendas-en-altea-min-1.jpg&#8221; alt=&#8221;Huisvesting Ondara &#8211; architectonische werken in Denia &#8211; Vell\u00f3 Arquitectos&#8221; title_text=&#8221;huizen in altea&#8221; url=&#8221;https:\/\/vellomonfortarquitectes.com\/nl\/project\/huisvesting-ondara-marina\/&#8221; align=&#8221;center&#8221; _builder_version=&#8221;4.16&#8243; _module_preset=&#8221;default&#8221; width=&#8221;100%&#8221; module_alignment=&#8221;center&#8221; height=&#8221;350px&#8221; global_colors_info=&#8221;{}&#8221;][\/et_pb_image][\/et_pb_column][et_pb_column type=&#8221;1_3&#8243; _builder_version=&#8221;4.16&#8243; _module_preset=&#8221;default&#8221; global_colors_info=&#8221;{}&#8221;][et_pb_text _builder_version=&#8221;4.16&#8243; _module_preset=&#8221;default&#8221; link_option_url=&#8221;https:\/\/vellomonfortarquitectes.com\/nl\/project\/huisvesting-javea-madrasa\/&#8221; global_colors_info=&#8221;{}&#8221;]<\/p>\n<h3 style=\"text-align: center;\">Vrijstaande huizen &#8211; X\u00e0bia<\/h3>\n<p>[\/et_pb_text][et_pb_image src=&#8221;http:\/\/vellomonfortarquitectes.com\/wp-content\/uploads\/2021\/04\/vivienda-madrasa-arquitectos-altea.jpg&#8221; alt=&#8221;Madrasa huisvesting &#8211; architectonische werken in Denia &#8211; Vell\u00f3 Arquitectos&#8221; title_text=&#8221;vivienda-madrasa-arquitectos-altea&#8221; url=&#8221;https:\/\/vellomonfortarquitectes.com\/nl\/project\/huisvesting-javea-madrasa\/&#8221; align=&#8221;center&#8221; _builder_version=&#8221;4.16&#8243; _module_preset=&#8221;default&#8221; width=&#8221;100%&#8221; module_alignment=&#8221;center&#8221; height=&#8221;350px&#8221; global_colors_info=&#8221;{}&#8221;][\/et_pb_image][\/et_pb_column][et_pb_column type=&#8221;1_3&#8243; _builder_version=&#8221;4.16&#8243; _module_preset=&#8221;default&#8221; global_colors_info=&#8221;{}&#8221;][et_pb_text _builder_version=&#8221;4.16&#8243; _module_preset=&#8221;default&#8221; link_option_url=&#8221;https:\/\/vellomonfortarquitectes.com\/nl\/project\/huisvestingspalen-brisas\/&#8221; global_colors_info=&#8221;{}&#8221;]<\/p>\n<h3 style=\"text-align: center;\">Vrijstaande huizen &#8211; Palen<\/h3>\n<p>[\/et_pb_text][et_pb_image src=&#8221;http:\/\/vellomonfortarquitectes.com\/wp-content\/uploads\/2021\/04\/vivienda-piles-arquitectos-altea-min-1.jpg&#8221; alt=&#8221;Huisvesting Palen &#8211; Brisas &#8211; architectonische werken in Denia &#8211; Vell\u00f3 Arquitectos&#8221; title_text=&#8221;vivienda-arquitectos-altea&#8221; url=&#8221;https:\/\/vellomonfortarquitectes.com\/nl\/project\/huisvestingspalen-brisas\/&#8221; align=&#8221;center&#8221; _builder_version=&#8221;4.16&#8243; _module_preset=&#8221;default&#8221; width=&#8221;100%&#8221; module_alignment=&#8221;center&#8221; height=&#8221;350px&#8221; global_colors_info=&#8221;{}&#8221;][\/et_pb_image][\/et_pb_column][\/et_pb_row][et_pb_row column_structure=&#8221;1_2,1_2&#8243; _builder_version=&#8221;4.16&#8243; _module_preset=&#8221;default&#8221; custom_padding=&#8221;3px|||||&#8221; global_colors_info=&#8221;{}&#8221;][et_pb_column type=&#8221;1_2&#8243; _builder_version=&#8221;4.16&#8243; _module_preset=&#8221;default&#8221; global_colors_info=&#8221;{}&#8221;][et_pb_text admin_label=&#8221;Texto&#8221; _builder_version=&#8221;4.27.5&#8243; _module_preset=&#8221;default&#8221; global_colors_info=&#8221;{}&#8221;]<\/p>\n<h2>Bouwbegeleiding en architectuur op maat in Ll\u00edber<\/h2>\n<p>[\/et_pb_text][et_pb_text _builder_version=&#8221;4.27.5&#8243; _module_preset=&#8221;default&#8221; text_orientation=&#8221;justified&#8221; custom_padding=&#8221;0px||0px|||&#8221; global_colors_info=&#8221;{}&#8221;]<\/p>\n<p>Ons werk houdt niet op bij de tekening: de kwaliteit wordt pas op de bouwplaats bevestigd. Daarom bieden wij <strong data-start=\"4633\" data-end=\"4677\">bouwbegeleiding en technische co\u00f6rdinatie aan<\/strong>, waarbij we zorg dragen voor de beslissingen, details en uitvoering, zodat het eindresultaat een getrouwe weergave van het ontwerp is. <\/p>\n<p>[\/et_pb_text][\/et_pb_column][et_pb_column type=&#8221;1_2&#8243; _builder_version=&#8221;4.16&#8243; _module_preset=&#8221;default&#8221; global_colors_info=&#8221;{}&#8221;][et_pb_text admin_label=&#8221;Texto&#8221; _builder_version=&#8221;4.16&#8243; _module_preset=&#8221;default&#8221; global_colors_info=&#8221;{}&#8221;][\/et_pb_text][et_pb_text _builder_version=&#8221;4.27.5&#8243; _module_preset=&#8221;default&#8221; text_orientation=&#8221;justified&#8221; custom_padding=&#8221;||0px|||&#8221; global_colors_info=&#8221;{}&#8221;]<\/p>\n<p data-start=\"4772\" data-end=\"4978\">Het project vanaf het begin goed defini\u00ebren is de meest effectieve manier om het budget en de deadlines onder controle te houden. Duidelijke documentatie zorgt ervoor dat er minder wijzigingen nodig zijn, verbetert de co\u00f6rdinatie en voorkomt extra kosten als gevolg van onduidelijkheden. <\/p>\n<p data-start=\"4980\" data-end=\"5224\">Wij werken samen met particulieren en projectontwikkelaars en hebben ervaring met <strong data-start=\"5052\" data-end=\"5079\">eengezinswoningen<\/strong>, <strong data-start=\"5081\" data-end=\"5103\">openbare gebouwen<\/strong>, <strong data-start=\"5105\" data-end=\"5132\">wooncomplexen<\/strong>, <strong data-start=\"5134\" data-end=\"5160\">woon- en kantoorgebouwen<\/strong>, <strong data-start=\"5163\" data-end=\"5175\">waarbij<\/strong> we onze aanpak afstemmen op elke schaal en behoefte.<\/p>\n<p>[\/et_pb_text][\/et_pb_column][\/et_pb_row][\/et_pb_section][et_pb_section fb_built=&#8221;1&#8243; _builder_version=&#8221;4.16&#8243; _module_preset=&#8221;default&#8221; custom_padding=&#8221;10px||10px||true|false&#8221; global_colors_info=&#8221;{}&#8221;][et_pb_row column_structure=&#8221;1_2,1_2&#8243; _builder_version=&#8221;4.16&#8243; _module_preset=&#8221;default&#8221; global_colors_info=&#8221;{}&#8221;][et_pb_column type=&#8221;1_2&#8243; _builder_version=&#8221;4.16&#8243; _module_preset=&#8221;default&#8221; global_colors_info=&#8221;{}&#8221;][et_pb_image src=&#8221;http:\/\/vellomonfortarquitectes.com\/wp-content\/uploads\/2021\/04\/joseantonio-arquitecto-en-altea-min-1.jpg&#8221; title_text=&#8221;joseantonio-arquitecto en altea&#8221; align=&#8221;right&#8221; _builder_version=&#8221;4.16&#8243; _module_preset=&#8221;default&#8221; width=&#8221;73%&#8221; module_alignment=&#8221;center&#8221; global_colors_info=&#8221;{}&#8221;][\/et_pb_image][\/et_pb_column][et_pb_column type=&#8221;1_2&#8243; _builder_version=&#8221;4.16&#8243; _module_preset=&#8221;default&#8221; global_colors_info=&#8221;{}&#8221;][et_pb_image src=&#8221;http:\/\/vellomonfortarquitectes.com\/wp-content\/uploads\/2021\/04\/maria_rosa-arquitecta-en-altea-min-1.jpg&#8221; alt=&#8221;architect in altea&#8221; title_text=&#8221;maria_rosa-arquitecta en altea-min (1)&#8221; _builder_version=&#8221;4.16&#8243; _module_preset=&#8221;default&#8221; width=&#8221;70%&#8221; module_alignment=&#8221;center&#8221; global_colors_info=&#8221;{}&#8221;][\/et_pb_image][\/et_pb_column][\/et_pb_row][et_pb_row _builder_version=&#8221;4.27.4&#8243; _module_preset=&#8221;default&#8221; locked=&#8221;off&#8221; global_colors_info=&#8221;{}&#8221;][et_pb_column type=&#8221;4_4&#8243; _builder_version=&#8221;4.18.0&#8243; _module_preset=&#8221;default&#8221; global_colors_info=&#8221;{}&#8221;][et_pb_text _builder_version=&#8221;4.27.5&#8243; _module_preset=&#8221;default&#8221; header_2_font=&#8221;|300|||||||&#8221; header_2_font_size=&#8221;40px&#8221; header_3_font=&#8221;|300|||||||&#8221; header_3_font_size=&#8221;33px&#8221; header_3_line_height=&#8221;1.3em&#8221; header_2_font_size_tablet=&#8221;&#8221; header_2_font_size_phone=&#8221;20px&#8221; header_2_font_size_last_edited=&#8221;on|phone&#8221; global_colors_info=&#8221;{}&#8221;]<\/p>\n<h2>Veelgestelde vragen over architecten in Lliber<\/h2>\n<p>[\/et_pb_text][et_pb_accordion _builder_version=&#8221;4.27.5&#8243; _module_preset=&#8221;default&#8221; toggle_level=&#8221;h3&#8243; global_colors_info=&#8221;{}&#8221;][et_pb_accordion_item title=&#8221;Welke diensten bieden jullie aan als architecten in Ll\u00edber?&#8221; open=&#8221;on&#8221; _builder_version=&#8221;4.27.5&#8243; _module_preset=&#8221;default&#8221; global_colors_info=&#8221;{}&#8221;]<\/p>\n<p>Wij bieden <strong data-start=\"5664\" data-end=\"5678\">nieuwbouw<\/strong>, <strong data-start=\"5680\" data-end=\"5700\">complete renovaties<\/strong>, <strong data-start=\"5702\" data-end=\"5720\">restauraties<\/strong>, <strong data-start=\"5722\" data-end=\"5746\">interieurontwerp<\/strong>, <strong data-start=\"5748\" data-end=\"5776\">het regelen<\/strong> van <strong data-start=\"5779\" data-end=\"5800\">vergunningen <\/strong>en bouwbegeleiding. Wij verzorgen het hele traject: van de eerste haalbaarheidsstudie tot de uitvoering en oplevering. <\/p>\n<p>[\/et_pb_accordion_item][et_pb_accordion_item title=&#8221;Voeren jullie in Ll\u00edber complete renovaties uit aan dorpshuizen en traditionele woningen?&#8221; _builder_version=&#8221;4.27.5&#8243; _module_preset=&#8221;default&#8221; global_colors_info=&#8221;{}&#8221; open=&#8221;off&#8221;]<\/p>\n<p>Ja. Wij voeren <strong data-start=\"5999\" data-end=\"6032\">complete renovaties uit in Ll\u00edber<\/strong> om de indeling, de installaties en het comfort te moderniseren, waarbij we waar mogelijk het oorspronkelijke karakter behouden. Het doel is om de leefbaarheid en effici\u00ebntie te verbeteren door middel van een duidelijk omschreven en goed begeleid bouwproject.  <\/p>\n<p>[\/et_pb_accordion_item][et_pb_accordion_item title=&#8221;Wat houdt een architectuurproject in Ll\u00edber in (nieuwbouw of renovatie)?&#8221; _builder_version=&#8221;4.27.5&#8243; _module_preset=&#8221;default&#8221; global_colors_info=&#8221;{}&#8221; open=&#8221;off&#8221;]<\/p>\n<p>Dit omvat doorgaans een <strong data-start=\"6334\" data-end=\"6350\">voorontwerp<\/strong>, een <strong data-start=\"6352\" data-end=\"6371\">basisontwerp <\/strong>en een <strong data-start=\"6374\" data-end=\"6399\">uitvoeringsontwerp<\/strong>, inclusief de technische documentatie voor vergunningen en voor een gedetailleerde bouwtekening. Indien dit wordt gecontracteerd, omvat het ook <strong data-start=\"6510\" data-end=\"6531\">bouwbegeleiding <\/strong>en technische co\u00f6rdinatie tijdens de uitvoering. <\/p>\n<p>[\/et_pb_accordion_item][et_pb_accordion_item title=&#8221;Heb ik een vergunning nodig voor een verbouwing in Ll\u00edber?&#8221; _builder_version=&#8221;4.27.5&#8243; _module_preset=&#8221;default&#8221; global_colors_info=&#8221;{}&#8221; open=&#8221;off&#8221;]<\/p>\n<p>In de meeste gevallen wel, maar dat hangt af van de omvang van de werkzaamheden. Een eenvoudige verbouwing van het interieur is niet hetzelfde als een ingrijpende verbouwing waarbij de indeling, de structuur, de gevel of de installaties aanzienlijk worden gewijzigd. Wij bekijken uw situatie en geven aan <strong data-start=\"6863\" data-end=\"6890\">welke vergunning nodig is en welke<\/strong> documenten u moet overleggen.  <\/p>\n<p>[\/et_pb_accordion_item][et_pb_accordion_item title=&#8221;Zorgen jullie ook voor de bouwbegeleiding in Ll\u00edber?&#8221; _builder_version=&#8221;4.27.5&#8243; _module_preset=&#8221;default&#8221; global_colors_info=&#8221;{}&#8221; open=&#8221;off&#8221;]<\/p>\n<p>Ja. De <strong data-start=\"6988\" data-end=\"7009\">bouwbegeleiding <\/strong>is van cruciaal belang om ervoor te zorgen dat het gebouwde project overeenkomt met het ontwerp, om technische beslissingen op de bouwplaats te nemen en om de <strong data-start=\"7123\" data-end=\"7155\">kwaliteit, de deadlines en de samenhang<\/strong> van het eindresultaat te waarborgen. <\/p>\n<p>[\/et_pb_accordion_item][et_pb_accordion_item title=&#8221;Hoe begin ik als ik nog geen duidelijk beeld heb van de omvang of het budget?&#8221; _builder_version=&#8221;4.27.5&#8243; _module_preset=&#8221;default&#8221; global_colors_info=&#8221;{}&#8221; open=&#8221;off&#8221;]<\/p>\n<p><strong data-start=\"7260\" data-end=\"7279\">Tijdens een eerste gesprek bespreken we je idee<\/strong>, de staat van het pand of het perceel, de behoeften, de termijnen en een indicatieve begroting. Op basis van die informatie stellen we een <strong data-start=\"7420\" data-end=\"7439\">werkplan <\/strong>op en bepalen we de volgende stap (haalbaarheidsstudie, voorontwerp of omschrijving van de opdracht). <\/p>\n<p>[\/et_pb_accordion_item][\/et_pb_accordion][\/et_pb_column][\/et_pb_row][\/et_pb_section][et_pb_section fb_built=&#8221;1&#8243; _builder_version=&#8221;4.18.0&#8243; _module_preset=&#8221;default&#8221; global_colors_info=&#8221;{}&#8221;][et_pb_row _builder_version=&#8221;4.18.0&#8243; _module_preset=&#8221;default&#8221; global_colors_info=&#8221;{}&#8221;][et_pb_column type=&#8221;4_4&#8243; _builder_version=&#8221;4.18.0&#8243; _module_preset=&#8221;default&#8221; global_colors_info=&#8221;{}&#8221;][et_pb_text _builder_version=&#8221;4.18.0&#8243; _module_preset=&#8221;default&#8221; global_colors_info=&#8221;{}&#8221;]<\/p>\n<h2><span>Architecten in steden dichtbij Lliber<\/span><\/h2>\n<p>[\/et_pb_text][\/et_pb_column][\/et_pb_row][et_pb_row column_structure=&#8221;1_5,1_5,1_5,1_5,1_5&#8243; _builder_version=&#8221;4.18.0&#8243; _module_preset=&#8221;default&#8221; global_colors_info=&#8221;{}&#8221;][et_pb_column type=&#8221;1_5&#8243; _builder_version=&#8221;4.18.0&#8243; _module_preset=&#8221;default&#8221; global_colors_info=&#8221;{}&#8221;][et_pb_image src=&#8221;https:\/\/vellomonfortarquitectes.com\/wp-content\/uploads\/2023\/04\/benidorm.png&#8221; alt=&#8221;benidorm&#8221; title_text=&#8221;benidorm&#8221; url=&#8221;https:\/\/vellomonfortarquitectes.com\/nl\/architecten-alicante\/architecten-in-benidorm\/&#8221; _builder_version=&#8221;4.18.0&#8243; _module_preset=&#8221;default&#8221; global_colors_info=&#8221;{}&#8221;][\/et_pb_image][et_pb_text _builder_version=&#8221;4.18.0&#8243; _module_preset=&#8221;default&#8221; global_colors_info=&#8221;{}&#8221;]<\/p>\n<h3 style=\"text-align: center;\">Benidorm<\/h3>\n<p>[\/et_pb_text][\/et_pb_column][et_pb_column type=&#8221;1_5&#8243; _builder_version=&#8221;4.18.0&#8243; _module_preset=&#8221;default&#8221; global_colors_info=&#8221;{}&#8221;][et_pb_image src=&#8221;https:\/\/vellomonfortarquitectes.com\/wp-content\/uploads\/2023\/04\/benissa.png&#8221; alt=&#8221;benissa&#8221; title_text=&#8221;benissa&#8221; url=&#8221;https:\/\/vellomonfortarquitectes.com\/nl\/architecten-benisa\/&#8221; _builder_version=&#8221;4.18.0&#8243; _module_preset=&#8221;default&#8221; global_colors_info=&#8221;{}&#8221;][\/et_pb_image][et_pb_text _builder_version=&#8221;4.18.0&#8243; _module_preset=&#8221;default&#8221; global_colors_info=&#8221;{}&#8221;]<\/p>\n<h3 style=\"text-align: center;\">Benissa<\/h3>\n<p>[\/et_pb_text][\/et_pb_column][et_pb_column type=&#8221;1_5&#8243; _builder_version=&#8221;4.18.0&#8243; _module_preset=&#8221;default&#8221; global_colors_info=&#8221;{}&#8221;][et_pb_image src=&#8221;https:\/\/vellomonfortarquitectes.com\/wp-content\/uploads\/2023\/04\/calpe.png&#8221; alt=&#8221;calpe&#8221; title_text=&#8221;calpe&#8221; url=&#8221;https:\/\/vellomonfortarquitectes.com\/nl\/architecten-calpe\/&#8221; _builder_version=&#8221;4.18.0&#8243; _module_preset=&#8221;default&#8221; global_colors_info=&#8221;{}&#8221;][\/et_pb_image][et_pb_text _builder_version=&#8221;4.18.0&#8243; _module_preset=&#8221;default&#8221; global_colors_info=&#8221;{}&#8221;]<\/p>\n<h3 style=\"text-align: center;\">Calpe<\/h3>\n<p>[\/et_pb_text][\/et_pb_column][et_pb_column type=&#8221;1_5&#8243; _builder_version=&#8221;4.18.0&#8243; _module_preset=&#8221;default&#8221; global_colors_info=&#8221;{}&#8221;][et_pb_image src=&#8221;https:\/\/vellomonfortarquitectes.com\/wp-content\/uploads\/2023\/04\/denia.png&#8221; alt=&#8221;denia&#8221; title_text=&#8221;denia&#8221; url=&#8221;https:\/\/vellomonfortarquitectes.com\/nl\/architecten-denia\/&#8221; _builder_version=&#8221;4.18.0&#8243; _module_preset=&#8221;default&#8221; global_colors_info=&#8221;{}&#8221;][\/et_pb_image][et_pb_text _builder_version=&#8221;4.18.0&#8243; _module_preset=&#8221;default&#8221; global_colors_info=&#8221;{}&#8221;]<\/p>\n<h3 style=\"text-align: center;\">Denia<\/h3>\n<p>[\/et_pb_text][\/et_pb_column][et_pb_column type=&#8221;1_5&#8243; _builder_version=&#8221;4.18.0&#8243; _module_preset=&#8221;default&#8221; global_colors_info=&#8221;{}&#8221;][et_pb_image src=&#8221;https:\/\/vellomonfortarquitectes.com\/wp-content\/uploads\/2023\/04\/javea.png&#8221; alt=&#8221;javea&#8221; title_text=&#8221;javea&#8221; url=&#8221;https:\/\/vellomonfortarquitectes.com\/nl\/architecten-javea\/&#8221; _builder_version=&#8221;4.18.0&#8243; _module_preset=&#8221;default&#8221; global_colors_info=&#8221;{}&#8221;][\/et_pb_image][et_pb_text _builder_version=&#8221;4.18.0&#8243; _module_preset=&#8221;default&#8221; global_colors_info=&#8221;{}&#8221;]<\/p>\n<h3 style=\"text-align: center;\">Javea<\/h3>\n<p>[\/et_pb_text][\/et_pb_column][\/et_pb_row][et_pb_row column_structure=&#8221;1_4,1_4,1_4,1_4&#8243; _builder_version=&#8221;4.18.0&#8243; _module_preset=&#8221;default&#8221; global_colors_info=&#8221;{}&#8221;][et_pb_column type=&#8221;1_4&#8243; _builder_version=&#8221;4.18.0&#8243; _module_preset=&#8221;default&#8221; global_colors_info=&#8221;{}&#8221;][et_pb_image src=&#8221;https:\/\/vellomonfortarquitectes.com\/wp-content\/uploads\/2023\/04\/moraira.png&#8221; alt=&#8221;moraira&#8221; title_text=&#8221;moraira&#8221; url=&#8221;https:\/\/vellomonfortarquitectes.com\/nl\/architecten-moraira\/&#8221; _builder_version=&#8221;4.18.0&#8243; _module_preset=&#8221;default&#8221; global_colors_info=&#8221;{}&#8221;][\/et_pb_image][et_pb_text _builder_version=&#8221;4.18.0&#8243; _module_preset=&#8221;default&#8221; global_colors_info=&#8221;{}&#8221;]<\/p>\n<h3 style=\"text-align: center;\">Moraira<\/h3>\n<p>[\/et_pb_text][\/et_pb_column][et_pb_column type=&#8221;1_4&#8243; _builder_version=&#8221;4.18.0&#8243; _module_preset=&#8221;default&#8221; global_colors_info=&#8221;{}&#8221;][et_pb_image src=&#8221;https:\/\/vellomonfortarquitectes.com\/wp-content\/uploads\/2023\/04\/ondara.png&#8221; alt=&#8221;ondara&#8221; title_text=&#8221;ondara&#8221; url=&#8221;https:\/\/vellomonfortarquitectes.com\/nl\/architecten-ondara\/&#8221; _builder_version=&#8221;4.18.0&#8243; _module_preset=&#8221;default&#8221; global_colors_info=&#8221;{}&#8221;][\/et_pb_image][et_pb_text _builder_version=&#8221;4.18.0&#8243; _module_preset=&#8221;default&#8221; global_colors_info=&#8221;{}&#8221;]<\/p>\n<h3 style=\"text-align: center;\">Ondara<\/h3>\n<p>[\/et_pb_text][\/et_pb_column][et_pb_column type=&#8221;1_4&#8243; _builder_version=&#8221;4.18.0&#8243; _module_preset=&#8221;default&#8221; global_colors_info=&#8221;{}&#8221;][et_pb_image src=&#8221;https:\/\/vellomonfortarquitectes.com\/wp-content\/uploads\/2023\/04\/teulada.png&#8221; alt=&#8221;teulada&#8221; title_text=&#8221;teulada&#8221; url=&#8221;https:\/\/vellomonfortarquitectes.com\/nl\/architecten-teulada\/&#8221; _builder_version=&#8221;4.18.0&#8243; _module_preset=&#8221;default&#8221; global_colors_info=&#8221;{}&#8221;][\/et_pb_image][et_pb_text _builder_version=&#8221;4.18.0&#8243; _module_preset=&#8221;default&#8221; global_colors_info=&#8221;{}&#8221;]<\/p>\n<h3 style=\"text-align: center;\">Teulada<\/h3>\n<p>[\/et_pb_text][\/et_pb_column][et_pb_column type=&#8221;1_4&#8243; _builder_version=&#8221;4.18.0&#8243; _module_preset=&#8221;default&#8221; global_colors_info=&#8221;{}&#8221;][et_pb_image src=&#8221;https:\/\/vellomonfortarquitectes.com\/wp-content\/uploads\/2023\/06\/jalon.png&#8221; alt=&#8221;jalon&#8221; title_text=&#8221;jalon&#8221; url=&#8221;https:\/\/vellomonfortarquitectes.com\/nl\/architecten-alicante\/architecten-jalon\/&#8221; _builder_version=&#8221;4.18.0&#8243; _module_preset=&#8221;default&#8221; global_colors_info=&#8221;{}&#8221;][\/et_pb_image][et_pb_text _builder_version=&#8221;4.18.0&#8243; _module_preset=&#8221;default&#8221; global_colors_info=&#8221;{}&#8221;]<\/p>\n<h3 style=\"text-align: center;\">Jal\u00f3n<\/h3>\n<p>[\/et_pb_text][\/et_pb_column][\/et_pb_row][\/et_pb_section][et_pb_section fb_built=&#8221;1&#8243; fullwidth=&#8221;on&#8221; _builder_version=&#8221;4.16&#8243; _module_preset=&#8221;default&#8221; global_colors_info=&#8221;{}&#8221;][et_pb_fullwidth_code admin_label=&#8221;C\u00f3digo de anchura completa&#8221; _builder_version=&#8221;4.18.0&#8243; _module_preset=&#8221;default&#8221; link_option_url_new_window=&#8221;on&#8221; global_colors_info=&#8221;{}&#8221;]<iframe src=\"https:\/\/www.google.com\/maps\/embed?pb=!1m18!1m12!1m3!1d3112.0052042415855!2d-0.010541849999999998!3d38.740642799999996!2m3!1f0!2f0!3f0!3m2!1i1024!2i768!4f13.1!3m3!1m2!1s0xd61fde3156ecb6b%3A0x6ea7a40936111667!2s03727%20Jal%C3%B3n%2C%20Alicante!5e0!3m2!1ses!2ses!4v1686562469602!5m2!1ses!2ses\" width=\"100%\" height=\"450\" style=\"border:0;\" allowfullscreen=\"\" loading=\"lazy\" referrerpolicy=\"no-referrer-when-downgrade\"><\/iframe>[\/et_pb_fullwidth_code][\/et_pb_section][et_pb_section fb_built=&#8221;1&#8243; _builder_version=&#8221;4.25.0&#8243; _module_preset=&#8221;default&#8221; background_color=&#8221;#6f6f6f&#8221; custom_margin=&#8221;0px||0px||true|false&#8221; custom_padding=&#8221;50px||50px||true|false&#8221; global_module=&#8221;8739&#8243; saved_tabs=&#8221;all&#8221; collapsed=&#8221;off&#8221; global_colors_info=&#8221;{}&#8221;][et_pb_row column_structure=&#8221;1_4,1_4,1_4,1_4&#8243; _builder_version=&#8221;4.27.4&#8243; _module_preset=&#8221;default&#8221; custom_padding=&#8221;10px||10px||true|false&#8221; global_colors_info=&#8221;{}&#8221;][et_pb_column type=&#8221;1_4&#8243; _builder_version=&#8221;4.18.0&#8243; _module_preset=&#8221;default&#8221; global_colors_info=&#8221;{}&#8221;][et_pb_text admin_label=&#8221;Texto&#8221; _builder_version=&#8221;4.18.0&#8243; _module_preset=&#8221;default&#8221; text_text_color=&#8221;#FFFFFF&#8221; text_font_size=&#8221;10px&#8221; link_text_color=&#8221;#FFFFFF&#8221; link_option_url_new_window=&#8221;on&#8221; global_colors_info=&#8221;{}&#8221;]<\/p>\n<h3><span style=\"color: #ffffff;\">Architecten Gand\u00eda Vell\u00f3 Monfort<\/span><\/h3>\n<ul>\n<li style=\"font-size: 14px;\"><a href=\"https:\/\/vellomonfortarquitectes.com\/nl\/\">Architecten Gand\u00eda<\/a><\/li>\n<li style=\"font-size: 14px;\"><a href=\"https:\/\/vellomonfortarquitectes.com\/nl\/architecten-denia\/\">Architecten Denia<\/a><\/li>\n<li style=\"font-size: 14px;\"><a href=\"https:\/\/vellomonfortarquitectes.com\/nl\/architecten-javea\/\">Architecten J\u00e1vea<\/a><\/li>\n<li style=\"font-size: 14px;\"><a href=\"https:\/\/vellomonfortarquitectes.com\/nl\/architecten-moraira\/\" title=\"Architecten moraira\">Architecten Moraira<\/a><\/li>\n<li style=\"font-size: 14px;\"><a href=\"https:\/\/vellomonfortarquitectes.com\/nl\/architecten-alicante\/architecten-altea\/\">Architecten Altea<\/a><\/li>\n<\/ul>\n<p>&nbsp;<\/p>\n<p>[\/et_pb_text][\/et_pb_column][et_pb_column type=&#8221;1_4&#8243; _builder_version=&#8221;4.16&#8243; _module_preset=&#8221;default&#8221; global_colors_info=&#8221;{}&#8221;][et_pb_text admin_label=&#8221;Texto&#8221; _builder_version=&#8221;4.18.0&#8243; _module_preset=&#8221;default&#8221; text_text_color=&#8221;#ffffff&#8221; text_font_size=&#8221;10px&#8221; text_orientation=&#8221;center&#8221; custom_margin=&#8221;||0px||false|false&#8221; global_colors_info=&#8221;{}&#8221;]<\/p>\n<h3 style=\"text-align: center;\"><span style=\"color: #ffffff;\">Bouwkundige diensten<\/span><\/h3>\n<p style=\"text-align: center; font-size: 16px; line-height: 0.7;\"><span style=\"color: #ffffff;\"><a style=\"color: #ffffff;\" href=\"https:\/\/vellomonfortarquitectes.com\/nl\/nieuwbouwprojecten\/\">Nieuwbouwprojecten<\/a><\/span><\/p>\n<p style=\"text-align: center; font-size: 16px; line-height: 0.7;\"><span style=\"color: #ffffff;\"><a style=\"color: #ffffff;\" href=\"https:\/\/vellomonfortarquitectes.com\/nl\/hervormingsprojecten\/\">Hervormingsprojecten<\/a><\/span><\/p>\n<p style=\"text-align: center; font-size: 16px; line-height: 0.7;\"><span style=\"color: #ffffff;\"><a style=\"color: #ffffff;\" href=\"https:\/\/vellomonfortarquitectes.com\/nl\/interieur-ontwerp\/\">Interieurontwerp<\/a><\/span><\/p>\n<p style=\"text-align: center; font-size: 16px; line-height: 0.7;\"><span style=\"color: #ffffff;\"><a style=\"color: #ffffff;\" href=\"https:\/\/vellomonfortarquitectes.com\/nl\/structurele-berekeningen\/\">Structurele berekeningen<\/a><\/span><\/p>\n<p style=\"text-align: center; font-size: 16px; line-height: 0.7;\"><span style=\"color: #ffffff;\"><a style=\"color: #ffffff;\" href=\"https:\/\/vellomonfortarquitectes.com\/nl\/andere-diensten\/\">Andere diensten<\/a><\/span><\/p>\n<p style=\"text-align: center;\">[\/et_pb_text][\/et_pb_column][et_pb_column type=&#8221;1_4&#8243; _builder_version=&#8221;4.16&#8243; _module_preset=&#8221;default&#8221; global_colors_info=&#8221;{}&#8221;][et_pb_text admin_label=&#8221;Texto&#8221; _builder_version=&#8221;4.18.0&#8243; _module_preset=&#8221;default&#8221; text_text_color=&#8221;#FFFFFF&#8221; text_font_size=&#8221;10px&#8221; link_text_color=&#8221;#FFFFFF&#8221; link_option_url_new_window=&#8221;on&#8221; global_colors_info=&#8221;{}&#8221;]<\/p>\n<h3><span style=\"color: #ffffff;\">Bewoonbaarheidscertificaten<\/span><\/h3>\n<ul>\n<li style=\"font-size: 14px;\"><a href=\"https:\/\/vellomonfortarquitectes.com\/nl\/bewoonbaarheidscertificaten-voor-tweede-bewoning\/\">Bewoonbaarheidscertificaten in Gand\u00eda<\/a><\/li>\n<li style=\"font-size: 14px;\"><a href=\"https:\/\/vellomonfortarquitectes.com\/nl\/bewoningscertificaten-voor-tweede-bewoning-in-denia\/\">Bewoonbaarheidscertificaten in Denia<\/a><\/li>\n<li style=\"font-size: 14px;\"><a href=\"https:\/\/vellomonfortarquitectes.com\/nl\/bewoonbaarheidscertificaten-voor-tweede-bewoning-in-javea\/\">Bewoonbaarheidscertificaten in J\u00e1vea<\/a><\/li>\n<li style=\"font-size: 14px;\"><a href=\"https:\/\/vellomonfortarquitectes.com\/nl\/bewoonbaarheidscertificaten-voor-tweede-bewoning-in-teulada-moraira\/\">Bewoonbaarheidscertificaten in Teulada-Moraira<\/a><\/li>\n<li style=\"font-size: 14px;\"><a href=\"https:\/\/vellomonfortarquitectes.com\/nl\/bewoningscertificaten-voor-tweede-bewoning-in-benissa\/\">Bewoonbaarheidscertificaten in Benissa<\/a><\/li>\n<li style=\"font-size: 14px;\"><a href=\"https:\/\/vellomonfortarquitectes.com\/nl\/bewoningscertificaten-voor-tweede-bewoning-in-calp\/\">Bewoonbaarheidscertificaten in Calp<\/a><\/li>\n<li style=\"font-size: 14px;\"><a href=\"https:\/\/vellomonfortarquitectes.com\/nl\/bewoonbaarheidscertificaten-voor-tweede-bewoning-in-altea\/\">Bewoonbaarheidscertificaten in Altea<\/a><\/li>\n<\/ul>\n<p>&nbsp;<\/p>\n<p>[\/et_pb_text][\/et_pb_column][et_pb_column type=&#8221;1_4&#8243; _builder_version=&#8221;4.16&#8243; _module_preset=&#8221;default&#8221; global_colors_info=&#8221;{}&#8221;][et_pb_text admin_label=&#8221;Texto&#8221; _builder_version=&#8221;4.18.0&#8243; _module_preset=&#8221;default&#8221; text_text_color=&#8221;#ffffff&#8221; link_text_color=&#8221;#FFFFFF&#8221; global_colors_info=&#8221;{}&#8221;]<\/p>\n<h3 style=\"text-align: center;\"><span style=\"color: #ffffff;\">Neem contact met ons op<\/span><\/h3>\n<p style=\"text-align: center;\"><a href=\"mailto:info@vellomonfortarquitectes.com\">info@vellomonfortarquitectes.com<\/a><\/p>\n<p style=\"text-align: center;\"><a style=\"text-align: center; color: #fffff;\" href=\"tel:600397039\">600 39 70 39<\/a><\/p>\n<p style=\"text-align: center;\">Carrer Vallier, 2 4\u00baB 46702 Gand\u00eda &#8211; Valencia<\/p>\n<p>&nbsp;<\/p>\n<p>[\/et_pb_text][et_pb_code _builder_version=&#8221;4.16&#8243; _module_preset=&#8221;default&#8221; global_colors_info=&#8221;{}&#8221;]<span><a href=\"https:\/\/www.facebook.com\/Vello-Monfort-Arquitectes-576144702560859\"><i style=\"color:white;padding-right:10px;\" class=\"fab fa-facebook-f fa-2x\"><\/i><\/a> <a href=\"https:\/\/www.instagram.com\/vellomonfortarquitectes\/\"><i style=\"color:white;padding-right:10px;\" class=\"fab fa-instagram fa-2x\"><\/i><\/a> <a href=\"https:\/\/www.linkedin.com\/company\/vell%C3%B3monfortarquitectes\/\"><i style=\"color:white;padding-right:10px;\" class=\"fa-2x fab fa-linkedin-in\"><\/i><\/a><\/span>[\/et_pb_code][\/et_pb_column][\/et_pb_row][\/et_pb_section]<\/p>\n","protected":false},"excerpt":{"rendered":"<p>ARCHITECTEN IN LLIBERArchitectenwerk bij Lliber &#8211; Vell\u00f3 Monfort Architecten Architectenbureau in Ll\u00edber: nieuwbouw, renovaties en interieurontwerp Als u op zoek bent naar architecten in Ll\u00edber, dan bent u bij Vell\u00f3 Monfort Arquitectes aan het juiste adres. Wij realiseren nieuwbouwprojecten, complete renovaties, restauraties en interieurontwerpen met een duidelijke visie: functionele, lichte en degelijk gebouwde architectuur, ontworpen [&hellip;]<\/p>\n","protected":false},"author":5,"featured_media":14177,"parent":14183,"menu_order":0,"comment_status":"closed","ping_status":"closed","template":"","meta":{"_et_pb_use_builder":"on","_et_pb_old_content":"","_et_gb_content_width":"","footnotes":""},"class_list":["post-14219","page","type-page","status-publish","has-post-thumbnail","hentry"],"yoast_head":"<!-- This site is optimized with the Yoast SEO plugin v27.5 - https:\/\/yoast.com\/product\/yoast-seo-wordpress\/ -->\n<title>\u25b7 Architecten in Lliber | Professionele architecten in Lliber<\/title>\n<meta name=\"description\" content=\"Lliber architecten gespecialiseerd in eengezinswoningen \u2705 Een team van architecten in Lliber met de beste service\" \/>\n<meta name=\"robots\" content=\"index, follow, max-snippet:-1, max-image-preview:large, max-video-preview:-1\" \/>\n<link rel=\"canonical\" href=\"https:\/\/vellomonfortarquitectes.com\/nl\/architecten-alicante\/lliber-architecten\/\" \/>\n<meta property=\"og:locale\" content=\"nl_NL\" \/>\n<meta property=\"og:type\" content=\"article\" \/>\n<meta property=\"og:title\" content=\"\u25b7 Architecten in Lliber | Professionele architecten in Lliber\" \/>\n<meta property=\"og:description\" content=\"Lliber architecten gespecialiseerd in eengezinswoningen \u2705 Een team van architecten in Lliber met de beste service\" \/>\n<meta property=\"og:url\" content=\"https:\/\/vellomonfortarquitectes.com\/nl\/architecten-alicante\/lliber-architecten\/\" \/>\n<meta property=\"og:site_name\" content=\"Vello Arquitectura\" \/>\n<meta property=\"article:modified_time\" content=\"2026-04-08T06:50:19+00:00\" \/>\n<meta property=\"og:image\" content=\"https:\/\/vellomonfortarquitectes.com\/wp-content\/uploads\/2021\/04\/vivienda-madrasa-arquitectos-altea.jpg\" \/>\n\t<meta property=\"og:image:width\" content=\"500\" \/>\n\t<meta property=\"og:image:height\" content=\"500\" \/>\n\t<meta property=\"og:image:type\" content=\"image\/jpeg\" \/>\n<meta name=\"twitter:card\" content=\"summary_large_image\" \/>\n<meta name=\"twitter:label1\" content=\"Geschatte leestijd\" \/>\n\t<meta name=\"twitter:data1\" content=\"21 minuten\" \/>\n<script type=\"application\/ld+json\" class=\"yoast-schema-graph\">{\"@context\":\"https:\\\/\\\/schema.org\",\"@graph\":[{\"@type\":\"WebPage\",\"@id\":\"https:\\\/\\\/vellomonfortarquitectes.com\\\/nl\\\/architecten-alicante\\\/lliber-architecten\\\/\",\"url\":\"https:\\\/\\\/vellomonfortarquitectes.com\\\/nl\\\/architecten-alicante\\\/lliber-architecten\\\/\",\"name\":\"\u25b7 Architecten in Lliber | Professionele architecten in Lliber\",\"isPartOf\":{\"@id\":\"https:\\\/\\\/vellomonfortarquitectes.com\\\/nl\\\/#website\"},\"primaryImageOfPage\":{\"@id\":\"https:\\\/\\\/vellomonfortarquitectes.com\\\/nl\\\/architecten-alicante\\\/lliber-architecten\\\/#primaryimage\"},\"image\":{\"@id\":\"https:\\\/\\\/vellomonfortarquitectes.com\\\/nl\\\/architecten-alicante\\\/lliber-architecten\\\/#primaryimage\"},\"thumbnailUrl\":\"https:\\\/\\\/vellomonfortarquitectes.com\\\/wp-content\\\/uploads\\\/2021\\\/04\\\/vivienda-madrasa-arquitectos-altea.jpg\",\"datePublished\":\"2023-06-12T09:38:47+00:00\",\"dateModified\":\"2026-04-08T06:50:19+00:00\",\"description\":\"Lliber architecten gespecialiseerd in eengezinswoningen \u2705 Een team van architecten in Lliber met de beste service\",\"breadcrumb\":{\"@id\":\"https:\\\/\\\/vellomonfortarquitectes.com\\\/nl\\\/architecten-alicante\\\/lliber-architecten\\\/#breadcrumb\"},\"inLanguage\":\"nl-NL\",\"potentialAction\":[{\"@type\":\"ReadAction\",\"target\":[\"https:\\\/\\\/vellomonfortarquitectes.com\\\/nl\\\/architecten-alicante\\\/lliber-architecten\\\/\"]}]},{\"@type\":\"ImageObject\",\"inLanguage\":\"nl-NL\",\"@id\":\"https:\\\/\\\/vellomonfortarquitectes.com\\\/nl\\\/architecten-alicante\\\/lliber-architecten\\\/#primaryimage\",\"url\":\"https:\\\/\\\/vellomonfortarquitectes.com\\\/wp-content\\\/uploads\\\/2021\\\/04\\\/vivienda-madrasa-arquitectos-altea.jpg\",\"contentUrl\":\"https:\\\/\\\/vellomonfortarquitectes.com\\\/wp-content\\\/uploads\\\/2021\\\/04\\\/vivienda-madrasa-arquitectos-altea.jpg\",\"width\":500,\"height\":500},{\"@type\":\"BreadcrumbList\",\"@id\":\"https:\\\/\\\/vellomonfortarquitectes.com\\\/nl\\\/architecten-alicante\\\/lliber-architecten\\\/#breadcrumb\",\"itemListElement\":[{\"@type\":\"ListItem\",\"position\":1,\"name\":\"Portada\",\"item\":\"https:\\\/\\\/vellomonfortarquitectes.com\\\/nl\\\/\"},{\"@type\":\"ListItem\",\"position\":2,\"name\":\"Architecten Alicante\",\"item\":\"https:\\\/\\\/vellomonfortarquitectes.com\\\/nl\\\/architecten-alicante\\\/\"},{\"@type\":\"ListItem\",\"position\":3,\"name\":\"Lliber Architecten\"}]},{\"@type\":\"WebSite\",\"@id\":\"https:\\\/\\\/vellomonfortarquitectes.com\\\/nl\\\/#website\",\"url\":\"https:\\\/\\\/vellomonfortarquitectes.com\\\/nl\\\/\",\"name\":\"Vello Arquitectura\",\"description\":\"\",\"potentialAction\":[{\"@type\":\"SearchAction\",\"target\":{\"@type\":\"EntryPoint\",\"urlTemplate\":\"https:\\\/\\\/vellomonfortarquitectes.com\\\/nl\\\/?s={search_term_string}\"},\"query-input\":{\"@type\":\"PropertyValueSpecification\",\"valueRequired\":true,\"valueName\":\"search_term_string\"}}],\"inLanguage\":\"nl-NL\"}]}<\/script>\n<!-- \/ Yoast SEO plugin. -->","yoast_head_json":{"title":"\u25b7 Architecten in Lliber | Professionele architecten in Lliber","description":"Lliber architecten gespecialiseerd in eengezinswoningen \u2705 Een team van architecten in Lliber met de beste service","robots":{"index":"index","follow":"follow","max-snippet":"max-snippet:-1","max-image-preview":"max-image-preview:large","max-video-preview":"max-video-preview:-1"},"canonical":"https:\/\/vellomonfortarquitectes.com\/nl\/architecten-alicante\/lliber-architecten\/","og_locale":"nl_NL","og_type":"article","og_title":"\u25b7 Architecten in Lliber | Professionele architecten in Lliber","og_description":"Lliber architecten gespecialiseerd in eengezinswoningen \u2705 Een team van architecten in Lliber met de beste service","og_url":"https:\/\/vellomonfortarquitectes.com\/nl\/architecten-alicante\/lliber-architecten\/","og_site_name":"Vello Arquitectura","article_modified_time":"2026-04-08T06:50:19+00:00","og_image":[{"width":500,"height":500,"url":"https:\/\/vellomonfortarquitectes.com\/wp-content\/uploads\/2021\/04\/vivienda-madrasa-arquitectos-altea.jpg","type":"image\/jpeg"}],"twitter_card":"summary_large_image","twitter_misc":{"Geschatte leestijd":"21 minuten"},"schema":{"@context":"https:\/\/schema.org","@graph":[{"@type":"WebPage","@id":"https:\/\/vellomonfortarquitectes.com\/nl\/architecten-alicante\/lliber-architecten\/","url":"https:\/\/vellomonfortarquitectes.com\/nl\/architecten-alicante\/lliber-architecten\/","name":"\u25b7 Architecten in Lliber | Professionele architecten in Lliber","isPartOf":{"@id":"https:\/\/vellomonfortarquitectes.com\/nl\/#website"},"primaryImageOfPage":{"@id":"https:\/\/vellomonfortarquitectes.com\/nl\/architecten-alicante\/lliber-architecten\/#primaryimage"},"image":{"@id":"https:\/\/vellomonfortarquitectes.com\/nl\/architecten-alicante\/lliber-architecten\/#primaryimage"},"thumbnailUrl":"https:\/\/vellomonfortarquitectes.com\/wp-content\/uploads\/2021\/04\/vivienda-madrasa-arquitectos-altea.jpg","datePublished":"2023-06-12T09:38:47+00:00","dateModified":"2026-04-08T06:50:19+00:00","description":"Lliber architecten gespecialiseerd in eengezinswoningen \u2705 Een team van architecten in Lliber met de beste service","breadcrumb":{"@id":"https:\/\/vellomonfortarquitectes.com\/nl\/architecten-alicante\/lliber-architecten\/#breadcrumb"},"inLanguage":"nl-NL","potentialAction":[{"@type":"ReadAction","target":["https:\/\/vellomonfortarquitectes.com\/nl\/architecten-alicante\/lliber-architecten\/"]}]},{"@type":"ImageObject","inLanguage":"nl-NL","@id":"https:\/\/vellomonfortarquitectes.com\/nl\/architecten-alicante\/lliber-architecten\/#primaryimage","url":"https:\/\/vellomonfortarquitectes.com\/wp-content\/uploads\/2021\/04\/vivienda-madrasa-arquitectos-altea.jpg","contentUrl":"https:\/\/vellomonfortarquitectes.com\/wp-content\/uploads\/2021\/04\/vivienda-madrasa-arquitectos-altea.jpg","width":500,"height":500},{"@type":"BreadcrumbList","@id":"https:\/\/vellomonfortarquitectes.com\/nl\/architecten-alicante\/lliber-architecten\/#breadcrumb","itemListElement":[{"@type":"ListItem","position":1,"name":"Portada","item":"https:\/\/vellomonfortarquitectes.com\/nl\/"},{"@type":"ListItem","position":2,"name":"Architecten Alicante","item":"https:\/\/vellomonfortarquitectes.com\/nl\/architecten-alicante\/"},{"@type":"ListItem","position":3,"name":"Lliber Architecten"}]},{"@type":"WebSite","@id":"https:\/\/vellomonfortarquitectes.com\/nl\/#website","url":"https:\/\/vellomonfortarquitectes.com\/nl\/","name":"Vello Arquitectura","description":"","potentialAction":[{"@type":"SearchAction","target":{"@type":"EntryPoint","urlTemplate":"https:\/\/vellomonfortarquitectes.com\/nl\/?s={search_term_string}"},"query-input":{"@type":"PropertyValueSpecification","valueRequired":true,"valueName":"search_term_string"}}],"inLanguage":"nl-NL"}]}},"_links":{"self":[{"href":"https:\/\/vellomonfortarquitectes.com\/nl\/wp-json\/wp\/v2\/pages\/14219","targetHints":{"allow":["GET"]}}],"collection":[{"href":"https:\/\/vellomonfortarquitectes.com\/nl\/wp-json\/wp\/v2\/pages"}],"about":[{"href":"https:\/\/vellomonfortarquitectes.com\/nl\/wp-json\/wp\/v2\/types\/page"}],"author":[{"embeddable":true,"href":"https:\/\/vellomonfortarquitectes.com\/nl\/wp-json\/wp\/v2\/users\/5"}],"replies":[{"embeddable":true,"href":"https:\/\/vellomonfortarquitectes.com\/nl\/wp-json\/wp\/v2\/comments?post=14219"}],"version-history":[{"count":9,"href":"https:\/\/vellomonfortarquitectes.com\/nl\/wp-json\/wp\/v2\/pages\/14219\/revisions"}],"predecessor-version":[{"id":16115,"href":"https:\/\/vellomonfortarquitectes.com\/nl\/wp-json\/wp\/v2\/pages\/14219\/revisions\/16115"}],"up":[{"embeddable":true,"href":"https:\/\/vellomonfortarquitectes.com\/nl\/wp-json\/wp\/v2\/pages\/14183"}],"wp:featuredmedia":[{"embeddable":true,"href":"https:\/\/vellomonfortarquitectes.com\/nl\/wp-json\/wp\/v2\/media\/14177"}],"wp:attachment":[{"href":"https:\/\/vellomonfortarquitectes.com\/nl\/wp-json\/wp\/v2\/media?parent=14219"}],"curies":[{"name":"wp","href":"https:\/\/api.w.org\/{rel}","templated":true}]}}