{"id":14387,"date":"2023-10-16T12:16:58","date_gmt":"2023-10-16T12:16:58","guid":{"rendered":"https:\/\/vellomonfortarquitectes.com\/hervormingsprojecten\/volledige-renovatie\/integrale-hervorming-in-lliber\/"},"modified":"2025-04-25T09:23:25","modified_gmt":"2025-04-25T09:23:25","slug":"integrale-hervorming-in-lliber","status":"publish","type":"page","link":"https:\/\/vellomonfortarquitectes.com\/nl\/hervormingsprojecten\/volledige-renovatie\/integrale-hervorming-in-lliber\/","title":{"rendered":"Integrale hervorming in Lliber"},"content":{"rendered":"<p>[et_pb_section fb_built=&#8221;1&#8243; custom_padding_last_edited=&#8221;on|phone&#8221; _builder_version=&#8221;4.16&#8243; background_image=&#8221;https:\/\/vellomonfortarquitectes.com\/wp-content\/uploads\/2022\/05\/Certificado-de-habitabilidad-segunda-ocupacion-1-min.jpg&#8221; custom_padding=&#8221;9px||814px||false|false&#8221; custom_padding_tablet=&#8221;&#8221; custom_padding_phone=&#8221;9px||200px||false|false&#8221; collapsed=&#8221;off&#8221; global_colors_info=&#8221;{}&#8221;][\/et_pb_section][et_pb_section fb_built=&#8221;1&#8243; _builder_version=&#8221;4.16&#8243; _module_preset=&#8221;default&#8221; custom_padding=&#8221;40px|||||&#8221; collapsed=&#8221;off&#8221; global_colors_info=&#8221;{}&#8221;][et_pb_row column_structure=&#8221;1_3,2_3&#8243; _builder_version=&#8221;4.16&#8243; _module_preset=&#8221;default&#8221; global_colors_info=&#8221;{}&#8221;][et_pb_column type=&#8221;1_3&#8243; _builder_version=&#8221;4.16&#8243; _module_preset=&#8221;default&#8221; global_colors_info=&#8221;{}&#8221;][et_pb_text _builder_version=&#8221;4.18.0&#8243; _module_preset=&#8221;default&#8221; header_font=&#8221;|300|||||||&#8221; header_font_size=&#8221;50px&#8221; header_line_height=&#8221;1.3em&#8221; header_2_font=&#8221;|300|||||||&#8221; header_2_font_size=&#8221;50px&#8221; header_2_line_height=&#8221;1.3em&#8221; header_font_size_tablet=&#8221;&#8221; header_font_size_phone=&#8221;30px&#8221; header_font_size_last_edited=&#8221;on|phone&#8221; global_colors_info=&#8221;{}&#8221;]<\/p>\n<h1><span style=\"font-weight: 400;\">Projecten van integrale hervorming in Lliber<\/span><\/h1>\n<p>[\/et_pb_text][\/et_pb_column][et_pb_column type=&#8221;2_3&#8243; _builder_version=&#8221;4.16&#8243; _module_preset=&#8221;default&#8221; global_colors_info=&#8221;{}&#8221;][et_pb_text _builder_version=&#8221;4.18.0&#8243; _module_preset=&#8221;default&#8221; locked=&#8221;off&#8221; global_colors_info=&#8221;{}&#8221;]<\/p>\n<h2><strong>Integrale hervorming in Lliber<\/strong><\/h2>\n<p>In het hart van Lliber heb je de mogelijkheid om je huis volledig te revitaliseren door middel van een <strong>complete renovatie<\/strong>. Dit proces gaat verder dan een eenvoudige renovatie; het is een complete metamorfose die je in staat stelt om je ruimte aan te passen aan je huidige behoeften en levensstijl. Bij <strong>Vell\u00f3 Monfort Arquitectos<\/strong> begrijpen we het belang van deze reis en we zijn er om je te begeleiden vanaf het eerste idee tot en met de voltooiing.  <\/p>\n<p>Wanneer je besluit om te beginnen aan een woningrenovatie in Lliber, neem je een stap in de richting van een esthetische en functionele transformatie van je huis. Elke ruimte wordt opnieuw doordacht en ontworpen om het nut en de schoonheid ervan te optimaliseren. Het natuurlijke licht en de panoramische uitzichten van de omgeving worden op meesterlijke wijze ge\u00efntegreerd in je nieuwe ontwerp, waardoor een harmonieuze en verfrissende sfeer ontstaat.  <\/p>\n<p>Naast de visuele verbetering is een renovatie in Lliber de perfecte gelegenheid om de infrastructuur en systemen van je huis te moderniseren. Dit omvat de renovatie van elektrische, loodgieters- en airconditioningsystemen voor meer effici\u00ebntie en veiligheid. We kunnen ook technologische en duurzame oplossingen integreren om je huis in de voorhoede van eco-effici\u00ebntie te houden en in lijn met de laatste trends. Vertaald met DeepL.com (gratis versie)  <\/p>\n<p>Uiteindelijk is een <strong>grondige verbouwing in Lliber<\/strong> een investering in comfort en waarde. Je krijgt een volledig gerenoveerde ruimte die past bij je huidige levensstijl en die de waarde van je woning verhoogt. Of je nu van plan bent om nog vele jaren in je huis te wonen of een toekomstige verkoop overweegt, een goed geplande en uitgevoerde integrale renovatie is een slimme en lonende keuze.  <\/p>\n<p>[\/et_pb_text][\/et_pb_column][\/et_pb_row][et_pb_row _builder_version=&#8221;4.16&#8243; _module_preset=&#8221;default&#8221; global_colors_info=&#8221;{}&#8221;][et_pb_column type=&#8221;4_4&#8243; _builder_version=&#8221;4.16&#8243; _module_preset=&#8221;default&#8221; global_colors_info=&#8221;{}&#8221;][et_pb_text _builder_version=&#8221;4.18.0&#8243; _module_preset=&#8221;default&#8221; custom_padding=&#8221;||0px|||&#8221; global_colors_info=&#8221;{}&#8221;]<\/p>\n<h2>Wat is een uitgebreide hervorming?<\/h2>\n<p>Een <strong>woningrenovatie in Lliber<\/strong> is niet alleen een oppervlakkige renovatie van je huis; het is een complete transformatie die elk aspect van je huis omvat. Het gaat om het heroverwegen, herontwerpen en renoveren van elke ruimte om deze aan te passen aan je huidige behoeften en esthetische voorkeuren. Bij Vell\u00f3 Monfort Arquitectos begrijpen we dat het bij dit proces niet alleen gaat om het veranderen van het uiterlijk van uw huis, maar om het cre\u00ebren van een omgeving die uw levensstijl weerspiegelt en uw levenskwaliteit verbetert.  <\/p>\n<p>Wanneer je besluit om een grondige <em>verbouwing uit te voeren in Lliber<\/em>, zet je een stap in de richting van een totale metamorfose van je huis. Van begin tot eind werken we samen. We werken nauw met je samen om ervoor te zorgen dat elke hoek van je ruimte opnieuw wordt ontworpen met een combinatie van functionaliteit en creativiteit. We hebben een passie voor het verwerken van innovatieve idee\u00ebn in onze projecten, zodat uw woning niet alleen fris en nieuw aanvoelt, maar ook is uitgerust met de nieuwste technologische en duurzame oplossingen.   <\/p>\n<p>Lliber is een unieke plaats en we willen dat jouw woning de uniciteit en schoonheid ervan weerspiegelt. Of je huis nu in het centrum van de stad staat of in een meer landelijke omgeving, ons doel is om de essentie van Lliber vast te leggen in elk detail van je renovatie. <\/p>\n<p>Bij Vell\u00f3 Monfort Architects zijn we er trots op dat we van jouw <strong>huisrenovatie in Lliber <\/strong> een unieke en persoonlijke ervaring maken die jouw dromen en behoeften weerspiegelt. We helpen je een huis te cre\u00ebren dat je helemaal in harmonie brengt met deze prachtige hoek van de Costa Blanca. <\/p>\n<p>[\/et_pb_text][et_pb_cta title=&#8221;Neem contact op met ons team voor uw integrale hervorming&#8221; button_url=&#8221;https:\/\/vellomonfortarquitectes.com\/nl\/contact\/&#8221; button_text=&#8221;Neem contact op met&#8221; disabled_on=&#8221;on|off|off&#8221; _builder_version=&#8221;4.18.0&#8243; _module_preset=&#8221;default&#8221; width=&#8221;50%&#8221; module_alignment=&#8221;center&#8221; link_option_url=&#8221;https:\/\/vellomonfortarquitectes.com\/nl\/contact\/&#8221; global_colors_info=&#8221;{}&#8221;][\/et_pb_cta][et_pb_cta button_url=&#8221;https:\/\/vellomonfortarquitectes.com\/nl\/contact\/&#8221; button_text=&#8221;Neem contact op met ons team&#8221; disabled_on=&#8221;off|on|on&#8221; _builder_version=&#8221;4.16&#8243; _module_preset=&#8221;default&#8221; link_option_url=&#8221;https:\/\/vellomonfortarquitectes.com\/nl\/contact\/&#8221; global_colors_info=&#8221;{}&#8221;][\/et_pb_cta][et_pb_text _builder_version=&#8221;4.18.0&#8243; _module_preset=&#8221;default&#8221; global_colors_info=&#8221;{}&#8221;]<\/p>\n<h2><span>Redenen om na te denken over een integrale hervorming in Lliber<\/span><\/h2>\n<p>De mogelijkheid van een <strong>woningrenovatie in Lliber<\/strong> gaat verder dan alleen het updaten van je huis; het is een opwindende kans om je ruimte volledig te transformeren. Met deze keuze kun je je huis aanpassen aan je veranderende behoeften en je levensstijl op een unieke manier weerspiegelen. In Lliber, met zijn lokale charme en prachtige natuurlijke omgeving, heb je de perfecte achtergrond om een renovatie uit te voeren die de schoonheid van het gebied combineert met het comfort van je huis.  <\/p>\n<p>Een van de meest opvallende voordelen van een <strong>uitgebreide renovatie<\/strong> is de transformatie van de leefruimte. Door ruimtes te reorganiseren en opnieuw in te richten, kun je de functionaliteit en doorstroming van elke hoek verbeteren. Dit vertaalt zich in ruimere, heldere kamers met een effici\u00ebntere indeling, zodat je optimaal kunt genieten van het natuurlijke uitzicht en de vredige omgeving van Lliber. Een huis met goed ontworpen ruimtes verbetert niet alleen je levenskwaliteit, maar voegt ook waarde toe aan je woning.   <\/p>\n<p>Naast esthetische verbetering is een <strong>renovatie in Lliber<\/strong> de perfecte gelegenheid om de infrastructuur en systemen van je huis te moderniseren. Dit omvat het upgraden van elektrische, loodgieters- en airconditioningsystemen voor meer effici\u00ebntie en veiligheid. Je kunt ook technologische en duurzame oplossingen inbouwen die van je huis een milieuvriendelijkere ruimte maken volgens de laatste trends.  <\/p>\n<p>Zonder twijfel is een <strong>woningrenovatie in Lliber<\/strong> een investering in comfort en welzijn. Het geeft je een gerenoveerde ruimte die zich aanpast aan je smaak en behoeften, waardoor je dagelijkse ervaring en die van je gezin verbetert. Bovendien wordt een vernieuwd huis met kwaliteitsafwerkingen een magneet voor potenti\u00eble kopers, wat de waarde van je investering op lange termijn kan verhogen.  <\/p>\n<ul><\/ul>\n<p>[\/et_pb_text][\/et_pb_column][\/et_pb_row][et_pb_row column_structure=&#8221;1_3,1_3,1_3&#8243; _builder_version=&#8221;4.16&#8243; _module_preset=&#8221;default&#8221; max_width=&#8221;800px&#8221; locked=&#8221;off&#8221; global_colors_info=&#8221;{}&#8221;][et_pb_column type=&#8221;1_3&#8243; _builder_version=&#8221;4.16&#8243; _module_preset=&#8221;default&#8221; global_colors_info=&#8221;{}&#8221;][et_pb_text _builder_version=&#8221;4.16&#8243; _module_preset=&#8221;default&#8221; link_option_url=&#8221;https:\/\/vellomonfortarquitectes.com\/nl\/architectuur-studio-gandia\/&#8221; global_colors_info=&#8221;{}&#8221;]<img loading=\"lazy\" decoding=\"async\" src=\"https:\/\/vellomonfortarquitectes.com\/wp-content\/uploads\/2020\/11\/llapis_estudio.png\" width=\"80\" height=\"124\" alt=\"\" class=\"wp-image-8678 alignnone size-full\" style=\"display: block; margin-left: auto; margin-right: auto;\"><\/p>\n<p style=\"text-align: center;\">STUDIO<\/p>\n<p>[\/et_pb_text][\/et_pb_column][et_pb_column type=&#8221;1_3&#8243; _builder_version=&#8221;4.16&#8243; _module_preset=&#8221;default&#8221; global_colors_info=&#8221;{}&#8221;][et_pb_text _builder_version=&#8221;4.16&#8243; _module_preset=&#8221;default&#8221; link_option_url=&#8221;https:\/\/vellomonfortarquitectes.com\/nl\/contact\/&#8221; global_colors_info=&#8221;{}&#8221;]<\/p>\n<p><img loading=\"lazy\" decoding=\"async\" src=\"https:\/\/vellomonfortarquitectes.com\/wp-content\/uploads\/2020\/11\/regles_quehacemos.png\" width=\"80\" height=\"80\" alt=\"\" class=\"wp-image-8676 alignnone size-full\" style=\"display: block; margin-left: auto; margin-right: auto;\"><\/p>\n<p style=\"text-align: center;\">CONTACT<\/p>\n<p>[\/et_pb_text][\/et_pb_column][et_pb_column type=&#8221;1_3&#8243; _builder_version=&#8221;4.16&#8243; _module_preset=&#8221;default&#8221; global_colors_info=&#8221;{}&#8221;][et_pb_text _builder_version=&#8221;4.16&#8243; _module_preset=&#8221;default&#8221; link_option_url=&#8221;https:\/\/vellomonfortarquitectes.com\/nl\/projecten\/&#8221; global_colors_info=&#8221;{}&#8221;]<\/p>\n<p><img loading=\"lazy\" decoding=\"async\" src=\"https:\/\/vellomonfortarquitectes.com\/wp-content\/uploads\/2020\/11\/compas_proyectos.png\" width=\"80\" height=\"80\" alt=\"\" class=\"wp-image-8677 alignnone size-full\" style=\"display: block; margin-left: auto; margin-right: auto;\"><\/p>\n<p style=\"text-align: center;\">PROJECTEN<\/p>\n<p>[\/et_pb_text][\/et_pb_column][\/et_pb_row][et_pb_row _builder_version=&#8221;4.18.0&#8243; _module_preset=&#8221;default&#8221; global_colors_info=&#8221;{}&#8221;][et_pb_column type=&#8221;4_4&#8243; _builder_version=&#8221;4.18.0&#8243; _module_preset=&#8221;default&#8221; global_colors_info=&#8221;{}&#8221;][et_pb_text _builder_version=&#8221;4.18.0&#8243; _module_preset=&#8221;default&#8221; global_colors_info=&#8221;{}&#8221;]<\/p>\n<h2><strong>Wij vergroten het succes van uw Integrale Hervorming in Lliber<\/strong><\/h2>\n<p>Stel je een huis in Lliber voor dat volledig jouw dromen en behoeften weerspiegelt, een ruimte waar elke hoek een manifestatie is van jouw stijl en persoonlijkheid. Bij <strong>Vell\u00f3 Monfort Arquitectos<\/strong> zijn we gespecialiseerd in het verwezenlijken van deze visie door middel van uitgebreide renovaties in Lliber die uw verwachtingen omzetten in een spectaculaire werkelijkheid. Met onze ervaring en toewijding begeleiden we je bij elke stap van het proces, van ontwerp tot voltooiing van het project, en garanderen we uitzonderlijke resultaten.  <\/p>\n<p>Richt je ruimtes opnieuw in, moderniseer infrastructuren en cre\u00eber een unieke omgeving waarin je je helemaal thuis voelt in Lliber. Ons team van architecten gaat er prat op innovatie en creativiteit te integreren in elk project, wat resulteert in ruimtes die eigentijds, functioneel en karaktervol zijn. Bovendien vereenvoudigen we alle procedures, zodat je snel kunt genieten van je gerenoveerde ruimte in deze prachtige hoek van de Costa Blanca. Bij <strong>Vell\u00f3 Monfort Architects<\/strong> zijn we er om het succes van je integrale hervorming in Lliber te vergroten, zodat je dromen en verwachtingen verder gaan dan je je kunt voorstellen.   <\/p>\n<p>&nbsp;<\/p>\n<p>[\/et_pb_text][\/et_pb_column][\/et_pb_row][et_pb_row _builder_version=&#8221;4.18.0&#8243; _module_preset=&#8221;default&#8221; global_colors_info=&#8221;{}&#8221;][et_pb_column type=&#8221;4_4&#8243; _builder_version=&#8221;4.18.0&#8243; _module_preset=&#8221;default&#8221; global_colors_info=&#8221;{}&#8221;][et_pb_code _builder_version=&#8221;4.18.0&#8243; _module_preset=&#8221;default&#8221; global_colors_info=&#8221;{}&#8221;]<iframe src=\"https:\/\/www.google.com\/maps\/embed?pb=!1m18!1m12!1m3!1d1555.9493176072997!2d0.0052298567908368!3d38.74308823492669!2m3!1f0!2f0!3f0!3m2!1i1024!2i768!4f13.1!3m3!1m2!1s0x129e0204666f86a9%3A0x4a5279ab5dd776c3!2s03729%20Ll%C3%ADber%2C%20Alicante!5e0!3m2!1ses!2ses!4v1697458913960!5m2!1ses!2ses\" width=\"100%\" height=\"600\" style=\"border:0;\" allowfullscreen=\"\" loading=\"lazy\" referrerpolicy=\"no-referrer-when-downgrade\"><\/iframe>[\/et_pb_code][\/et_pb_column][\/et_pb_row][et_pb_row _builder_version=&#8221;4.18.0&#8243; _module_preset=&#8221;default&#8221; global_colors_info=&#8221;{}&#8221;][et_pb_column type=&#8221;4_4&#8243; _builder_version=&#8221;4.18.0&#8243; _module_preset=&#8221;default&#8221; global_colors_info=&#8221;{}&#8221;][et_pb_text _builder_version=&#8221;4.18.0&#8243; _module_preset=&#8221;default&#8221; global_colors_info=&#8221;{}&#8221;]<\/p>\n<h2><strong>Veelgestelde vragen over Integrale Hervorming in Lliber<\/strong><\/h2>\n<p>[\/et_pb_text][et_pb_accordion _builder_version=&#8221;4.18.0&#8243; _module_preset=&#8221;default&#8221; global_colors_info=&#8221;{}&#8221;][et_pb_accordion_item title=&#8221;Waaruit bestaat een integrale hervorming in Lliber?&#8221; open=&#8221;on&#8221; _builder_version=&#8221;4.18.0&#8243; _module_preset=&#8221;default&#8221; global_colors_info=&#8221;{}&#8221;]<\/p>\n<p><span>Een integrale hervorming in Lliber is een proces van volledige transformatie van een woning of ruimte. Het gaat om de reorganisatie en het herontwerp van alle aspecten, van de verdeling van ruimtes tot de modernisering van infrastructuren, met als doel de functionaliteit, esthetiek en effici\u00ebntie van de plek te verbeteren. <\/span><\/p>\n<p>[\/et_pb_accordion_item][et_pb_accordion_item title=&#8221;Hoe lang duurt het meestal om een huis renovatie in Lliber te voltooien?&#8221; _builder_version=&#8221;4.18.0&#8243; _module_preset=&#8221;default&#8221; global_colors_info=&#8221;{}&#8221; open=&#8221;off&#8221;]<\/p>\n<p><span>De duur van een renovatie in Lliber kan vari\u00ebren afhankelijk van de grootte van het project en de specifieke details. Over het algemeen kunnen grotere projecten enkele maanden duren, terwijl kleinere renovaties in weken kunnen worden afgerond. <\/span><\/p>\n<p>[\/et_pb_accordion_item][et_pb_accordion_item title=&#8221;Kunt u mij helpen de nodige vergunningen te verkrijgen voor mijn integrale hervorming in Lliber?&#8221; _builder_version=&#8221;4.18.0&#8243; _module_preset=&#8221;default&#8221; global_colors_info=&#8221;{}&#8221; open=&#8221;off&#8221;]<\/p>\n<p><span>Ja, bij Vell\u00f3 Monfort Arquitectos zijn we bekend met het vergunningsproces in Lliber en we kunnen je adviseren over hoe je kunt voldoen aan de wettelijke vereisten voor je integrale hervormingsproject.<\/span><\/p>\n<p>[\/et_pb_accordion_item][et_pb_accordion_item title=&#8221;Kan ik een gepersonaliseerde offerte aanvragen voor mijn integrale hervorming in Lliber?&#8221; _builder_version=&#8221;4.18.0&#8243; _module_preset=&#8221;default&#8221; global_colors_info=&#8221;{}&#8221; open=&#8221;off&#8221;]<\/p>\n<p><span>Ja, bij <strong>Vell\u00f3 Monfort Architects<\/strong> doen we er alles aan om je een offerte te geven die is aangepast aan jouw behoeften en de omvang van jouw project voor een grondige renovatie in Lliber. Neem contact met ons op voor een gedetailleerde beoordeling en een vrijblijvende offerte op maat. <\/span><\/p>\n<p>[\/et_pb_accordion_item][\/et_pb_accordion][\/et_pb_column][\/et_pb_row][et_pb_row _builder_version=&#8221;4.18.0&#8243; _module_preset=&#8221;default&#8221; global_colors_info=&#8221;{}&#8221;][et_pb_column type=&#8221;4_4&#8243; _builder_version=&#8221;4.18.0&#8243; _module_preset=&#8221;default&#8221; global_colors_info=&#8221;{}&#8221;][et_pb_text _builder_version=&#8221;4.18.0&#8243; _module_preset=&#8221;default&#8221; global_colors_info=&#8221;{}&#8221;]<\/p>\n<h2><strong>Uitgebreide renovatie in andere gebieden en steden<\/strong><\/h2>\n<p>[\/et_pb_text][\/et_pb_column][\/et_pb_row][et_pb_row column_structure=&#8221;1_5,1_5,1_5,1_5,1_5&#8243; _builder_version=&#8221;4.18.0&#8243; _module_preset=&#8221;default&#8221; hover_enabled=&#8221;0&#8243; global_colors_info=&#8221;{}&#8221; theme_builder_area=&#8221;post_content&#8221; sticky_enabled=&#8221;0&#8243;][et_pb_column type=&#8221;1_5&#8243; _builder_version=&#8221;4.18.0&#8243; _module_preset=&#8221;default&#8221; global_colors_info=&#8221;{}&#8221; theme_builder_area=&#8221;post_content&#8221;][et_pb_image src=&#8221;https:\/\/vellomonfortarquitectes.com\/wp-content\/uploads\/2023\/04\/denia.png&#8221; alt=&#8221;denia&#8221; title_text=&#8221;denia&#8221; url=&#8221;https:\/\/vellomonfortarquitectes.com\/nl\/hervormingsprojecten\/volledige-renovatie\/volledige-renovatie-in-denia\/&#8221; _builder_version=&#8221;4.18.0&#8243; _module_preset=&#8221;default&#8221; global_colors_info=&#8221;{}&#8221; theme_builder_area=&#8221;post_content&#8221;][\/et_pb_image][et_pb_text _builder_version=&#8221;4.18.0&#8243; _module_preset=&#8221;default&#8221; link_option_url=&#8221;https:\/\/vellomonfortarquitectes.com\/nl\/hervormingsprojecten\/volledige-renovatie\/volledige-renovatie-in-denia\/&#8221; global_colors_info=&#8221;{}&#8221; theme_builder_area=&#8221;post_content&#8221;]<\/p>\n<h3 style=\"text-align: center;\">Denia<\/h3>\n<p>[\/et_pb_text][\/et_pb_column][et_pb_column type=&#8221;1_5&#8243; _builder_version=&#8221;4.18.0&#8243; _module_preset=&#8221;default&#8221; global_colors_info=&#8221;{}&#8221; theme_builder_area=&#8221;post_content&#8221;][et_pb_image src=&#8221;https:\/\/vellomonfortarquitectes.com\/wp-content\/uploads\/2023\/04\/javea.png&#8221; alt=&#8221;javea&#8221; title_text=&#8221;javea&#8221; url=&#8221;https:\/\/vellomonfortarquitectes.com\/nl\/hervormingsprojecten\/volledige-renovatie\/integrale-hervorming-in-javea\/&#8221; _builder_version=&#8221;4.18.0&#8243; _module_preset=&#8221;default&#8221; global_colors_info=&#8221;{}&#8221; theme_builder_area=&#8221;post_content&#8221;][\/et_pb_image][et_pb_text _builder_version=&#8221;4.18.0&#8243; _module_preset=&#8221;default&#8221; link_option_url=&#8221;https:\/\/vellomonfortarquitectes.com\/nl\/hervormingsprojecten\/volledige-renovatie\/integrale-hervorming-in-javea\/&#8221; global_colors_info=&#8221;{}&#8221; theme_builder_area=&#8221;post_content&#8221;]<\/p>\n<h3 style=\"text-align: center;\">Javea<\/h3>\n<p>[\/et_pb_text][\/et_pb_column][et_pb_column type=&#8221;1_5&#8243; _builder_version=&#8221;4.18.0&#8243; _module_preset=&#8221;default&#8221; global_colors_info=&#8221;{}&#8221; theme_builder_area=&#8221;post_content&#8221;][et_pb_image src=&#8221;https:\/\/vellomonfortarquitectes.com\/wp-content\/uploads\/2023\/04\/calpe.png&#8221; alt=&#8221;calpe&#8221; title_text=&#8221;calpe&#8221; url=&#8221;https:\/\/vellomonfortarquitectes.com\/nl\/hervormingsprojecten\/volledige-renovatie\/integrale-hervorming-in-calpe\/&#8221; _builder_version=&#8221;4.18.0&#8243; _module_preset=&#8221;default&#8221; global_colors_info=&#8221;{}&#8221; theme_builder_area=&#8221;post_content&#8221;][\/et_pb_image][et_pb_text _builder_version=&#8221;4.18.0&#8243; _module_preset=&#8221;default&#8221; link_option_url=&#8221;https:\/\/vellomonfortarquitectes.com\/nl\/hervormingsprojecten\/volledige-renovatie\/integrale-hervorming-in-calpe\/&#8221; global_colors_info=&#8221;{}&#8221; theme_builder_area=&#8221;post_content&#8221;]<\/p>\n<h3 style=\"text-align: center;\">Calpe<\/h3>\n<p>[\/et_pb_text][\/et_pb_column][et_pb_column type=&#8221;1_5&#8243; _builder_version=&#8221;4.18.0&#8243; _module_preset=&#8221;default&#8221; global_colors_info=&#8221;{}&#8221; theme_builder_area=&#8221;post_content&#8221;][et_pb_image src=&#8221;https:\/\/vellomonfortarquitectes.com\/wp-content\/uploads\/2023\/04\/altea.png&#8221; alt=&#8221;altea&#8221; title_text=&#8221;altea&#8221; url=&#8221;https:\/\/vellomonfortarquitectes.com\/nl\/hervormingsprojecten\/volledige-renovatie\/integrale-hervorming-in-altea\/&#8221; _builder_version=&#8221;4.18.0&#8243; _module_preset=&#8221;default&#8221; global_colors_info=&#8221;{}&#8221; theme_builder_area=&#8221;post_content&#8221;][\/et_pb_image][et_pb_text _builder_version=&#8221;4.18.0&#8243; _module_preset=&#8221;default&#8221; link_option_url=&#8221;https:\/\/vellomonfortarquitectes.com\/nl\/hervormingsprojecten\/volledige-renovatie\/integrale-hervorming-in-altea\/&#8221; global_colors_info=&#8221;{}&#8221; theme_builder_area=&#8221;post_content&#8221;]<\/p>\n<h3 style=\"text-align: center;\">Altea<\/h3>\n<p>[\/et_pb_text][\/et_pb_column][et_pb_column type=&#8221;1_5&#8243; _builder_version=&#8221;4.18.0&#8243; _module_preset=&#8221;default&#8221; global_colors_info=&#8221;{}&#8221; theme_builder_area=&#8221;post_content&#8221;][et_pb_image src=&#8221;https:\/\/vellomonfortarquitectes.com\/wp-content\/uploads\/2023\/06\/benidorm.png&#8221; alt=&#8221;benidorm&#8221; title_text=&#8221;benidorm&#8221; url=&#8221;https:\/\/vellomonfortarquitectes.com\/nl\/hervormingsprojecten\/volledige-renovatie\/volledige-renovatie-in-benidorm\/&#8221; _builder_version=&#8221;4.18.0&#8243; _module_preset=&#8221;default&#8221; global_colors_info=&#8221;{}&#8221; theme_builder_area=&#8221;post_content&#8221;][\/et_pb_image][et_pb_text _builder_version=&#8221;4.18.0&#8243; _module_preset=&#8221;default&#8221; link_option_url=&#8221;https:\/\/vellomonfortarquitectes.com\/nl\/hervormingsprojecten\/volledige-renovatie\/volledige-renovatie-in-benidorm\/&#8221; global_colors_info=&#8221;{}&#8221; theme_builder_area=&#8221;post_content&#8221;]<\/p>\n<h3 style=\"text-align: center;\">Benidorm<\/h3>\n<p>[\/et_pb_text][\/et_pb_column][\/et_pb_row][et_pb_row column_structure=&#8221;1_5,1_5,1_5,1_5,1_5&#8243; _builder_version=&#8221;4.18.0&#8243; _module_preset=&#8221;default&#8221; hover_enabled=&#8221;0&#8243; global_colors_info=&#8221;{}&#8221; theme_builder_area=&#8221;post_content&#8221; sticky_enabled=&#8221;0&#8243;][et_pb_column _builder_version=&#8221;4.18.0&#8243; _module_preset=&#8221;default&#8221; type=&#8221;1_5&#8243; theme_builder_area=&#8221;post_content&#8221;][et_pb_image src=&#8221;https:\/\/vellomonfortarquitectes.com\/wp-content\/uploads\/2023\/04\/benissa.png&#8221; alt=&#8221;benissa&#8221; title_text=&#8221;benissa&#8221; url=&#8221;https:\/\/vellomonfortarquitectes.com\/nl\/hervormingsprojecten\/volledige-renovatie\/integrale-hervorming-in-benissa\/&#8221; _builder_version=&#8221;4.18.0&#8243; _module_preset=&#8221;default&#8221; global_colors_info=&#8221;{}&#8221; theme_builder_area=&#8221;post_content&#8221;][\/et_pb_image][et_pb_text _builder_version=&#8221;4.18.0&#8243; _module_preset=&#8221;default&#8221; link_option_url=&#8221;https:\/\/vellomonfortarquitectes.com\/nl\/hervormingsprojecten\/volledige-renovatie\/integrale-hervorming-in-benissa\/&#8221; global_colors_info=&#8221;{}&#8221; theme_builder_area=&#8221;post_content&#8221;]<\/p>\n<h3 style=\"text-align: center;\">Benissa<\/h3>\n<p>[\/et_pb_text][\/et_pb_column][et_pb_column type=&#8221;1_5&#8243; _builder_version=&#8221;4.18.0&#8243; _module_preset=&#8221;default&#8221; global_colors_info=&#8221;{}&#8221; theme_builder_area=&#8221;post_content&#8221;][et_pb_image src=&#8221;https:\/\/vellomonfortarquitectes.com\/wp-content\/uploads\/2023\/04\/moraira.png&#8221; alt=&#8221;moraira&#8221; title_text=&#8221;moraira&#8221; url=&#8221;https:\/\/vellomonfortarquitectes.com\/proyectos-reformas\/integral\/moraira\/&#8221; _builder_version=&#8221;4.18.0&#8243; _module_preset=&#8221;default&#8221; global_colors_info=&#8221;{}&#8221; theme_builder_area=&#8221;post_content&#8221;][\/et_pb_image][et_pb_text _builder_version=&#8221;4.18.0&#8243; _module_preset=&#8221;default&#8221; link_option_url=&#8221;https:\/\/vellomonfortarquitectes.com\/proyectos-reformas\/integral\/moraira\/&#8221; global_colors_info=&#8221;{}&#8221; theme_builder_area=&#8221;post_content&#8221;]<\/p>\n<h3 style=\"text-align: center;\">Moraira<\/h3>\n<p>[\/et_pb_text][\/et_pb_column][et_pb_column type=&#8221;1_5&#8243; _builder_version=&#8221;4.18.0&#8243; _module_preset=&#8221;default&#8221; global_colors_info=&#8221;{}&#8221; theme_builder_area=&#8221;post_content&#8221;][et_pb_image src=&#8221;https:\/\/vellomonfortarquitectes.com\/wp-content\/uploads\/2023\/04\/ondara.png&#8221; alt=&#8221;ondara&#8221; title_text=&#8221;ondara&#8221; url=&#8221;https:\/\/vellomonfortarquitectes.com\/proyectos-reformas\/integral\/ondara\/&#8221; _builder_version=&#8221;4.18.0&#8243; _module_preset=&#8221;default&#8221; global_colors_info=&#8221;{}&#8221; theme_builder_area=&#8221;post_content&#8221;][\/et_pb_image][et_pb_text _builder_version=&#8221;4.18.0&#8243; _module_preset=&#8221;default&#8221; link_option_url=&#8221;https:\/\/vellomonfortarquitectes.com\/proyectos-reformas\/integral\/ondara\/&#8221; global_colors_info=&#8221;{}&#8221; theme_builder_area=&#8221;post_content&#8221;]<\/p>\n<h3 style=\"text-align: center;\">Ondara<\/h3>\n<p>[\/et_pb_text][\/et_pb_column][et_pb_column type=&#8221;1_5&#8243; _builder_version=&#8221;4.18.0&#8243; _module_preset=&#8221;default&#8221; global_colors_info=&#8221;{}&#8221; theme_builder_area=&#8221;post_content&#8221;][et_pb_image src=&#8221;https:\/\/vellomonfortarquitectes.com\/wp-content\/uploads\/2023\/04\/teulada.png&#8221; alt=&#8221;teulada&#8221; title_text=&#8221;teulada&#8221; url=&#8221;https:\/\/vellomonfortarquitectes.com\/proyectos-reformas\/integral\/teulada\/&#8221; _builder_version=&#8221;4.18.0&#8243; _module_preset=&#8221;default&#8221; global_colors_info=&#8221;{}&#8221; theme_builder_area=&#8221;post_content&#8221;][\/et_pb_image][et_pb_text _builder_version=&#8221;4.18.0&#8243; _module_preset=&#8221;default&#8221; link_option_url=&#8221;https:\/\/vellomonfortarquitectes.com\/proyectos-reformas\/integral\/teulada\/&#8221; global_colors_info=&#8221;{}&#8221; theme_builder_area=&#8221;post_content&#8221;]<\/p>\n<h3 style=\"text-align: center;\">Teulada<\/h3>\n<p>[\/et_pb_text][\/et_pb_column][et_pb_column type=&#8221;1_5&#8243; _builder_version=&#8221;4.18.0&#8243; _module_preset=&#8221;default&#8221; global_colors_info=&#8221;{}&#8221; theme_builder_area=&#8221;post_content&#8221;][et_pb_image src=&#8221;https:\/\/vellomonfortarquitectes.com\/wp-content\/uploads\/2023\/06\/jalon.png&#8221; alt=&#8221;jalon&#8221; title_text=&#8221;jalon&#8221; url=&#8221;https:\/\/vellomonfortarquitectes.com\/nl\/hervormingsprojecten\/volledige-renovatie\/integrale-hervorming-in-jalon\/&#8221; _builder_version=&#8221;4.18.0&#8243; _module_preset=&#8221;default&#8221; global_colors_info=&#8221;{}&#8221; theme_builder_area=&#8221;post_content&#8221;][\/et_pb_image][et_pb_text _builder_version=&#8221;4.18.0&#8243; _module_preset=&#8221;default&#8221; link_option_url=&#8221;https:\/\/vellomonfortarquitectes.com\/nl\/hervormingsprojecten\/volledige-renovatie\/integrale-hervorming-in-altea\/&#8221; global_colors_info=&#8221;{}&#8221; theme_builder_area=&#8221;post_content&#8221;]<\/p>\n<h3 style=\"text-align: center;\">Jal\u00f3n<\/h3>\n<p>[\/et_pb_text][\/et_pb_column][\/et_pb_row][et_pb_row column_structure=&#8221;1_4,1_4,1_4,1_4&#8243; _builder_version=&#8221;4.18.0&#8243; _module_preset=&#8221;default&#8221; global_colors_info=&#8221;{}&#8221;][et_pb_column type=&#8221;1_4&#8243; _builder_version=&#8221;4.18.0&#8243; _module_preset=&#8221;default&#8221; global_colors_info=&#8221;{}&#8221;][et_pb_image src=&#8221;https:\/\/vellomonfortarquitectes.com\/wp-content\/uploads\/2023\/08\/altea-hills.png&#8221; alt=&#8221;altea hills&#8221; title_text=&#8221;altea hills&#8221; url=&#8221;https:\/\/vellomonfortarquitectes.com\/nl\/hervormingsprojecten\/volledige-renovatie\/volledige-renovatie-in-altea-hills\/&#8221; _builder_version=&#8221;4.18.0&#8243; _module_preset=&#8221;default&#8221; global_colors_info=&#8221;{}&#8221;][\/et_pb_image][et_pb_text _builder_version=&#8221;4.18.0&#8243; _module_preset=&#8221;default&#8221; link_option_url=&#8221;https:\/\/vellomonfortarquitectes.com\/nl\/hervormingsprojecten\/volledige-renovatie\/volledige-renovatie-in-altea-hills\/&#8221; global_colors_info=&#8221;{}&#8221;]<\/p>\n<h3 style=\"text-align: center;\">Altea Hills<\/h3>\n<p>[\/et_pb_text][\/et_pb_column][et_pb_column type=&#8221;1_4&#8243; _builder_version=&#8221;4.18.0&#8243; _module_preset=&#8221;default&#8221; global_colors_info=&#8221;{}&#8221;][et_pb_image src=&#8221;https:\/\/vellomonfortarquitectes.com\/wp-content\/uploads\/2023\/08\/monte-pego.png&#8221; alt=&#8221;monte pego&#8221; title_text=&#8221;monte pego&#8221; url=&#8221;https:\/\/vellomonfortarquitectes.com\/proyectos-reformas\/integral\/monte-pego\/&#8221; _builder_version=&#8221;4.18.0&#8243; _module_preset=&#8221;default&#8221; global_colors_info=&#8221;{}&#8221;][\/et_pb_image][et_pb_text _builder_version=&#8221;4.18.0&#8243; _module_preset=&#8221;default&#8221; link_option_url=&#8221;https:\/\/vellomonfortarquitectes.com\/proyectos-reformas\/integral\/monte-pego\/&#8221; global_colors_info=&#8221;{}&#8221;]<\/p>\n<h3 style=\"text-align: center;\">Monte Pego<\/h3>\n<p>[\/et_pb_text][\/et_pb_column][et_pb_column type=&#8221;1_4&#8243; _builder_version=&#8221;4.18.0&#8243; _module_preset=&#8221;default&#8221; global_colors_info=&#8221;{}&#8221;][et_pb_image src=&#8221;https:\/\/vellomonfortarquitectes.com\/wp-content\/uploads\/2023\/08\/el-portitxol.png&#8221; alt=&#8221;el portitxol&#8221; title_text=&#8221;el portitxol&#8221; url=&#8221;https:\/\/vellomonfortarquitectes.com\/nl\/hervormingsprojecten\/volledige-renovatie\/volledige-renovatie-in-portitxol\/&#8221; _builder_version=&#8221;4.18.0&#8243; _module_preset=&#8221;default&#8221; global_colors_info=&#8221;{}&#8221;][\/et_pb_image][et_pb_text _builder_version=&#8221;4.18.0&#8243; _module_preset=&#8221;default&#8221; link_option_url=&#8221;https:\/\/vellomonfortarquitectes.com\/nl\/hervormingsprojecten\/volledige-renovatie\/volledige-renovatie-in-portitxol\/&#8221; global_colors_info=&#8221;{}&#8221;]<\/p>\n<h3 style=\"text-align: center;\">El Portitxol<\/h3>\n<p>[\/et_pb_text][\/et_pb_column][et_pb_column type=&#8221;1_4&#8243; _builder_version=&#8221;4.18.0&#8243; _module_preset=&#8221;default&#8221; global_colors_info=&#8221;{}&#8221;][et_pb_image src=&#8221;https:\/\/vellomonfortarquitectes.com\/wp-content\/uploads\/2023\/08\/les-rotes.png&#8221; alt=&#8221;les rotes&#8221; title_text=&#8221;les rotes&#8221; url=&#8221;https:\/\/vellomonfortarquitectes.com\/nl\/hervormingsprojecten\/volledige-renovatie\/volledige-renovatie-in-les-rotes\/&#8221; _builder_version=&#8221;4.18.0&#8243; _module_preset=&#8221;default&#8221; global_colors_info=&#8221;{}&#8221;][\/et_pb_image][et_pb_text _builder_version=&#8221;4.18.0&#8243; _module_preset=&#8221;default&#8221; link_option_url=&#8221;https:\/\/vellomonfortarquitectes.com\/nl\/hervormingsprojecten\/volledige-renovatie\/volledige-renovatie-in-les-rotes\/&#8221; global_colors_info=&#8221;{}&#8221;]<\/p>\n<h3 style=\"text-align: center;\">Les Rotes<\/h3>\n<p>[\/et_pb_text][\/et_pb_column][\/et_pb_row][\/et_pb_section][et_pb_section fb_built=&#8221;1&#8243; _builder_version=&#8221;4.16&#8243; _module_preset=&#8221;default&#8221; background_color=&#8221;#6f6f6f&#8221; custom_padding=&#8221;10px||10px||true|false&#8221; global_module=&#8221;8739&#8243; saved_tabs=&#8221;all&#8221; collapsed=&#8221;off&#8221; global_colors_info=&#8221;{}&#8221;][et_pb_row column_structure=&#8221;1_4,1_4,1_4,1_4&#8243; _builder_version=&#8221;4.18.0&#8243; _module_preset=&#8221;default&#8221; custom_padding=&#8221;10px||10px||true|false&#8221; global_colors_info=&#8221;{}&#8221;][et_pb_column type=&#8221;1_4&#8243; _builder_version=&#8221;4.18.0&#8243; _module_preset=&#8221;default&#8221; global_colors_info=&#8221;{}&#8221;][et_pb_text admin_label=&#8221;Texto&#8221; _builder_version=&#8221;4.18.0&#8243; _module_preset=&#8221;default&#8221; text_text_color=&#8221;#FFFFFF&#8221; text_font_size=&#8221;10px&#8221; link_text_color=&#8221;#FFFFFF&#8221; link_option_url_new_window=&#8221;on&#8221; global_colors_info=&#8221;{}&#8221;]<\/p>\n<h3><span style=\"color: #ffffff;\">Architecten Gand\u00eda Vell\u00f3 Monfort<\/span><\/h3>\n<ul>\n<li style=\"font-size: 14px;\"><a href=\"https:\/\/vellomonfortarquitectes.com\/nl\/\">Architecten Gand\u00eda<\/a><\/li>\n<li style=\"font-size: 14px;\"><a href=\"https:\/\/vellomonfortarquitectes.com\/nl\/architecten-denia\/\">Architecten Denia<\/a><\/li>\n<li style=\"font-size: 14px;\"><a href=\"https:\/\/vellomonfortarquitectes.com\/nl\/architecten-javea\/\">Architecten J\u00e1vea<\/a><\/li>\n<li style=\"font-size: 14px;\"><a href=\"https:\/\/vellomonfortarquitectes.com\/nl\/architecten-moraira\/\" title=\"Architecten moraira\">Architecten Moraira<\/a><\/li>\n<li style=\"font-size: 14px;\"><a href=\"https:\/\/vellomonfortarquitectes.com\/nl\/architecten-alicante\/architecten-altea\/\">Architecten Altea<\/a><\/li>\n<\/ul>\n<p>&nbsp;<\/p>\n<p>[\/et_pb_text][\/et_pb_column][et_pb_column type=&#8221;1_4&#8243; _builder_version=&#8221;4.16&#8243; _module_preset=&#8221;default&#8221; global_colors_info=&#8221;{}&#8221;][et_pb_text admin_label=&#8221;Texto&#8221; _builder_version=&#8221;4.18.0&#8243; _module_preset=&#8221;default&#8221; text_text_color=&#8221;#ffffff&#8221; text_font_size=&#8221;10px&#8221; text_orientation=&#8221;center&#8221; custom_margin=&#8221;||0px||false|false&#8221; global_colors_info=&#8221;{}&#8221;]<\/p>\n<h3 style=\"text-align: center;\"><span style=\"color: #ffffff;\">Bouwkundige diensten<\/span><\/h3>\n<p style=\"text-align: center; font-size: 16px; line-height: 0.7;\"><span style=\"color: #ffffff;\"><a style=\"color: #ffffff;\" href=\"https:\/\/vellomonfortarquitectes.com\/nl\/nieuwbouwprojecten\/\">Nieuwbouwprojecten<\/a><\/span><\/p>\n<p style=\"text-align: center; font-size: 16px; line-height: 0.7;\"><span style=\"color: #ffffff;\"><a style=\"color: #ffffff;\" href=\"https:\/\/vellomonfortarquitectes.com\/nl\/hervormingsprojecten\/\">Hervormingsprojecten<\/a><\/span><\/p>\n<p style=\"text-align: center; font-size: 16px; line-height: 0.7;\"><span style=\"color: #ffffff;\"><a style=\"color: #ffffff;\" href=\"https:\/\/vellomonfortarquitectes.com\/nl\/interieur-ontwerp\/\">Interieurontwerp<\/a><\/span><\/p>\n<p style=\"text-align: center; font-size: 16px; line-height: 0.7;\"><span style=\"color: #ffffff;\"><a style=\"color: #ffffff;\" href=\"https:\/\/vellomonfortarquitectes.com\/nl\/structurele-berekeningen\/\">Structurele berekeningen<\/a><\/span><\/p>\n<p style=\"text-align: center; font-size: 16px; line-height: 0.7;\"><span style=\"color: #ffffff;\"><a style=\"color: #ffffff;\" href=\"https:\/\/vellomonfortarquitectes.com\/nl\/andere-diensten\/\">Andere diensten<\/a><\/span><\/p>\n<p style=\"text-align: center;\">[\/et_pb_text][\/et_pb_column][et_pb_column type=&#8221;1_4&#8243; _builder_version=&#8221;4.16&#8243; _module_preset=&#8221;default&#8221; global_colors_info=&#8221;{}&#8221;][et_pb_text admin_label=&#8221;Texto&#8221; _builder_version=&#8221;4.18.0&#8243; _module_preset=&#8221;default&#8221; text_text_color=&#8221;#FFFFFF&#8221; text_font_size=&#8221;10px&#8221; link_text_color=&#8221;#FFFFFF&#8221; link_option_url_new_window=&#8221;on&#8221; global_colors_info=&#8221;{}&#8221;]<\/p>\n<h3><span style=\"color: #ffffff;\">Bewoonbaarheidscertificaten<\/span><\/h3>\n<ul>\n<li style=\"font-size: 14px;\"><a href=\"https:\/\/vellomonfortarquitectes.com\/nl\/bewoonbaarheidscertificaten-voor-tweede-bewoning\/\">Bewoonbaarheidscertificaten in Gand\u00eda<\/a><\/li>\n<li style=\"font-size: 14px;\"><a href=\"https:\/\/vellomonfortarquitectes.com\/nl\/bewoningscertificaten-voor-tweede-bewoning-in-denia\/\">Bewoonbaarheidscertificaten in Denia<\/a><\/li>\n<li style=\"font-size: 14px;\"><a href=\"https:\/\/vellomonfortarquitectes.com\/nl\/bewoonbaarheidscertificaten-voor-tweede-bewoning-in-javea\/\">Bewoonbaarheidscertificaten in J\u00e1vea<\/a><\/li>\n<li style=\"font-size: 14px;\"><a href=\"https:\/\/vellomonfortarquitectes.com\/nl\/bewoonbaarheidscertificaten-voor-tweede-bewoning-in-teulada-moraira\/\">Bewoonbaarheidscertificaten in Teulada-Moraira<\/a><\/li>\n<li style=\"font-size: 14px;\"><a href=\"https:\/\/vellomonfortarquitectes.com\/nl\/bewoningscertificaten-voor-tweede-bewoning-in-benissa\/\">Bewoonbaarheidscertificaten in Benissa<\/a><\/li>\n<li style=\"font-size: 14px;\"><a href=\"https:\/\/vellomonfortarquitectes.com\/nl\/bewoningscertificaten-voor-tweede-bewoning-in-calp\/\">Bewoonbaarheidscertificaten in Calp<\/a><\/li>\n<li style=\"font-size: 14px;\"><a href=\"https:\/\/vellomonfortarquitectes.com\/nl\/bewoonbaarheidscertificaten-voor-tweede-bewoning-in-altea\/\">Bewoonbaarheidscertificaten in Altea<\/a><\/li>\n<\/ul>\n<p>&nbsp;<\/p>\n<p>[\/et_pb_text][et_pb_text _builder_version=&#8221;4.18.0&#8243; _module_preset=&#8221;default&#8221; global_colors_info=&#8221;{}&#8221;]<\/p>\n<p>Your content goes here. Edit or remove this text inline or in the module Content settings. You can also style every aspect of this content in the module Design settings and even apply custom CSS to this text in the module Advanced settings.  <\/p>\n<p>[\/et_pb_text][et_pb_text _builder_version=&#8221;4.18.0&#8243; _module_preset=&#8221;default&#8221; global_colors_info=&#8221;{}&#8221;]<\/p>\n<p>Your content goes here. Edit or remove this text inline or in the module Content settings. You can also style every aspect of this content in the module Design settings and even apply custom CSS to this text in the module Advanced settings.  <\/p>\n<p>[\/et_pb_text][\/et_pb_column][et_pb_column type=&#8221;1_4&#8243; _builder_version=&#8221;4.16&#8243; _module_preset=&#8221;default&#8221; global_colors_info=&#8221;{}&#8221;][et_pb_text admin_label=&#8221;Texto&#8221; _builder_version=&#8221;4.18.0&#8243; _module_preset=&#8221;default&#8221; text_text_color=&#8221;#ffffff&#8221; link_text_color=&#8221;#FFFFFF&#8221; global_colors_info=&#8221;{}&#8221;]<\/p>\n<h3 style=\"text-align: center;\"><span style=\"color: #ffffff;\">Neem contact met ons op<\/span><\/h3>\n<p style=\"text-align: center;\"><a href=\"mailto:info@vellomonfortarquitectes.com\">info@vellomonfortarquitectes.com<\/a><\/p>\n<p style=\"text-align: center;\"><a style=\"text-align: center; color: #fffff;\" href=\"tel:600397039\">600 39 70 39<\/a><\/p>\n<p style=\"text-align: center;\">Carrer Vallier, 2 4\u00baB 46702 Gand\u00eda &#8211; Valencia<\/p>\n<p>&nbsp;<\/p>\n<p>[\/et_pb_text][et_pb_code _builder_version=&#8221;4.16&#8243; _module_preset=&#8221;default&#8221; global_colors_info=&#8221;{}&#8221;]<span><a href=\"https:\/\/www.facebook.com\/Vello-Monfort-Arquitectes-576144702560859\"><i style=\"color:white;padding-right:10px;\" class=\"fab fa-facebook-f fa-2x\"><\/i><\/a> <a href=\"https:\/\/www.instagram.com\/vellomonfortarquitectes\/\"><i style=\"color:white;padding-right:10px;\" class=\"fab fa-instagram fa-2x\"><\/i><\/a> <a href=\"https:\/\/www.linkedin.com\/company\/vell%C3%B3monfortarquitectes\/\"><i style=\"color:white;padding-right:10px;\" class=\"fa-2x fab fa-linkedin-in\"><\/i><\/a><\/span>[\/et_pb_code][\/et_pb_column][\/et_pb_row][\/et_pb_section]<\/p>\n","protected":false},"excerpt":{"rendered":"<p>Projecten van integrale hervorming in LliberIntegrale hervorming in Lliber In het hart van Lliber heb je de mogelijkheid om je huis volledig te revitaliseren door middel van een complete renovatie. Dit proces gaat verder dan een eenvoudige renovatie; het is een complete metamorfose die je in staat stelt om je ruimte aan te passen aan [&hellip;]<\/p>\n","protected":false},"author":5,"featured_media":14106,"parent":14105,"menu_order":0,"comment_status":"closed","ping_status":"closed","template":"","meta":{"_et_pb_use_builder":"on","_et_pb_old_content":"","_et_gb_content_width":"","footnotes":""},"class_list":["post-14387","page","type-page","status-publish","has-post-thumbnail","hentry"],"yoast_head":"<!-- This site is optimized with the Yoast SEO plugin v27.5 - https:\/\/yoast.com\/product\/yoast-seo-wordpress\/ -->\n<title>Integrale hervorming in Lliber | Vell\u00f3 Monfort Arquitectes<\/title>\n<meta name=\"description\" content=\"Transformeer je huis in Lliber met Vell\u00f3 Monfort Architecten. We voeren uitgebreide verbouwingen uit die moderne en functionele ruimtes cre\u00ebren.\" \/>\n<meta name=\"robots\" content=\"index, follow, max-snippet:-1, max-image-preview:large, max-video-preview:-1\" \/>\n<link rel=\"canonical\" href=\"https:\/\/vellomonfortarquitectes.com\/nl\/hervormingsprojecten\/volledige-renovatie\/integrale-hervorming-in-lliber\/\" \/>\n<meta property=\"og:locale\" content=\"nl_NL\" \/>\n<meta property=\"og:type\" content=\"article\" \/>\n<meta property=\"og:title\" content=\"Integrale hervorming in Lliber | Vell\u00f3 Monfort Arquitectes\" \/>\n<meta property=\"og:description\" content=\"Transformeer je huis in Lliber met Vell\u00f3 Monfort Architecten. We voeren uitgebreide verbouwingen uit die moderne en functionele ruimtes cre\u00ebren.\" \/>\n<meta property=\"og:url\" content=\"https:\/\/vellomonfortarquitectes.com\/nl\/hervormingsprojecten\/volledige-renovatie\/integrale-hervorming-in-lliber\/\" \/>\n<meta property=\"og:site_name\" content=\"Vello Arquitectura\" \/>\n<meta property=\"article:modified_time\" content=\"2025-04-25T09:23:25+00:00\" \/>\n<meta property=\"og:image\" content=\"https:\/\/vellomonfortarquitectes.com\/wp-content\/uploads\/2022\/05\/Certificados-habitabilidad-segunda-ocupacion-1-min.jpg\" \/>\n\t<meta property=\"og:image:width\" content=\"400\" \/>\n\t<meta property=\"og:image:height\" content=\"248\" \/>\n\t<meta property=\"og:image:type\" content=\"image\/jpeg\" \/>\n<meta name=\"twitter:card\" content=\"summary_large_image\" \/>\n<meta name=\"twitter:label1\" content=\"Geschatte leestijd\" \/>\n\t<meta name=\"twitter:data1\" content=\"19 minuten\" \/>\n<script type=\"application\/ld+json\" class=\"yoast-schema-graph\">{\"@context\":\"https:\\\/\\\/schema.org\",\"@graph\":[{\"@type\":\"WebPage\",\"@id\":\"https:\\\/\\\/vellomonfortarquitectes.com\\\/nl\\\/hervormingsprojecten\\\/volledige-renovatie\\\/integrale-hervorming-in-lliber\\\/\",\"url\":\"https:\\\/\\\/vellomonfortarquitectes.com\\\/nl\\\/hervormingsprojecten\\\/volledige-renovatie\\\/integrale-hervorming-in-lliber\\\/\",\"name\":\"Integrale hervorming in Lliber | Vell\u00f3 Monfort Arquitectes\",\"isPartOf\":{\"@id\":\"https:\\\/\\\/vellomonfortarquitectes.com\\\/nl\\\/#website\"},\"primaryImageOfPage\":{\"@id\":\"https:\\\/\\\/vellomonfortarquitectes.com\\\/nl\\\/hervormingsprojecten\\\/volledige-renovatie\\\/integrale-hervorming-in-lliber\\\/#primaryimage\"},\"image\":{\"@id\":\"https:\\\/\\\/vellomonfortarquitectes.com\\\/nl\\\/hervormingsprojecten\\\/volledige-renovatie\\\/integrale-hervorming-in-lliber\\\/#primaryimage\"},\"thumbnailUrl\":\"https:\\\/\\\/vellomonfortarquitectes.com\\\/wp-content\\\/uploads\\\/2022\\\/05\\\/Certificados-habitabilidad-segunda-ocupacion-1-min.jpg\",\"datePublished\":\"2023-10-16T12:16:58+00:00\",\"dateModified\":\"2025-04-25T09:23:25+00:00\",\"description\":\"Transformeer je huis in Lliber met Vell\u00f3 Monfort Architecten. We voeren uitgebreide verbouwingen uit die moderne en functionele ruimtes cre\u00ebren.\",\"breadcrumb\":{\"@id\":\"https:\\\/\\\/vellomonfortarquitectes.com\\\/nl\\\/hervormingsprojecten\\\/volledige-renovatie\\\/integrale-hervorming-in-lliber\\\/#breadcrumb\"},\"inLanguage\":\"nl-NL\",\"potentialAction\":[{\"@type\":\"ReadAction\",\"target\":[\"https:\\\/\\\/vellomonfortarquitectes.com\\\/nl\\\/hervormingsprojecten\\\/volledige-renovatie\\\/integrale-hervorming-in-lliber\\\/\"]}]},{\"@type\":\"ImageObject\",\"inLanguage\":\"nl-NL\",\"@id\":\"https:\\\/\\\/vellomonfortarquitectes.com\\\/nl\\\/hervormingsprojecten\\\/volledige-renovatie\\\/integrale-hervorming-in-lliber\\\/#primaryimage\",\"url\":\"https:\\\/\\\/vellomonfortarquitectes.com\\\/wp-content\\\/uploads\\\/2022\\\/05\\\/Certificados-habitabilidad-segunda-ocupacion-1-min.jpg\",\"contentUrl\":\"https:\\\/\\\/vellomonfortarquitectes.com\\\/wp-content\\\/uploads\\\/2022\\\/05\\\/Certificados-habitabilidad-segunda-ocupacion-1-min.jpg\",\"width\":400,\"height\":248},{\"@type\":\"BreadcrumbList\",\"@id\":\"https:\\\/\\\/vellomonfortarquitectes.com\\\/nl\\\/hervormingsprojecten\\\/volledige-renovatie\\\/integrale-hervorming-in-lliber\\\/#breadcrumb\",\"itemListElement\":[{\"@type\":\"ListItem\",\"position\":1,\"name\":\"Portada\",\"item\":\"https:\\\/\\\/vellomonfortarquitectes.com\\\/nl\\\/\"},{\"@type\":\"ListItem\",\"position\":2,\"name\":\"Hervormingsprojecten\",\"item\":\"https:\\\/\\\/vellomonfortarquitectes.com\\\/nl\\\/hervormingsprojecten\\\/\"},{\"@type\":\"ListItem\",\"position\":3,\"name\":\"Volledige renovatie\",\"item\":\"https:\\\/\\\/vellomonfortarquitectes.com\\\/nl\\\/hervormingsprojecten\\\/volledige-renovatie\\\/\"},{\"@type\":\"ListItem\",\"position\":4,\"name\":\"Integrale hervorming in Lliber\"}]},{\"@type\":\"WebSite\",\"@id\":\"https:\\\/\\\/vellomonfortarquitectes.com\\\/nl\\\/#website\",\"url\":\"https:\\\/\\\/vellomonfortarquitectes.com\\\/nl\\\/\",\"name\":\"Vello Arquitectura\",\"description\":\"\",\"potentialAction\":[{\"@type\":\"SearchAction\",\"target\":{\"@type\":\"EntryPoint\",\"urlTemplate\":\"https:\\\/\\\/vellomonfortarquitectes.com\\\/nl\\\/?s={search_term_string}\"},\"query-input\":{\"@type\":\"PropertyValueSpecification\",\"valueRequired\":true,\"valueName\":\"search_term_string\"}}],\"inLanguage\":\"nl-NL\"}]}<\/script>\n<!-- \/ Yoast SEO plugin. -->","yoast_head_json":{"title":"Integrale hervorming in Lliber | Vell\u00f3 Monfort Arquitectes","description":"Transformeer je huis in Lliber met Vell\u00f3 Monfort Architecten. We voeren uitgebreide verbouwingen uit die moderne en functionele ruimtes cre\u00ebren.","robots":{"index":"index","follow":"follow","max-snippet":"max-snippet:-1","max-image-preview":"max-image-preview:large","max-video-preview":"max-video-preview:-1"},"canonical":"https:\/\/vellomonfortarquitectes.com\/nl\/hervormingsprojecten\/volledige-renovatie\/integrale-hervorming-in-lliber\/","og_locale":"nl_NL","og_type":"article","og_title":"Integrale hervorming in Lliber | Vell\u00f3 Monfort Arquitectes","og_description":"Transformeer je huis in Lliber met Vell\u00f3 Monfort Architecten. We voeren uitgebreide verbouwingen uit die moderne en functionele ruimtes cre\u00ebren.","og_url":"https:\/\/vellomonfortarquitectes.com\/nl\/hervormingsprojecten\/volledige-renovatie\/integrale-hervorming-in-lliber\/","og_site_name":"Vello Arquitectura","article_modified_time":"2025-04-25T09:23:25+00:00","og_image":[{"width":400,"height":248,"url":"https:\/\/vellomonfortarquitectes.com\/wp-content\/uploads\/2022\/05\/Certificados-habitabilidad-segunda-ocupacion-1-min.jpg","type":"image\/jpeg"}],"twitter_card":"summary_large_image","twitter_misc":{"Geschatte leestijd":"19 minuten"},"schema":{"@context":"https:\/\/schema.org","@graph":[{"@type":"WebPage","@id":"https:\/\/vellomonfortarquitectes.com\/nl\/hervormingsprojecten\/volledige-renovatie\/integrale-hervorming-in-lliber\/","url":"https:\/\/vellomonfortarquitectes.com\/nl\/hervormingsprojecten\/volledige-renovatie\/integrale-hervorming-in-lliber\/","name":"Integrale hervorming in Lliber | Vell\u00f3 Monfort Arquitectes","isPartOf":{"@id":"https:\/\/vellomonfortarquitectes.com\/nl\/#website"},"primaryImageOfPage":{"@id":"https:\/\/vellomonfortarquitectes.com\/nl\/hervormingsprojecten\/volledige-renovatie\/integrale-hervorming-in-lliber\/#primaryimage"},"image":{"@id":"https:\/\/vellomonfortarquitectes.com\/nl\/hervormingsprojecten\/volledige-renovatie\/integrale-hervorming-in-lliber\/#primaryimage"},"thumbnailUrl":"https:\/\/vellomonfortarquitectes.com\/wp-content\/uploads\/2022\/05\/Certificados-habitabilidad-segunda-ocupacion-1-min.jpg","datePublished":"2023-10-16T12:16:58+00:00","dateModified":"2025-04-25T09:23:25+00:00","description":"Transformeer je huis in Lliber met Vell\u00f3 Monfort Architecten. We voeren uitgebreide verbouwingen uit die moderne en functionele ruimtes cre\u00ebren.","breadcrumb":{"@id":"https:\/\/vellomonfortarquitectes.com\/nl\/hervormingsprojecten\/volledige-renovatie\/integrale-hervorming-in-lliber\/#breadcrumb"},"inLanguage":"nl-NL","potentialAction":[{"@type":"ReadAction","target":["https:\/\/vellomonfortarquitectes.com\/nl\/hervormingsprojecten\/volledige-renovatie\/integrale-hervorming-in-lliber\/"]}]},{"@type":"ImageObject","inLanguage":"nl-NL","@id":"https:\/\/vellomonfortarquitectes.com\/nl\/hervormingsprojecten\/volledige-renovatie\/integrale-hervorming-in-lliber\/#primaryimage","url":"https:\/\/vellomonfortarquitectes.com\/wp-content\/uploads\/2022\/05\/Certificados-habitabilidad-segunda-ocupacion-1-min.jpg","contentUrl":"https:\/\/vellomonfortarquitectes.com\/wp-content\/uploads\/2022\/05\/Certificados-habitabilidad-segunda-ocupacion-1-min.jpg","width":400,"height":248},{"@type":"BreadcrumbList","@id":"https:\/\/vellomonfortarquitectes.com\/nl\/hervormingsprojecten\/volledige-renovatie\/integrale-hervorming-in-lliber\/#breadcrumb","itemListElement":[{"@type":"ListItem","position":1,"name":"Portada","item":"https:\/\/vellomonfortarquitectes.com\/nl\/"},{"@type":"ListItem","position":2,"name":"Hervormingsprojecten","item":"https:\/\/vellomonfortarquitectes.com\/nl\/hervormingsprojecten\/"},{"@type":"ListItem","position":3,"name":"Volledige renovatie","item":"https:\/\/vellomonfortarquitectes.com\/nl\/hervormingsprojecten\/volledige-renovatie\/"},{"@type":"ListItem","position":4,"name":"Integrale hervorming in Lliber"}]},{"@type":"WebSite","@id":"https:\/\/vellomonfortarquitectes.com\/nl\/#website","url":"https:\/\/vellomonfortarquitectes.com\/nl\/","name":"Vello Arquitectura","description":"","potentialAction":[{"@type":"SearchAction","target":{"@type":"EntryPoint","urlTemplate":"https:\/\/vellomonfortarquitectes.com\/nl\/?s={search_term_string}"},"query-input":{"@type":"PropertyValueSpecification","valueRequired":true,"valueName":"search_term_string"}}],"inLanguage":"nl-NL"}]}},"_links":{"self":[{"href":"https:\/\/vellomonfortarquitectes.com\/nl\/wp-json\/wp\/v2\/pages\/14387","targetHints":{"allow":["GET"]}}],"collection":[{"href":"https:\/\/vellomonfortarquitectes.com\/nl\/wp-json\/wp\/v2\/pages"}],"about":[{"href":"https:\/\/vellomonfortarquitectes.com\/nl\/wp-json\/wp\/v2\/types\/page"}],"author":[{"embeddable":true,"href":"https:\/\/vellomonfortarquitectes.com\/nl\/wp-json\/wp\/v2\/users\/5"}],"replies":[{"embeddable":true,"href":"https:\/\/vellomonfortarquitectes.com\/nl\/wp-json\/wp\/v2\/comments?post=14387"}],"version-history":[{"count":5,"href":"https:\/\/vellomonfortarquitectes.com\/nl\/wp-json\/wp\/v2\/pages\/14387\/revisions"}],"predecessor-version":[{"id":14392,"href":"https:\/\/vellomonfortarquitectes.com\/nl\/wp-json\/wp\/v2\/pages\/14387\/revisions\/14392"}],"up":[{"embeddable":true,"href":"https:\/\/vellomonfortarquitectes.com\/nl\/wp-json\/wp\/v2\/pages\/14105"}],"wp:featuredmedia":[{"embeddable":true,"href":"https:\/\/vellomonfortarquitectes.com\/nl\/wp-json\/wp\/v2\/media\/14106"}],"wp:attachment":[{"href":"https:\/\/vellomonfortarquitectes.com\/nl\/wp-json\/wp\/v2\/media?parent=14387"}],"curies":[{"name":"wp","href":"https:\/\/api.w.org\/{rel}","templated":true}]}}