{"id":14411,"date":"2023-10-16T11:36:01","date_gmt":"2023-10-16T11:36:01","guid":{"rendered":"https:\/\/vellomonfortarquitectes.com\/hervormingsprojecten\/volledige-renovatie\/integrale-renovatie-in-teulada\/"},"modified":"2025-04-25T10:57:56","modified_gmt":"2025-04-25T10:57:56","slug":"integrale-renovatie-in-teulada","status":"publish","type":"page","link":"https:\/\/vellomonfortarquitectes.com\/nl\/hervormingsprojecten\/volledige-renovatie\/integrale-renovatie-in-teulada\/","title":{"rendered":"Integrale renovatie in Teulada"},"content":{"rendered":"<p>[et_pb_section fb_built=&#8221;1&#8243; custom_padding_last_edited=&#8221;on|phone&#8221; _builder_version=&#8221;4.16&#8243; background_image=&#8221;https:\/\/vellomonfortarquitectes.com\/wp-content\/uploads\/2022\/05\/Certificado-de-habitabilidad-segunda-ocupacion-1-min.jpg&#8221; custom_padding=&#8221;9px||814px||false|false&#8221; custom_padding_tablet=&#8221;&#8221; custom_padding_phone=&#8221;9px||200px||false|false&#8221; collapsed=&#8221;off&#8221; global_colors_info=&#8221;{}&#8221;][\/et_pb_section][et_pb_section fb_built=&#8221;1&#8243; _builder_version=&#8221;4.16&#8243; _module_preset=&#8221;default&#8221; custom_padding=&#8221;40px|||||&#8221; collapsed=&#8221;off&#8221; global_colors_info=&#8221;{}&#8221;][et_pb_row column_structure=&#8221;1_3,2_3&#8243; _builder_version=&#8221;4.16&#8243; _module_preset=&#8221;default&#8221; global_colors_info=&#8221;{}&#8221;][et_pb_column type=&#8221;1_3&#8243; _builder_version=&#8221;4.16&#8243; _module_preset=&#8221;default&#8221; global_colors_info=&#8221;{}&#8221;][et_pb_text _builder_version=&#8221;4.18.0&#8243; _module_preset=&#8221;default&#8221; header_font=&#8221;|300|||||||&#8221; header_font_size=&#8221;50px&#8221; header_line_height=&#8221;1.3em&#8221; header_2_font=&#8221;|300|||||||&#8221; header_2_font_size=&#8221;50px&#8221; header_2_line_height=&#8221;1.3em&#8221; header_font_size_tablet=&#8221;&#8221; header_font_size_phone=&#8221;30px&#8221; header_font_size_last_edited=&#8221;on|phone&#8221; global_colors_info=&#8221;{}&#8221;]<\/p>\n<h1><span style=\"font-weight: 400;\">Complete renovatieprojecten in Teulada<\/span><\/h1>\n<p>[\/et_pb_text][\/et_pb_column][et_pb_column type=&#8221;2_3&#8243; _builder_version=&#8221;4.16&#8243; _module_preset=&#8221;default&#8221; global_colors_info=&#8221;{}&#8221;][et_pb_text _builder_version=&#8221;4.18.0&#8243; _module_preset=&#8221;default&#8221; locked=&#8221;off&#8221; global_colors_info=&#8221;{}&#8221;]<\/p>\n<h2><strong>Integrale renovatie in Teulada<\/strong><\/h2>\n<p>Teulada, met zijn mediterrane charme en benijdenswaardige locatie, biedt je de perfecte gelegenheid om een huisrenovatie uit te voeren die je huis zal veranderen in iets heel speciaals. Bij <strong>Vell\u00f3 Monfort Arquitectos<\/strong> begrijpen we dat een huisrenovatie niet zomaar een renovatie is, maar een opwindende kans om nieuw leven en persoonlijkheid in je ruimte te blazen. <\/p>\n<p>Wanneer je kiest voor een <strong>woningrenovatie in Teulada<\/strong>, zet je de stap naar een complete metamorfose van je huis. Onze aanpak is co\u00f6peratief van begin tot eind. We werken nauw met je samen om ervoor te zorgen dat elk aspect van je ruimte opnieuw wordt ontworpen met een holistische visie, waarbij functionaliteit en creativiteit worden gecombineerd. Het is onze passie om innovatieve idee\u00ebn in onze projecten te verwerken, zodat uw woning niet alleen fris en vernieuwd aanvoelt, maar ook effici\u00ebnt en milieuvriendelijk.   <\/p>\n<p>Teulada is een unieke plek en we willen dat jouw woning de uniciteit en schoonheid ervan weerspiegelt. Of je huis nu omringd is door uitzicht op zee of door de natuurlijke schoonheid van de omgeving, we streven ernaar om de essentie van Teulada vast te leggen in elk detail van je renovatie. <\/p>\n<p>Bij <strong>Vell\u00f3 Monfort Architects<\/strong> zijn we er trots op dat we van je <strong>huisrenovatie in Teulada<\/strong> een unieke en persoonlijke ervaring maken die jouw dromen en behoeften weerspiegelt. We zullen je helpen om een huis te cre\u00ebren waarin je je helemaal in harmonie voelt met deze prachtige hoek van de Spaanse kust. <\/p>\n<p>[\/et_pb_text][\/et_pb_column][\/et_pb_row][et_pb_row _builder_version=&#8221;4.16&#8243; _module_preset=&#8221;default&#8221; global_colors_info=&#8221;{}&#8221;][et_pb_column type=&#8221;4_4&#8243; _builder_version=&#8221;4.16&#8243; _module_preset=&#8221;default&#8221; global_colors_info=&#8221;{}&#8221;][et_pb_text _builder_version=&#8221;4.18.0&#8243; _module_preset=&#8221;default&#8221; custom_padding=&#8221;||0px|||&#8221; global_colors_info=&#8221;{}&#8221;]<\/p>\n<h2>Wat is een uitgebreide hervorming?<\/h2>\n<p>In het hart van Teulada presenteert de mogelijkheid voor een <strong> integrale hervorming<\/strong> zich als een opwindende mogelijkheid om je huis volledig te transformeren. Deze keuze gaat verder dan een eenvoudige renovatie; het is een totale heruitvinding die je de vrijheid geeft om elke hoek van je huis te personaliseren volgens je huidige smaak en behoeften. Bij Vell\u00f3 Monfort Arquitectos begrijpen we het belang van dit proces en we zijn er om je te begeleiden vanaf de eerste visie tot de uiteindelijke realiteit.  <\/p>\n<p>Wanneer je begint aan een woningrenovatie in Teulada, zet je een stap in de richting van een esthetische en functionele wedergeboorte van je huis. Dit proces omvat een zorgvuldige reorganisatie en herontwerp van ruimtes om hun nut en esthetiek te maximaliseren. Het natuurlijke licht en de panoramische uitzichten van het gebied worden naadloos ge\u00efntegreerd in je nieuwe ontwerp, waardoor een harmonieuze en revitaliserende omgeving ontstaat.  <\/p>\n<p>De <strong>integrale hervorming in Teulada<\/strong> is ook een kans om de infrastructuur en systemen van je huis te moderniseren. Dit omvat het updaten van elektrische, loodgieters- en airconditioningsystemen voor meer effici\u00ebntie en veiligheid. Daarnaast kunnen we technologische en duurzame oplossingen integreren die je huis naar de voorgrond van eco-effici\u00ebntie brengen en aanpassen aan de nieuwste trends.  <\/p>\n<p>Uiteindelijk is een <strong>grondige verbouwing in Teulada<\/strong> een investering in comfort en waarde. Je krijgt niet alleen een volledig gerenoveerde ruimte die past bij je huidige levensstijl, maar je verhoogt ook de waarde van je woning. Of je nu van plan bent om nog vele jaren in je huis te blijven wonen of een toekomstige verkoop overweegt, een goed geplande en uitgevoerde grondige verbouwing is een slimme en lonende keuze.  <\/p>\n<p>[\/et_pb_text][et_pb_cta title=&#8221;Neem contact op met ons team voor uw integrale hervorming&#8221; button_url=&#8221;https:\/\/vellomonfortarquitectes.com\/nl\/contact\/&#8221; button_text=&#8221;Neem contact op met&#8221; disabled_on=&#8221;on|off|off&#8221; _builder_version=&#8221;4.18.0&#8243; _module_preset=&#8221;default&#8221; width=&#8221;50%&#8221; module_alignment=&#8221;center&#8221; link_option_url=&#8221;https:\/\/vellomonfortarquitectes.com\/nl\/contact\/&#8221; global_colors_info=&#8221;{}&#8221;][\/et_pb_cta][et_pb_cta button_url=&#8221;https:\/\/vellomonfortarquitectes.com\/nl\/contact\/&#8221; button_text=&#8221;Neem contact op met ons team&#8221; disabled_on=&#8221;off|on|on&#8221; _builder_version=&#8221;4.16&#8243; _module_preset=&#8221;default&#8221; link_option_url=&#8221;https:\/\/vellomonfortarquitectes.com\/nl\/contact\/&#8221; global_colors_info=&#8221;{}&#8221;][\/et_pb_cta][et_pb_text _builder_version=&#8221;4.18.0&#8243; _module_preset=&#8221;default&#8221; global_colors_info=&#8221;{}&#8221;]<\/p>\n<h2><span>Redenen om na te denken over een woningrenovatie in Teulada<\/span><\/h2>\n<p>Het idee van een <strong>woningrenovatie in Teulada<\/strong> is niet zomaar een renovatie; het vertegenwoordigt een opwindende kans om belangrijke veranderingen in je huis aan te brengen die passen bij je behoeften en je levensstijl weerspiegelen. Teulada, met zijn lokale charme en prachtige natuurlijke omgeving, biedt een perfecte omgeving om te beginnen aan een renovatie die de schoonheid van het gebied combineert met het comfort van je persoonlijke ruimte. Vertaald met DeepL.com (gratis versie) <\/p>\n<p>Een van de belangrijkste voordelen van een grondige verbouwing is de transformatie van de leefruimte. Door ruimtes te reorganiseren en opnieuw in te richten, kun je de functionaliteit en doorstroming van elke hoek van je huis verbeteren. Dit vertaalt zich in grotere, heldere kamers met een effici\u00ebntere indeling, zodat je optimaal kunt profiteren van de natuurlijke schoonheid die Teulada omringt. Een huis met goed geplande ruimtes verbetert niet alleen je levenskwaliteit, maar voegt ook waarde toe aan je eigendom. Vertaald met DeepL.com (gratis versie)   <\/p>\n<p>Naast esthetiek is een <strong>renovatie in Teulada<\/strong> de perfecte gelegenheid om de infrastructuur en systemen van je huis te moderniseren. Dit omvat het vernieuwen van elektrische, loodgieters- en airconditioningsystemen, wat een grotere effici\u00ebntie en veiligheid in je huis garandeert. Het is ook het juiste moment om technologische en duurzame oplossingen te integreren, waardoor je een ecologischer huis krijgt dat past bij de huidige trends.  <\/p>\n<p>Zonder twijfel is een <strong>huisrenovatie in Teulada<\/strong> een investering in comfort en welzijn. Het geeft je een gerenoveerde ruimte die zich aanpast aan je smaak en behoeften, waardoor je dagelijkse ervaring en die van je gezin verbetert. Bovendien wordt een vernieuwd huis met kwaliteitsafwerkingen een magneet voor potenti\u00eble kopers, wat de waarde van je investering op lange termijn kan verhogen.  <\/p>\n<ul><\/ul>\n<p>[\/et_pb_text][\/et_pb_column][\/et_pb_row][et_pb_row column_structure=&#8221;1_3,1_3,1_3&#8243; _builder_version=&#8221;4.16&#8243; _module_preset=&#8221;default&#8221; max_width=&#8221;800px&#8221; locked=&#8221;off&#8221; global_colors_info=&#8221;{}&#8221;][et_pb_column type=&#8221;1_3&#8243; _builder_version=&#8221;4.16&#8243; _module_preset=&#8221;default&#8221; global_colors_info=&#8221;{}&#8221;][et_pb_text _builder_version=&#8221;4.16&#8243; _module_preset=&#8221;default&#8221; link_option_url=&#8221;https:\/\/vellomonfortarquitectes.com\/nl\/architectuur-studio-gandia\/&#8221; global_colors_info=&#8221;{}&#8221;]<img loading=\"lazy\" decoding=\"async\" src=\"https:\/\/vellomonfortarquitectes.com\/wp-content\/uploads\/2020\/11\/llapis_estudio.png\" width=\"80\" height=\"124\" alt=\"\" class=\"wp-image-8678 alignnone size-full\" style=\"display: block; margin-left: auto; margin-right: auto;\"><\/p>\n<p style=\"text-align: center;\">STUDIO<\/p>\n<p>[\/et_pb_text][\/et_pb_column][et_pb_column type=&#8221;1_3&#8243; _builder_version=&#8221;4.16&#8243; _module_preset=&#8221;default&#8221; global_colors_info=&#8221;{}&#8221;][et_pb_text _builder_version=&#8221;4.16&#8243; _module_preset=&#8221;default&#8221; link_option_url=&#8221;https:\/\/vellomonfortarquitectes.com\/nl\/contact\/&#8221; global_colors_info=&#8221;{}&#8221;]<\/p>\n<p><img loading=\"lazy\" decoding=\"async\" src=\"https:\/\/vellomonfortarquitectes.com\/wp-content\/uploads\/2020\/11\/regles_quehacemos.png\" width=\"80\" height=\"80\" alt=\"\" class=\"wp-image-8676 alignnone size-full\" style=\"display: block; margin-left: auto; margin-right: auto;\"><\/p>\n<p style=\"text-align: center;\">CONTACT<\/p>\n<p>[\/et_pb_text][\/et_pb_column][et_pb_column type=&#8221;1_3&#8243; _builder_version=&#8221;4.16&#8243; _module_preset=&#8221;default&#8221; global_colors_info=&#8221;{}&#8221;][et_pb_text _builder_version=&#8221;4.16&#8243; _module_preset=&#8221;default&#8221; link_option_url=&#8221;https:\/\/vellomonfortarquitectes.com\/nl\/projecten\/&#8221; global_colors_info=&#8221;{}&#8221;]<\/p>\n<p><img loading=\"lazy\" decoding=\"async\" src=\"https:\/\/vellomonfortarquitectes.com\/wp-content\/uploads\/2020\/11\/compas_proyectos.png\" width=\"80\" height=\"80\" alt=\"\" class=\"wp-image-8677 alignnone size-full\" style=\"display: block; margin-left: auto; margin-right: auto;\"><\/p>\n<p style=\"text-align: center;\">PROJECTEN<\/p>\n<p>[\/et_pb_text][\/et_pb_column][\/et_pb_row][et_pb_row _builder_version=&#8221;4.18.0&#8243; _module_preset=&#8221;default&#8221; global_colors_info=&#8221;{}&#8221;][et_pb_column type=&#8221;4_4&#8243; _builder_version=&#8221;4.18.0&#8243; _module_preset=&#8221;default&#8221; global_colors_info=&#8221;{}&#8221;][et_pb_text _builder_version=&#8221;4.18.0&#8243; _module_preset=&#8221;default&#8221; global_colors_info=&#8221;{}&#8221;]<\/p>\n<h2><strong>Wij vergroten het succes van je Integrale Hervorming in Teulada<\/strong><\/h2>\n<p><span>Ontdek de spannende mogelijkheid om een <strong>huisrenovatie in Teulada<\/strong> uit te voeren en ontdek hoe je je huis volledig kunt transformeren in een eigentijdse, functionele ruimte vol persoonlijkheid. Ons team van architecten, gespecialiseerd in integrale hervormingen, begeleidt je vanaf het ontwerp tot de voltooiing van het project en garandeert uitzonderlijke resultaten. Richt uw ruimtes opnieuw in, moderniseer de infrastructuur, vernieuw de afwerkingen en cre\u00eber een unieke omgeving die uw identiteit weerspiegelt en aan al uw verwachtingen voldoet. Geef een nieuwe dimensie aan je huis in Teulada en ervaar de voldoening om er opnieuw te wonen. Dankzij onze toewijding en ervaring vereenvoudigen we alle processen zodat je in recordtijd volop kunt genieten van je gerenoveerde ruimte in deze prachtige stad aan de Costa Blanca.    <\/span><\/p>\n<p>&nbsp;<\/p>\n<p>[\/et_pb_text][\/et_pb_column][\/et_pb_row][et_pb_row _builder_version=&#8221;4.18.0&#8243; _module_preset=&#8221;default&#8221; global_colors_info=&#8221;{}&#8221;][et_pb_column type=&#8221;4_4&#8243; _builder_version=&#8221;4.18.0&#8243; _module_preset=&#8221;default&#8221; global_colors_info=&#8221;{}&#8221;][et_pb_code _builder_version=&#8221;4.18.0&#8243; _module_preset=&#8221;default&#8221; global_colors_info=&#8221;{}&#8221;]<iframe src=\"https:\/\/www.google.com\/maps\/embed?pb=!1m18!1m12!1m3!1d3112.5084685744055!2d0.1009586622353033!3d38.729092656498366!2m3!1f0!2f0!3f0!3m2!1i1024!2i768!4f13.1!3m3!1m2!1s0x129e0684d920cc41%3A0x4231729b8f569c60!2s03725%20Teulada%2C%20Alicante!5e0!3m2!1ses!2ses!4v1697456742034!5m2!1ses!2ses\" width=\"100%\" height=\"600\" style=\"border:0;\" allowfullscreen=\"\" loading=\"lazy\" referrerpolicy=\"no-referrer-when-downgrade\"><\/iframe>[\/et_pb_code][\/et_pb_column][\/et_pb_row][et_pb_row _builder_version=&#8221;4.18.0&#8243; _module_preset=&#8221;default&#8221; global_colors_info=&#8221;{}&#8221;][et_pb_column type=&#8221;4_4&#8243; _builder_version=&#8221;4.18.0&#8243; _module_preset=&#8221;default&#8221; global_colors_info=&#8221;{}&#8221;][et_pb_text _builder_version=&#8221;4.18.0&#8243; _module_preset=&#8221;default&#8221; global_colors_info=&#8221;{}&#8221;]<\/p>\n<h2><strong>Veelgestelde vragen over Integrale Hervorming in Ondara<\/strong><\/h2>\n<p>[\/et_pb_text][et_pb_accordion _builder_version=&#8221;4.18.0&#8243; _module_preset=&#8221;default&#8221; global_colors_info=&#8221;{}&#8221;][et_pb_accordion_item title=&#8221;Wat is een woningrenovatie in Teulada en wat is het verschil met een gewone renovatie?&#8221; open=&#8221;on&#8221; _builder_version=&#8221;4.18.0&#8243; _module_preset=&#8221;default&#8221; global_colors_info=&#8221;{}&#8221;]<span>Een woningrenovatie in Teulada houdt een complete transformatie van je huis in, inclusief het reorganiseren van ruimtes, het updaten van infrastructuur en het vernieuwen van afwerkingen. In tegenstelling tot een conventionele renovatie, die meestal gericht is op oppervlakkige veranderingen, richt een integrale hervorming zich op structurele en functionele aspecten om zowel de esthetiek als de functionaliteit van je huis te verbeteren. <\/span>[\/et_pb_accordion_item][et_pb_accordion_item title=&#8221;Hoe lang duurt een woningrenovatie in Teulada meestal?&#8221; _builder_version=&#8221;4.18.0&#8243; _module_preset=&#8221;default&#8221; global_colors_info=&#8221;{}&#8221; open=&#8221;off&#8221;]<span>De duur van een woningrenovatie in Teulada hangt af van de grootte en de complexiteit van het project. Over het algemeen kan het enkele maanden duren van planning tot voltooiing. Het is belangrijk om een duidelijke en realistische tijdlijn te hebben en een team van professionals dat een gestaag tempo kan aanhouden om eventuele vertragingen tot een minimum te beperken.  <\/span>[\/et_pb_accordion_item][et_pb_accordion_item title=&#8221;Wat zijn de gemiddelde kosten van een huis renovatie in Teulada?&#8221; _builder_version=&#8221;4.18.0&#8243; _module_preset=&#8221;default&#8221; global_colors_info=&#8221;{}&#8221; open=&#8221;off&#8221;]<span>De kosten van een woningrenovatie in Teulada vari\u00ebren aanzienlijk afhankelijk van de omvang van het project en de kwaliteit van de gebruikte materialen en afwerkingen. Het is belangrijk om verschillende offertes aan te vragen en samen te werken met een architect of ontwerper om je prioriteiten te bepalen en je budget hierop af te stemmen. Over het algemeen kan een woningrenovatie een aanzienlijke investering zijn, maar het zal de waarde van je woning meestal verhogen.  <\/span>[\/et_pb_accordion_item][et_pb_accordion_item title=&#8221;Waar moet ik op letten bij het kiezen van een team van professionals voor mijn integrale hervorming in Teulada?&#8221; _builder_version=&#8221;4.18.0&#8243; _module_preset=&#8221;default&#8221; global_colors_info=&#8221;{}&#8221; open=&#8221;off&#8221;]<span>Bij het kiezen van een team voor je woningrenovatie in Teulada is het essentieel om de ervaring en geloofsbrieven van de betrokken architecten, aannemers en andere professionals te beoordelen. Het is ook belangrijk om eerdere projecten te bekijken en te vragen naar referenties van tevreden klanten. Effectieve communicatie en het vermogen om samen te werken zijn belangrijke aspecten van een succesvol project. Zorg ervoor dat je een gedetailleerd contract hebt waarin tijdlijnen, kosten en projectdetails worden gespecificeerd om onaangename verrassingen tijdens het proces te voorkomen. Bij Vell\u00f3 Monfort Architects zetten we ons in om je een uitgebreide en persoonlijke service te bieden voor je renovatie in Teulada.    <\/span>[\/et_pb_accordion_item][\/et_pb_accordion][\/et_pb_column][\/et_pb_row][et_pb_row _builder_version=&#8221;4.18.0&#8243; _module_preset=&#8221;default&#8221; global_colors_info=&#8221;{}&#8221;][et_pb_column type=&#8221;4_4&#8243; _builder_version=&#8221;4.18.0&#8243; _module_preset=&#8221;default&#8221; global_colors_info=&#8221;{}&#8221;][et_pb_text _builder_version=&#8221;4.18.0&#8243; _module_preset=&#8221;default&#8221; global_colors_info=&#8221;{}&#8221;]<\/p>\n<h2><strong>Uitgebreide renovatie in andere gebieden en steden<\/strong><\/h2>\n<p>[\/et_pb_text][\/et_pb_column][\/et_pb_row][et_pb_row column_structure=&#8221;1_5,1_5,1_5,1_5,1_5&#8243; _builder_version=&#8221;4.18.0&#8243; _module_preset=&#8221;default&#8221; hover_enabled=&#8221;0&#8243; global_colors_info=&#8221;{}&#8221; theme_builder_area=&#8221;post_content&#8221; sticky_enabled=&#8221;0&#8243;][et_pb_column type=&#8221;1_5&#8243; _builder_version=&#8221;4.18.0&#8243; _module_preset=&#8221;default&#8221; global_colors_info=&#8221;{}&#8221; theme_builder_area=&#8221;post_content&#8221;][et_pb_image src=&#8221;https:\/\/vellomonfortarquitectes.com\/wp-content\/uploads\/2023\/04\/denia.png&#8221; alt=&#8221;denia&#8221; title_text=&#8221;denia&#8221; url=&#8221;https:\/\/vellomonfortarquitectes.com\/nl\/hervormingsprojecten\/volledige-renovatie\/volledige-renovatie-in-denia\/&#8221; _builder_version=&#8221;4.18.0&#8243; _module_preset=&#8221;default&#8221; global_colors_info=&#8221;{}&#8221; theme_builder_area=&#8221;post_content&#8221;][\/et_pb_image][et_pb_text _builder_version=&#8221;4.18.0&#8243; _module_preset=&#8221;default&#8221; link_option_url=&#8221;https:\/\/vellomonfortarquitectes.com\/nl\/hervormingsprojecten\/volledige-renovatie\/volledige-renovatie-in-denia\/&#8221; global_colors_info=&#8221;{}&#8221; theme_builder_area=&#8221;post_content&#8221;]<\/p>\n<h3 style=\"text-align: center;\">Denia<\/h3>\n<p>[\/et_pb_text][\/et_pb_column][et_pb_column type=&#8221;1_5&#8243; _builder_version=&#8221;4.18.0&#8243; _module_preset=&#8221;default&#8221; global_colors_info=&#8221;{}&#8221; theme_builder_area=&#8221;post_content&#8221;][et_pb_image src=&#8221;https:\/\/vellomonfortarquitectes.com\/wp-content\/uploads\/2023\/04\/javea.png&#8221; alt=&#8221;javea&#8221; title_text=&#8221;javea&#8221; url=&#8221;https:\/\/vellomonfortarquitectes.com\/nl\/hervormingsprojecten\/volledige-renovatie\/integrale-hervorming-in-javea\/&#8221; _builder_version=&#8221;4.18.0&#8243; _module_preset=&#8221;default&#8221; global_colors_info=&#8221;{}&#8221; theme_builder_area=&#8221;post_content&#8221;][\/et_pb_image][et_pb_text _builder_version=&#8221;4.18.0&#8243; _module_preset=&#8221;default&#8221; link_option_url=&#8221;https:\/\/vellomonfortarquitectes.com\/nl\/hervormingsprojecten\/volledige-renovatie\/integrale-hervorming-in-javea\/&#8221; global_colors_info=&#8221;{}&#8221; theme_builder_area=&#8221;post_content&#8221;]<\/p>\n<h3 style=\"text-align: center;\">Javea<\/h3>\n<p>[\/et_pb_text][\/et_pb_column][et_pb_column type=&#8221;1_5&#8243; _builder_version=&#8221;4.18.0&#8243; _module_preset=&#8221;default&#8221; global_colors_info=&#8221;{}&#8221; theme_builder_area=&#8221;post_content&#8221;][et_pb_image src=&#8221;https:\/\/vellomonfortarquitectes.com\/wp-content\/uploads\/2023\/04\/calpe.png&#8221; alt=&#8221;calpe&#8221; title_text=&#8221;calpe&#8221; url=&#8221;https:\/\/vellomonfortarquitectes.com\/nl\/hervormingsprojecten\/volledige-renovatie\/integrale-hervorming-in-calpe\/&#8221; _builder_version=&#8221;4.18.0&#8243; _module_preset=&#8221;default&#8221; global_colors_info=&#8221;{}&#8221; theme_builder_area=&#8221;post_content&#8221;][\/et_pb_image][et_pb_text _builder_version=&#8221;4.18.0&#8243; _module_preset=&#8221;default&#8221; link_option_url=&#8221;https:\/\/vellomonfortarquitectes.com\/nl\/hervormingsprojecten\/volledige-renovatie\/integrale-hervorming-in-calpe\/&#8221; global_colors_info=&#8221;{}&#8221; theme_builder_area=&#8221;post_content&#8221;]<\/p>\n<h3 style=\"text-align: center;\">Calpe<\/h3>\n<p>[\/et_pb_text][\/et_pb_column][et_pb_column type=&#8221;1_5&#8243; _builder_version=&#8221;4.18.0&#8243; _module_preset=&#8221;default&#8221; global_colors_info=&#8221;{}&#8221; theme_builder_area=&#8221;post_content&#8221;][et_pb_image src=&#8221;https:\/\/vellomonfortarquitectes.com\/wp-content\/uploads\/2023\/04\/altea.png&#8221; alt=&#8221;altea&#8221; title_text=&#8221;altea&#8221; url=&#8221;https:\/\/vellomonfortarquitectes.com\/nl\/hervormingsprojecten\/volledige-renovatie\/integrale-hervorming-in-altea\/&#8221; _builder_version=&#8221;4.18.0&#8243; _module_preset=&#8221;default&#8221; global_colors_info=&#8221;{}&#8221; theme_builder_area=&#8221;post_content&#8221;][\/et_pb_image][et_pb_text _builder_version=&#8221;4.18.0&#8243; _module_preset=&#8221;default&#8221; link_option_url=&#8221;https:\/\/vellomonfortarquitectes.com\/nl\/hervormingsprojecten\/volledige-renovatie\/integrale-hervorming-in-altea\/&#8221; global_colors_info=&#8221;{}&#8221; theme_builder_area=&#8221;post_content&#8221;]<\/p>\n<h3 style=\"text-align: center;\">Altea<\/h3>\n<p>[\/et_pb_text][\/et_pb_column][et_pb_column type=&#8221;1_5&#8243; _builder_version=&#8221;4.18.0&#8243; _module_preset=&#8221;default&#8221; global_colors_info=&#8221;{}&#8221; theme_builder_area=&#8221;post_content&#8221;][et_pb_image src=&#8221;https:\/\/vellomonfortarquitectes.com\/wp-content\/uploads\/2023\/06\/benidorm.png&#8221; alt=&#8221;benidorm&#8221; title_text=&#8221;benidorm&#8221; url=&#8221;https:\/\/vellomonfortarquitectes.com\/nl\/hervormingsprojecten\/volledige-renovatie\/volledige-renovatie-in-benidorm\/&#8221; _builder_version=&#8221;4.18.0&#8243; _module_preset=&#8221;default&#8221; global_colors_info=&#8221;{}&#8221; theme_builder_area=&#8221;post_content&#8221;][\/et_pb_image][et_pb_text _builder_version=&#8221;4.18.0&#8243; _module_preset=&#8221;default&#8221; link_option_url=&#8221;https:\/\/vellomonfortarquitectes.com\/nl\/hervormingsprojecten\/volledige-renovatie\/volledige-renovatie-in-benidorm\/&#8221; global_colors_info=&#8221;{}&#8221; theme_builder_area=&#8221;post_content&#8221;]<\/p>\n<h3 style=\"text-align: center;\">Benidorm<\/h3>\n<p>[\/et_pb_text][\/et_pb_column][\/et_pb_row][et_pb_row column_structure=&#8221;1_5,1_5,1_5,1_5,1_5&#8243; _builder_version=&#8221;4.18.0&#8243; _module_preset=&#8221;default&#8221; hover_enabled=&#8221;0&#8243; global_colors_info=&#8221;{}&#8221; theme_builder_area=&#8221;post_content&#8221; sticky_enabled=&#8221;0&#8243;][et_pb_column _builder_version=&#8221;4.18.0&#8243; _module_preset=&#8221;default&#8221; type=&#8221;1_5&#8243; theme_builder_area=&#8221;post_content&#8221;][et_pb_image src=&#8221;https:\/\/vellomonfortarquitectes.com\/wp-content\/uploads\/2023\/04\/benissa.png&#8221; alt=&#8221;benissa&#8221; title_text=&#8221;benissa&#8221; url=&#8221;https:\/\/vellomonfortarquitectes.com\/nl\/hervormingsprojecten\/volledige-renovatie\/integrale-hervorming-in-benissa\/&#8221; _builder_version=&#8221;4.18.0&#8243; _module_preset=&#8221;default&#8221; global_colors_info=&#8221;{}&#8221; theme_builder_area=&#8221;post_content&#8221;][\/et_pb_image][et_pb_text _builder_version=&#8221;4.18.0&#8243; _module_preset=&#8221;default&#8221; link_option_url=&#8221;https:\/\/vellomonfortarquitectes.com\/nl\/hervormingsprojecten\/volledige-renovatie\/integrale-hervorming-in-benissa\/&#8221; global_colors_info=&#8221;{}&#8221; theme_builder_area=&#8221;post_content&#8221;]<\/p>\n<h3 style=\"text-align: center;\">Benissa<\/h3>\n<p>[\/et_pb_text][\/et_pb_column][et_pb_column type=&#8221;1_5&#8243; _builder_version=&#8221;4.18.0&#8243; _module_preset=&#8221;default&#8221; global_colors_info=&#8221;{}&#8221; theme_builder_area=&#8221;post_content&#8221;][et_pb_image src=&#8221;https:\/\/vellomonfortarquitectes.com\/wp-content\/uploads\/2023\/04\/moraira.png&#8221; alt=&#8221;moraira&#8221; title_text=&#8221;moraira&#8221; url=&#8221;https:\/\/vellomonfortarquitectes.com\/nl\/hervormingsprojecten\/volledige-renovatie\/integrale-hervorming-in-moraira\/&#8221; _builder_version=&#8221;4.18.0&#8243; _module_preset=&#8221;default&#8221; global_colors_info=&#8221;{}&#8221; theme_builder_area=&#8221;post_content&#8221;][\/et_pb_image][et_pb_text _builder_version=&#8221;4.18.0&#8243; _module_preset=&#8221;default&#8221; link_option_url=&#8221;https:\/\/vellomonfortarquitectes.com\/nl\/hervormingsprojecten\/volledige-renovatie\/integrale-hervorming-in-moraira\/&#8221; global_colors_info=&#8221;{}&#8221; theme_builder_area=&#8221;post_content&#8221;]<\/p>\n<h3 style=\"text-align: center;\">Moraira<\/h3>\n<p>[\/et_pb_text][\/et_pb_column][et_pb_column type=&#8221;1_5&#8243; _builder_version=&#8221;4.18.0&#8243; _module_preset=&#8221;default&#8221; global_colors_info=&#8221;{}&#8221; theme_builder_area=&#8221;post_content&#8221;][et_pb_image src=&#8221;https:\/\/vellomonfortarquitectes.com\/wp-content\/uploads\/2023\/04\/ondara.png&#8221; alt=&#8221;ondara&#8221; title_text=&#8221;ondara&#8221; url=&#8221;https:\/\/vellomonfortarquitectes.com\/nl\/hervormingsprojecten\/volledige-renovatie\/integrale-hervorming-in-ondara\/&#8221; _builder_version=&#8221;4.18.0&#8243; _module_preset=&#8221;default&#8221; global_colors_info=&#8221;{}&#8221; theme_builder_area=&#8221;post_content&#8221;][\/et_pb_image][et_pb_text _builder_version=&#8221;4.18.0&#8243; _module_preset=&#8221;default&#8221; link_option_url=&#8221;https:\/\/vellomonfortarquitectes.com\/nl\/hervormingsprojecten\/volledige-renovatie\/integrale-hervorming-in-ondara\/&#8221; global_colors_info=&#8221;{}&#8221; theme_builder_area=&#8221;post_content&#8221;]<\/p>\n<h3 style=\"text-align: center;\">Ondara<\/h3>\n<p>[\/et_pb_text][\/et_pb_column][et_pb_column type=&#8221;1_5&#8243; _builder_version=&#8221;4.18.0&#8243; _module_preset=&#8221;default&#8221; global_colors_info=&#8221;{}&#8221; theme_builder_area=&#8221;post_content&#8221;][et_pb_image src=&#8221;https:\/\/vellomonfortarquitectes.com\/wp-content\/uploads\/2023\/06\/jalon.png&#8221; alt=&#8221;jalon&#8221; title_text=&#8221;jalon&#8221; url=&#8221;https:\/\/vellomonfortarquitectes.com\/nl\/hervormingsprojecten\/volledige-renovatie\/integrale-hervorming-in-jalon\/&#8221; _builder_version=&#8221;4.18.0&#8243; _module_preset=&#8221;default&#8221; global_colors_info=&#8221;{}&#8221; theme_builder_area=&#8221;post_content&#8221;][\/et_pb_image][et_pb_text _builder_version=&#8221;4.18.0&#8243; _module_preset=&#8221;default&#8221; link_option_url=&#8221;https:\/\/vellomonfortarquitectes.com\/nl\/hervormingsprojecten\/volledige-renovatie\/integrale-hervorming-in-altea\/&#8221; global_colors_info=&#8221;{}&#8221; theme_builder_area=&#8221;post_content&#8221;]<\/p>\n<h3 style=\"text-align: center;\">Jal\u00f3n<\/h3>\n<p>[\/et_pb_text][\/et_pb_column][et_pb_column type=&#8221;1_5&#8243; _builder_version=&#8221;4.18.0&#8243; _module_preset=&#8221;default&#8221; global_colors_info=&#8221;{}&#8221; theme_builder_area=&#8221;post_content&#8221;][et_pb_image src=&#8221;https:\/\/vellomonfortarquitectes.com\/wp-content\/uploads\/2023\/06\/lliber.png&#8221; alt=&#8221;lliber&#8221; title_text=&#8221;lliber&#8221; url=&#8221;https:\/\/vellomonfortarquitectes.com\/nl\/hervormingsprojecten\/volledige-renovatie\/integrale-hervorming-in-lliber\/&#8221; _builder_version=&#8221;4.18.0&#8243; _module_preset=&#8221;default&#8221; global_colors_info=&#8221;{}&#8221; theme_builder_area=&#8221;post_content&#8221;][\/et_pb_image][et_pb_text _builder_version=&#8221;4.18.0&#8243; _module_preset=&#8221;default&#8221; link_option_url=&#8221;https:\/\/vellomonfortarquitectes.com\/nl\/hervormingsprojecten\/volledige-renovatie\/integrale-hervorming-in-lliber\/&#8221; global_colors_info=&#8221;{}&#8221; theme_builder_area=&#8221;post_content&#8221;]<\/p>\n<h3 style=\"text-align: center;\">Lliber<\/h3>\n<p>[\/et_pb_text][\/et_pb_column][\/et_pb_row][et_pb_row column_structure=&#8221;1_4,1_4,1_4,1_4&#8243; _builder_version=&#8221;4.18.0&#8243; _module_preset=&#8221;default&#8221; global_colors_info=&#8221;{}&#8221;][et_pb_column type=&#8221;1_4&#8243; _builder_version=&#8221;4.18.0&#8243; _module_preset=&#8221;default&#8221; global_colors_info=&#8221;{}&#8221;][et_pb_image src=&#8221;https:\/\/vellomonfortarquitectes.com\/wp-content\/uploads\/2023\/08\/altea-hills.png&#8221; alt=&#8221;altea hills&#8221; title_text=&#8221;altea hills&#8221; url=&#8221;https:\/\/vellomonfortarquitectes.com\/nl\/hervormingsprojecten\/volledige-renovatie\/volledige-renovatie-in-altea-hills\/&#8221; _builder_version=&#8221;4.18.0&#8243; _module_preset=&#8221;default&#8221; global_colors_info=&#8221;{}&#8221;][\/et_pb_image][et_pb_text _builder_version=&#8221;4.18.0&#8243; _module_preset=&#8221;default&#8221; link_option_url=&#8221;https:\/\/vellomonfortarquitectes.com\/nl\/hervormingsprojecten\/volledige-renovatie\/volledige-renovatie-in-altea-hills\/&#8221; global_colors_info=&#8221;{}&#8221;]<\/p>\n<h3 style=\"text-align: center;\">Altea Hills<\/h3>\n<p>[\/et_pb_text][\/et_pb_column][et_pb_column type=&#8221;1_4&#8243; _builder_version=&#8221;4.18.0&#8243; _module_preset=&#8221;default&#8221; global_colors_info=&#8221;{}&#8221;][et_pb_image src=&#8221;https:\/\/vellomonfortarquitectes.com\/wp-content\/uploads\/2023\/08\/monte-pego.png&#8221; alt=&#8221;monte pego&#8221; title_text=&#8221;monte pego&#8221; url=&#8221;https:\/\/vellomonfortarquitectes.com\/nl\/hervormingsprojecten\/volledige-renovatie\/integrale-hervorming-monte-pego\/&#8221; _builder_version=&#8221;4.18.0&#8243; _module_preset=&#8221;default&#8221; global_colors_info=&#8221;{}&#8221;][\/et_pb_image][et_pb_text _builder_version=&#8221;4.18.0&#8243; _module_preset=&#8221;default&#8221; link_option_url=&#8221;https:\/\/vellomonfortarquitectes.com\/nl\/hervormingsprojecten\/volledige-renovatie\/integrale-hervorming-monte-pego\/&#8221; global_colors_info=&#8221;{}&#8221;]<\/p>\n<h3 style=\"text-align: center;\">Monte Pego<\/h3>\n<p>[\/et_pb_text][\/et_pb_column][et_pb_column type=&#8221;1_4&#8243; _builder_version=&#8221;4.18.0&#8243; _module_preset=&#8221;default&#8221; global_colors_info=&#8221;{}&#8221;][et_pb_image src=&#8221;https:\/\/vellomonfortarquitectes.com\/wp-content\/uploads\/2023\/08\/el-portitxol.png&#8221; alt=&#8221;el portitxol&#8221; title_text=&#8221;el portitxol&#8221; url=&#8221;https:\/\/vellomonfortarquitectes.com\/nl\/hervormingsprojecten\/volledige-renovatie\/volledige-renovatie-in-portitxol\/&#8221; _builder_version=&#8221;4.18.0&#8243; _module_preset=&#8221;default&#8221; global_colors_info=&#8221;{}&#8221;][\/et_pb_image][et_pb_text _builder_version=&#8221;4.18.0&#8243; _module_preset=&#8221;default&#8221; link_option_url=&#8221;https:\/\/vellomonfortarquitectes.com\/nl\/hervormingsprojecten\/volledige-renovatie\/volledige-renovatie-in-portitxol\/&#8221; global_colors_info=&#8221;{}&#8221;]<\/p>\n<h3 style=\"text-align: center;\">El Portitxol<\/h3>\n<p>[\/et_pb_text][\/et_pb_column][et_pb_column type=&#8221;1_4&#8243; _builder_version=&#8221;4.18.0&#8243; _module_preset=&#8221;default&#8221; global_colors_info=&#8221;{}&#8221;][et_pb_image src=&#8221;https:\/\/vellomonfortarquitectes.com\/wp-content\/uploads\/2023\/08\/les-rotes.png&#8221; alt=&#8221;les rotes&#8221; title_text=&#8221;les rotes&#8221; url=&#8221;https:\/\/vellomonfortarquitectes.com\/nl\/hervormingsprojecten\/volledige-renovatie\/volledige-renovatie-in-les-rotes\/&#8221; _builder_version=&#8221;4.18.0&#8243; _module_preset=&#8221;default&#8221; global_colors_info=&#8221;{}&#8221;][\/et_pb_image][et_pb_text _builder_version=&#8221;4.18.0&#8243; _module_preset=&#8221;default&#8221; link_option_url=&#8221;https:\/\/vellomonfortarquitectes.com\/nl\/hervormingsprojecten\/volledige-renovatie\/volledige-renovatie-in-les-rotes\/&#8221; global_colors_info=&#8221;{}&#8221;]<\/p>\n<h3 style=\"text-align: center;\">Les Rotes<\/h3>\n<p>[\/et_pb_text][\/et_pb_column][\/et_pb_row][\/et_pb_section][et_pb_section fb_built=&#8221;1&#8243; _builder_version=&#8221;4.16&#8243; _module_preset=&#8221;default&#8221; background_color=&#8221;#6f6f6f&#8221; custom_padding=&#8221;10px||10px||true|false&#8221; global_module=&#8221;8739&#8243; saved_tabs=&#8221;all&#8221; collapsed=&#8221;off&#8221; global_colors_info=&#8221;{}&#8221;][et_pb_row column_structure=&#8221;1_4,1_4,1_4,1_4&#8243; _builder_version=&#8221;4.18.0&#8243; _module_preset=&#8221;default&#8221; custom_padding=&#8221;10px||10px||true|false&#8221; global_colors_info=&#8221;{}&#8221;][et_pb_column type=&#8221;1_4&#8243; _builder_version=&#8221;4.18.0&#8243; _module_preset=&#8221;default&#8221; global_colors_info=&#8221;{}&#8221;][et_pb_text admin_label=&#8221;Texto&#8221; _builder_version=&#8221;4.18.0&#8243; _module_preset=&#8221;default&#8221; text_text_color=&#8221;#FFFFFF&#8221; text_font_size=&#8221;10px&#8221; link_text_color=&#8221;#FFFFFF&#8221; link_option_url_new_window=&#8221;on&#8221; global_colors_info=&#8221;{}&#8221;]<\/p>\n<h3><span style=\"color: #ffffff;\">Architecten Gand\u00eda Vell\u00f3 Monfort<\/span><\/h3>\n<ul>\n<li style=\"font-size: 14px;\"><a href=\"https:\/\/vellomonfortarquitectes.com\/nl\/\">Architecten Gand\u00eda<\/a><\/li>\n<li style=\"font-size: 14px;\"><a href=\"https:\/\/vellomonfortarquitectes.com\/nl\/architecten-denia\/\">Architecten Denia<\/a><\/li>\n<li style=\"font-size: 14px;\"><a href=\"https:\/\/vellomonfortarquitectes.com\/nl\/architecten-javea\/\">Architecten J\u00e1vea<\/a><\/li>\n<li style=\"font-size: 14px;\"><a href=\"https:\/\/vellomonfortarquitectes.com\/nl\/architecten-moraira\/\" title=\"Architecten moraira\">Architecten Moraira<\/a><\/li>\n<li style=\"font-size: 14px;\"><a href=\"https:\/\/vellomonfortarquitectes.com\/nl\/architecten-alicante\/architecten-altea\/\">Architecten Altea<\/a><\/li>\n<\/ul>\n<p>&nbsp;<\/p>\n<p>[\/et_pb_text][\/et_pb_column][et_pb_column type=&#8221;1_4&#8243; _builder_version=&#8221;4.16&#8243; _module_preset=&#8221;default&#8221; global_colors_info=&#8221;{}&#8221;][et_pb_text admin_label=&#8221;Texto&#8221; _builder_version=&#8221;4.18.0&#8243; _module_preset=&#8221;default&#8221; text_text_color=&#8221;#ffffff&#8221; text_font_size=&#8221;10px&#8221; text_orientation=&#8221;center&#8221; custom_margin=&#8221;||0px||false|false&#8221; global_colors_info=&#8221;{}&#8221;]<\/p>\n<h3 style=\"text-align: center;\"><span style=\"color: #ffffff;\">Bouwkundige diensten<\/span><\/h3>\n<p style=\"text-align: center; font-size: 16px; line-height: 0.7;\"><span style=\"color: #ffffff;\"><a style=\"color: #ffffff;\" href=\"https:\/\/vellomonfortarquitectes.com\/nl\/nieuwbouwprojecten\/\">Nieuwbouwprojecten<\/a><\/span><\/p>\n<p style=\"text-align: center; font-size: 16px; line-height: 0.7;\"><span style=\"color: #ffffff;\"><a style=\"color: #ffffff;\" href=\"https:\/\/vellomonfortarquitectes.com\/nl\/hervormingsprojecten\/\">Hervormingsprojecten<\/a><\/span><\/p>\n<p style=\"text-align: center; font-size: 16px; line-height: 0.7;\"><span style=\"color: #ffffff;\"><a style=\"color: #ffffff;\" href=\"https:\/\/vellomonfortarquitectes.com\/nl\/interieur-ontwerp\/\">Interieurontwerp<\/a><\/span><\/p>\n<p style=\"text-align: center; font-size: 16px; line-height: 0.7;\"><span style=\"color: #ffffff;\"><a style=\"color: #ffffff;\" href=\"https:\/\/vellomonfortarquitectes.com\/nl\/structurele-berekeningen\/\">Structurele berekeningen<\/a><\/span><\/p>\n<p style=\"text-align: center; font-size: 16px; line-height: 0.7;\"><span style=\"color: #ffffff;\"><a style=\"color: #ffffff;\" href=\"https:\/\/vellomonfortarquitectes.com\/nl\/andere-diensten\/\">Andere diensten<\/a><\/span><\/p>\n<p style=\"text-align: center;\">[\/et_pb_text][\/et_pb_column][et_pb_column type=&#8221;1_4&#8243; _builder_version=&#8221;4.16&#8243; _module_preset=&#8221;default&#8221; global_colors_info=&#8221;{}&#8221;][et_pb_text admin_label=&#8221;Texto&#8221; _builder_version=&#8221;4.18.0&#8243; _module_preset=&#8221;default&#8221; text_text_color=&#8221;#FFFFFF&#8221; text_font_size=&#8221;10px&#8221; link_text_color=&#8221;#FFFFFF&#8221; link_option_url_new_window=&#8221;on&#8221; global_colors_info=&#8221;{}&#8221;]<\/p>\n<h3><span style=\"color: #ffffff;\">Bewoonbaarheidscertificaten<\/span><\/h3>\n<ul>\n<li style=\"font-size: 14px;\"><a href=\"https:\/\/vellomonfortarquitectes.com\/nl\/bewoonbaarheidscertificaten-voor-tweede-bewoning\/\">Bewoonbaarheidscertificaten in Gand\u00eda<\/a><\/li>\n<li style=\"font-size: 14px;\"><a href=\"https:\/\/vellomonfortarquitectes.com\/nl\/bewoningscertificaten-voor-tweede-bewoning-in-denia\/\">Bewoonbaarheidscertificaten in Denia<\/a><\/li>\n<li style=\"font-size: 14px;\"><a href=\"https:\/\/vellomonfortarquitectes.com\/nl\/bewoonbaarheidscertificaten-voor-tweede-bewoning-in-javea\/\">Bewoonbaarheidscertificaten in J\u00e1vea<\/a><\/li>\n<li style=\"font-size: 14px;\"><a href=\"https:\/\/vellomonfortarquitectes.com\/nl\/bewoonbaarheidscertificaten-voor-tweede-bewoning-in-teulada-moraira\/\">Bewoonbaarheidscertificaten in Teulada-Moraira<\/a><\/li>\n<li style=\"font-size: 14px;\"><a href=\"https:\/\/vellomonfortarquitectes.com\/nl\/bewoningscertificaten-voor-tweede-bewoning-in-benissa\/\">Bewoonbaarheidscertificaten in Benissa<\/a><\/li>\n<li style=\"font-size: 14px;\"><a href=\"https:\/\/vellomonfortarquitectes.com\/nl\/bewoningscertificaten-voor-tweede-bewoning-in-calp\/\">Bewoonbaarheidscertificaten in Calp<\/a><\/li>\n<li style=\"font-size: 14px;\"><a href=\"https:\/\/vellomonfortarquitectes.com\/nl\/bewoonbaarheidscertificaten-voor-tweede-bewoning-in-altea\/\">Bewoonbaarheidscertificaten in Altea<\/a><\/li>\n<\/ul>\n<p>&nbsp;<\/p>\n<p>[\/et_pb_text][et_pb_text _builder_version=&#8221;4.18.0&#8243; _module_preset=&#8221;default&#8221; global_colors_info=&#8221;{}&#8221;]<\/p>\n<p>Your content goes here. Edit or remove this text inline or in the module Content settings. You can also style every aspect of this content in the module Design settings and even apply custom CSS to this text in the module Advanced settings.  <\/p>\n<p>[\/et_pb_text][et_pb_text _builder_version=&#8221;4.18.0&#8243; _module_preset=&#8221;default&#8221; global_colors_info=&#8221;{}&#8221;]<\/p>\n<p>Your content goes here. Edit or remove this text inline or in the module Content settings. You can also style every aspect of this content in the module Design settings and even apply custom CSS to this text in the module Advanced settings.  <\/p>\n<p>[\/et_pb_text][\/et_pb_column][et_pb_column type=&#8221;1_4&#8243; _builder_version=&#8221;4.16&#8243; _module_preset=&#8221;default&#8221; global_colors_info=&#8221;{}&#8221;][et_pb_text admin_label=&#8221;Texto&#8221; _builder_version=&#8221;4.18.0&#8243; _module_preset=&#8221;default&#8221; text_text_color=&#8221;#ffffff&#8221; link_text_color=&#8221;#FFFFFF&#8221; global_colors_info=&#8221;{}&#8221;]<\/p>\n<h3 style=\"text-align: center;\"><span style=\"color: #ffffff;\">Neem contact met ons op<\/span><\/h3>\n<p style=\"text-align: center;\"><a href=\"mailto:info@vellomonfortarquitectes.com\">info@vellomonfortarquitectes.com<\/a><\/p>\n<p style=\"text-align: center;\"><a style=\"text-align: center; color: #fffff;\" href=\"tel:600397039\">600 39 70 39<\/a><\/p>\n<p style=\"text-align: center;\">Carrer Vallier, 2 4\u00baB 46702 Gand\u00eda &#8211; Valencia<\/p>\n<p>&nbsp;<\/p>\n<p>[\/et_pb_text][et_pb_code _builder_version=&#8221;4.16&#8243; _module_preset=&#8221;default&#8221; global_colors_info=&#8221;{}&#8221;]<span><a href=\"https:\/\/www.facebook.com\/Vello-Monfort-Arquitectes-576144702560859\"><i style=\"color:white;padding-right:10px;\" class=\"fab fa-facebook-f fa-2x\"><\/i><\/a> <a href=\"https:\/\/www.instagram.com\/vellomonfortarquitectes\/\"><i style=\"color:white;padding-right:10px;\" class=\"fab fa-instagram fa-2x\"><\/i><\/a> <a href=\"https:\/\/www.linkedin.com\/company\/vell%C3%B3monfortarquitectes\/\"><i style=\"color:white;padding-right:10px;\" class=\"fa-2x fab fa-linkedin-in\"><\/i><\/a><\/span>[\/et_pb_code][\/et_pb_column][\/et_pb_row][\/et_pb_section]<\/p>\n","protected":false},"excerpt":{"rendered":"<p>Complete renovatieprojecten in TeuladaIntegrale renovatie in Teulada Teulada, met zijn mediterrane charme en benijdenswaardige locatie, biedt je de perfecte gelegenheid om een huisrenovatie uit te voeren die je huis zal veranderen in iets heel speciaals. Bij Vell\u00f3 Monfort Arquitectos begrijpen we dat een huisrenovatie niet zomaar een renovatie is, maar een opwindende kans om nieuw [&hellip;]<\/p>\n","protected":false},"author":5,"featured_media":14106,"parent":14105,"menu_order":0,"comment_status":"closed","ping_status":"closed","template":"","meta":{"_et_pb_use_builder":"on","_et_pb_old_content":"","_et_gb_content_width":"","footnotes":""},"class_list":["post-14411","page","type-page","status-publish","has-post-thumbnail","hentry"],"yoast_head":"<!-- This site is optimized with the Yoast SEO plugin v27.5 - https:\/\/yoast.com\/product\/yoast-seo-wordpress\/ -->\n<title>Integrale hervorming in Teulada | Vell\u00f3 Monfort Arquitectes<\/title>\n<meta name=\"description\" content=\"Transformeer je huis in Teulada met Vell\u00f3 Monfort Arquitectos. Wij voeren uitgebreide verbouwingen uit die moderne en functionele ruimtes cre\u00ebren.\" \/>\n<meta name=\"robots\" content=\"index, follow, max-snippet:-1, max-image-preview:large, max-video-preview:-1\" \/>\n<link rel=\"canonical\" href=\"https:\/\/vellomonfortarquitectes.com\/nl\/hervormingsprojecten\/volledige-renovatie\/integrale-renovatie-in-teulada\/\" \/>\n<meta property=\"og:locale\" content=\"nl_NL\" \/>\n<meta property=\"og:type\" content=\"article\" \/>\n<meta property=\"og:title\" content=\"Integrale hervorming in Teulada | Vell\u00f3 Monfort Arquitectes\" \/>\n<meta property=\"og:description\" content=\"Transformeer je huis in Teulada met Vell\u00f3 Monfort Arquitectos. Wij voeren uitgebreide verbouwingen uit die moderne en functionele ruimtes cre\u00ebren.\" \/>\n<meta property=\"og:url\" content=\"https:\/\/vellomonfortarquitectes.com\/nl\/hervormingsprojecten\/volledige-renovatie\/integrale-renovatie-in-teulada\/\" \/>\n<meta property=\"og:site_name\" content=\"Vello Arquitectura\" \/>\n<meta property=\"article:modified_time\" content=\"2025-04-25T10:57:56+00:00\" \/>\n<meta property=\"og:image\" content=\"https:\/\/vellomonfortarquitectes.com\/wp-content\/uploads\/2022\/05\/Certificados-habitabilidad-segunda-ocupacion-1-min.jpg\" \/>\n\t<meta property=\"og:image:width\" content=\"400\" \/>\n\t<meta property=\"og:image:height\" content=\"248\" \/>\n\t<meta property=\"og:image:type\" content=\"image\/jpeg\" \/>\n<meta name=\"twitter:card\" content=\"summary_large_image\" \/>\n<meta name=\"twitter:label1\" content=\"Geschatte leestijd\" \/>\n\t<meta name=\"twitter:data1\" content=\"19 minuten\" \/>\n<script type=\"application\/ld+json\" class=\"yoast-schema-graph\">{\"@context\":\"https:\\\/\\\/schema.org\",\"@graph\":[{\"@type\":\"WebPage\",\"@id\":\"https:\\\/\\\/vellomonfortarquitectes.com\\\/nl\\\/hervormingsprojecten\\\/volledige-renovatie\\\/integrale-renovatie-in-teulada\\\/\",\"url\":\"https:\\\/\\\/vellomonfortarquitectes.com\\\/nl\\\/hervormingsprojecten\\\/volledige-renovatie\\\/integrale-renovatie-in-teulada\\\/\",\"name\":\"Integrale hervorming in Teulada | Vell\u00f3 Monfort Arquitectes\",\"isPartOf\":{\"@id\":\"https:\\\/\\\/vellomonfortarquitectes.com\\\/nl\\\/#website\"},\"primaryImageOfPage\":{\"@id\":\"https:\\\/\\\/vellomonfortarquitectes.com\\\/nl\\\/hervormingsprojecten\\\/volledige-renovatie\\\/integrale-renovatie-in-teulada\\\/#primaryimage\"},\"image\":{\"@id\":\"https:\\\/\\\/vellomonfortarquitectes.com\\\/nl\\\/hervormingsprojecten\\\/volledige-renovatie\\\/integrale-renovatie-in-teulada\\\/#primaryimage\"},\"thumbnailUrl\":\"https:\\\/\\\/vellomonfortarquitectes.com\\\/wp-content\\\/uploads\\\/2022\\\/05\\\/Certificados-habitabilidad-segunda-ocupacion-1-min.jpg\",\"datePublished\":\"2023-10-16T11:36:01+00:00\",\"dateModified\":\"2025-04-25T10:57:56+00:00\",\"description\":\"Transformeer je huis in Teulada met Vell\u00f3 Monfort Arquitectos. Wij voeren uitgebreide verbouwingen uit die moderne en functionele ruimtes cre\u00ebren.\",\"breadcrumb\":{\"@id\":\"https:\\\/\\\/vellomonfortarquitectes.com\\\/nl\\\/hervormingsprojecten\\\/volledige-renovatie\\\/integrale-renovatie-in-teulada\\\/#breadcrumb\"},\"inLanguage\":\"nl-NL\",\"potentialAction\":[{\"@type\":\"ReadAction\",\"target\":[\"https:\\\/\\\/vellomonfortarquitectes.com\\\/nl\\\/hervormingsprojecten\\\/volledige-renovatie\\\/integrale-renovatie-in-teulada\\\/\"]}]},{\"@type\":\"ImageObject\",\"inLanguage\":\"nl-NL\",\"@id\":\"https:\\\/\\\/vellomonfortarquitectes.com\\\/nl\\\/hervormingsprojecten\\\/volledige-renovatie\\\/integrale-renovatie-in-teulada\\\/#primaryimage\",\"url\":\"https:\\\/\\\/vellomonfortarquitectes.com\\\/wp-content\\\/uploads\\\/2022\\\/05\\\/Certificados-habitabilidad-segunda-ocupacion-1-min.jpg\",\"contentUrl\":\"https:\\\/\\\/vellomonfortarquitectes.com\\\/wp-content\\\/uploads\\\/2022\\\/05\\\/Certificados-habitabilidad-segunda-ocupacion-1-min.jpg\",\"width\":400,\"height\":248},{\"@type\":\"BreadcrumbList\",\"@id\":\"https:\\\/\\\/vellomonfortarquitectes.com\\\/nl\\\/hervormingsprojecten\\\/volledige-renovatie\\\/integrale-renovatie-in-teulada\\\/#breadcrumb\",\"itemListElement\":[{\"@type\":\"ListItem\",\"position\":1,\"name\":\"Portada\",\"item\":\"https:\\\/\\\/vellomonfortarquitectes.com\\\/nl\\\/\"},{\"@type\":\"ListItem\",\"position\":2,\"name\":\"Hervormingsprojecten\",\"item\":\"https:\\\/\\\/vellomonfortarquitectes.com\\\/nl\\\/hervormingsprojecten\\\/\"},{\"@type\":\"ListItem\",\"position\":3,\"name\":\"Volledige renovatie\",\"item\":\"https:\\\/\\\/vellomonfortarquitectes.com\\\/nl\\\/hervormingsprojecten\\\/volledige-renovatie\\\/\"},{\"@type\":\"ListItem\",\"position\":4,\"name\":\"Integrale renovatie in Teulada\"}]},{\"@type\":\"WebSite\",\"@id\":\"https:\\\/\\\/vellomonfortarquitectes.com\\\/nl\\\/#website\",\"url\":\"https:\\\/\\\/vellomonfortarquitectes.com\\\/nl\\\/\",\"name\":\"Vello Arquitectura\",\"description\":\"\",\"potentialAction\":[{\"@type\":\"SearchAction\",\"target\":{\"@type\":\"EntryPoint\",\"urlTemplate\":\"https:\\\/\\\/vellomonfortarquitectes.com\\\/nl\\\/?s={search_term_string}\"},\"query-input\":{\"@type\":\"PropertyValueSpecification\",\"valueRequired\":true,\"valueName\":\"search_term_string\"}}],\"inLanguage\":\"nl-NL\"}]}<\/script>\n<!-- \/ Yoast SEO plugin. -->","yoast_head_json":{"title":"Integrale hervorming in Teulada | Vell\u00f3 Monfort Arquitectes","description":"Transformeer je huis in Teulada met Vell\u00f3 Monfort Arquitectos. Wij voeren uitgebreide verbouwingen uit die moderne en functionele ruimtes cre\u00ebren.","robots":{"index":"index","follow":"follow","max-snippet":"max-snippet:-1","max-image-preview":"max-image-preview:large","max-video-preview":"max-video-preview:-1"},"canonical":"https:\/\/vellomonfortarquitectes.com\/nl\/hervormingsprojecten\/volledige-renovatie\/integrale-renovatie-in-teulada\/","og_locale":"nl_NL","og_type":"article","og_title":"Integrale hervorming in Teulada | Vell\u00f3 Monfort Arquitectes","og_description":"Transformeer je huis in Teulada met Vell\u00f3 Monfort Arquitectos. Wij voeren uitgebreide verbouwingen uit die moderne en functionele ruimtes cre\u00ebren.","og_url":"https:\/\/vellomonfortarquitectes.com\/nl\/hervormingsprojecten\/volledige-renovatie\/integrale-renovatie-in-teulada\/","og_site_name":"Vello Arquitectura","article_modified_time":"2025-04-25T10:57:56+00:00","og_image":[{"width":400,"height":248,"url":"https:\/\/vellomonfortarquitectes.com\/wp-content\/uploads\/2022\/05\/Certificados-habitabilidad-segunda-ocupacion-1-min.jpg","type":"image\/jpeg"}],"twitter_card":"summary_large_image","twitter_misc":{"Geschatte leestijd":"19 minuten"},"schema":{"@context":"https:\/\/schema.org","@graph":[{"@type":"WebPage","@id":"https:\/\/vellomonfortarquitectes.com\/nl\/hervormingsprojecten\/volledige-renovatie\/integrale-renovatie-in-teulada\/","url":"https:\/\/vellomonfortarquitectes.com\/nl\/hervormingsprojecten\/volledige-renovatie\/integrale-renovatie-in-teulada\/","name":"Integrale hervorming in Teulada | Vell\u00f3 Monfort Arquitectes","isPartOf":{"@id":"https:\/\/vellomonfortarquitectes.com\/nl\/#website"},"primaryImageOfPage":{"@id":"https:\/\/vellomonfortarquitectes.com\/nl\/hervormingsprojecten\/volledige-renovatie\/integrale-renovatie-in-teulada\/#primaryimage"},"image":{"@id":"https:\/\/vellomonfortarquitectes.com\/nl\/hervormingsprojecten\/volledige-renovatie\/integrale-renovatie-in-teulada\/#primaryimage"},"thumbnailUrl":"https:\/\/vellomonfortarquitectes.com\/wp-content\/uploads\/2022\/05\/Certificados-habitabilidad-segunda-ocupacion-1-min.jpg","datePublished":"2023-10-16T11:36:01+00:00","dateModified":"2025-04-25T10:57:56+00:00","description":"Transformeer je huis in Teulada met Vell\u00f3 Monfort Arquitectos. Wij voeren uitgebreide verbouwingen uit die moderne en functionele ruimtes cre\u00ebren.","breadcrumb":{"@id":"https:\/\/vellomonfortarquitectes.com\/nl\/hervormingsprojecten\/volledige-renovatie\/integrale-renovatie-in-teulada\/#breadcrumb"},"inLanguage":"nl-NL","potentialAction":[{"@type":"ReadAction","target":["https:\/\/vellomonfortarquitectes.com\/nl\/hervormingsprojecten\/volledige-renovatie\/integrale-renovatie-in-teulada\/"]}]},{"@type":"ImageObject","inLanguage":"nl-NL","@id":"https:\/\/vellomonfortarquitectes.com\/nl\/hervormingsprojecten\/volledige-renovatie\/integrale-renovatie-in-teulada\/#primaryimage","url":"https:\/\/vellomonfortarquitectes.com\/wp-content\/uploads\/2022\/05\/Certificados-habitabilidad-segunda-ocupacion-1-min.jpg","contentUrl":"https:\/\/vellomonfortarquitectes.com\/wp-content\/uploads\/2022\/05\/Certificados-habitabilidad-segunda-ocupacion-1-min.jpg","width":400,"height":248},{"@type":"BreadcrumbList","@id":"https:\/\/vellomonfortarquitectes.com\/nl\/hervormingsprojecten\/volledige-renovatie\/integrale-renovatie-in-teulada\/#breadcrumb","itemListElement":[{"@type":"ListItem","position":1,"name":"Portada","item":"https:\/\/vellomonfortarquitectes.com\/nl\/"},{"@type":"ListItem","position":2,"name":"Hervormingsprojecten","item":"https:\/\/vellomonfortarquitectes.com\/nl\/hervormingsprojecten\/"},{"@type":"ListItem","position":3,"name":"Volledige renovatie","item":"https:\/\/vellomonfortarquitectes.com\/nl\/hervormingsprojecten\/volledige-renovatie\/"},{"@type":"ListItem","position":4,"name":"Integrale renovatie in Teulada"}]},{"@type":"WebSite","@id":"https:\/\/vellomonfortarquitectes.com\/nl\/#website","url":"https:\/\/vellomonfortarquitectes.com\/nl\/","name":"Vello Arquitectura","description":"","potentialAction":[{"@type":"SearchAction","target":{"@type":"EntryPoint","urlTemplate":"https:\/\/vellomonfortarquitectes.com\/nl\/?s={search_term_string}"},"query-input":{"@type":"PropertyValueSpecification","valueRequired":true,"valueName":"search_term_string"}}],"inLanguage":"nl-NL"}]}},"_links":{"self":[{"href":"https:\/\/vellomonfortarquitectes.com\/nl\/wp-json\/wp\/v2\/pages\/14411","targetHints":{"allow":["GET"]}}],"collection":[{"href":"https:\/\/vellomonfortarquitectes.com\/nl\/wp-json\/wp\/v2\/pages"}],"about":[{"href":"https:\/\/vellomonfortarquitectes.com\/nl\/wp-json\/wp\/v2\/types\/page"}],"author":[{"embeddable":true,"href":"https:\/\/vellomonfortarquitectes.com\/nl\/wp-json\/wp\/v2\/users\/5"}],"replies":[{"embeddable":true,"href":"https:\/\/vellomonfortarquitectes.com\/nl\/wp-json\/wp\/v2\/comments?post=14411"}],"version-history":[{"count":5,"href":"https:\/\/vellomonfortarquitectes.com\/nl\/wp-json\/wp\/v2\/pages\/14411\/revisions"}],"predecessor-version":[{"id":14416,"href":"https:\/\/vellomonfortarquitectes.com\/nl\/wp-json\/wp\/v2\/pages\/14411\/revisions\/14416"}],"up":[{"embeddable":true,"href":"https:\/\/vellomonfortarquitectes.com\/nl\/wp-json\/wp\/v2\/pages\/14105"}],"wp:featuredmedia":[{"embeddable":true,"href":"https:\/\/vellomonfortarquitectes.com\/nl\/wp-json\/wp\/v2\/media\/14106"}],"wp:attachment":[{"href":"https:\/\/vellomonfortarquitectes.com\/nl\/wp-json\/wp\/v2\/media?parent=14411"}],"curies":[{"name":"wp","href":"https:\/\/api.w.org\/{rel}","templated":true}]}}