{"id":14670,"date":"2021-01-07T19:14:39","date_gmt":"2021-01-07T19:14:39","guid":{"rendered":"https:\/\/vellomonfortarquitectes.com\/project\/palmera-historisch-centrum\/"},"modified":"2025-05-27T09:22:08","modified_gmt":"2025-05-27T09:22:08","slug":"palmera-historisch-centrum","status":"publish","type":"project","link":"https:\/\/vellomonfortarquitectes.com\/nl\/project\/palmera-historisch-centrum\/","title":{"rendered":"PALMERA HISTORISCH CENTRUM"},"content":{"rendered":"<p>[et_pb_section fb_built=&#8221;1&#8243; _builder_version=&#8221;4.16&#8243; _module_preset=&#8221;default&#8221; custom_padding=&#8221;0px||||false|false&#8221; global_colors_info=&#8221;{}&#8221;][et_pb_row _builder_version=&#8221;4.16&#8243; _module_preset=&#8221;default&#8221; height=&#8221;126px&#8221; custom_padding=&#8221;||20px||false|false&#8221; global_colors_info=&#8221;{}&#8221;][et_pb_column type=&#8221;4_4&#8243; _builder_version=&#8221;4.16&#8243; _module_preset=&#8221;default&#8221; global_colors_info=&#8221;{}&#8221;][et_pb_text _builder_version=&#8221;4.16&#8243; _module_preset=&#8221;default&#8221; header_2_font=&#8221;|300|||||||&#8221; header_2_font_size=&#8221;50px&#8221; header_2_line_height=&#8221;1.3em&#8221; header_2_font_size_tablet=&#8221;&#8221; header_2_font_size_phone=&#8221;30px&#8221; header_2_font_size_last_edited=&#8221;on|phone&#8221; global_colors_info=&#8221;{}&#8221;]<\/p>\n<h2>VERSTEDELIJKINGSPROJECTEN<\/h2>\n<p>[\/et_pb_text][\/et_pb_column][\/et_pb_row][et_pb_row _builder_version=&#8221;4.16&#8243; _module_preset=&#8221;default&#8221; custom_padding=&#8221;0px||0px|||&#8221; global_colors_info=&#8221;{}&#8221;][et_pb_column type=&#8221;4_4&#8243; _builder_version=&#8221;4.16&#8243; _module_preset=&#8221;default&#8221; global_colors_info=&#8221;{}&#8221;][et_pb_text content_tablet=&#8221;&#8221; content_phone=&#8221;<\/p>\n<h3 style=%22text-align: left;%22>HISTORISCH CENTRUM PALMERA<\/h3>\n<p style=%22text-align: left;%22>Palmera | Verstedelijkingsprojecten<\/p>\n<p style=%22text-align: center;%22>\n&#8221; content_last_edited=&#8221;on|phone&#8221; _builder_version=&#8221;4.16&#8243; _module_preset=&#8221;default&#8221; global_colors_info=&#8221;{}&#8221;]<\/p>\n<h3 style=\"text-align: right;\">HISTORISCH CENTRUM PALMERA<\/h3>\n<p style=\"text-align: right;\">Palmera | Verstedelijkingsprojecten<\/p>\n<p>&nbsp;<\/p>\n<p>[\/et_pb_text][\/et_pb_column][\/et_pb_row][et_pb_row _builder_version=&#8221;4.16&#8243; _module_preset=&#8221;default&#8221; global_colors_info=&#8221;{}&#8221;][et_pb_column type=&#8221;4_4&#8243; _builder_version=&#8221;4.16&#8243; _module_preset=&#8221;default&#8221; global_colors_info=&#8221;{}&#8221;][et_pb_slider arrows_custom_color=&#8221;#808080&#8243; _builder_version=&#8221;4.16&#8243; _module_preset=&#8221;default&#8221; custom_padding=&#8221;400px||400px||true|false&#8221; custom_padding_tablet=&#8221;&#8221; custom_padding_phone=&#8221;150px||150px||true|false&#8221; custom_padding_last_edited=&#8221;on|phone&#8221; auto=&#8221;on&#8221; auto_speed=&#8221;5000&#8243; global_colors_info=&#8221;{}&#8221;][et_pb_slide _builder_version=&#8221;4.16&#8243; _module_preset=&#8221;default&#8221; background_color=&#8221;#ffffff&#8221; background_enable_color=&#8221;on&#8221; background_image=&#8221;https:\/\/vellomonfortarquitectes.com\/wp-content\/uploads\/2021\/01\/urbanizacionpalmera01-o-1-scaled.jpg&#8221; background_enable_image=&#8221;on&#8221; background_size=&#8221;contain&#8221; global_colors_info=&#8221;{}&#8221; sticky_transition=&#8221;on&#8221;][\/et_pb_slide][\/et_pb_slider][et_pb_slider arrows_custom_color=&#8221;#808080&#8243; _builder_version=&#8221;4.18.0&#8243; _module_preset=&#8221;default&#8221; custom_padding=&#8221;400px||400px||true|false&#8221; custom_padding_tablet=&#8221;&#8221; custom_padding_phone=&#8221;150px||150px||true|false&#8221; custom_padding_last_edited=&#8221;on|phone&#8221; auto=&#8221;on&#8221; auto_speed=&#8221;5000&#8243; hover_enabled=&#8221;0&#8243; global_colors_info=&#8221;{}&#8221; sticky_enabled=&#8221;0&#8243;][et_pb_slide _builder_version=&#8221;4.18.0&#8243; _module_preset=&#8221;default&#8221; background_color=&#8221;#ffffff&#8221; background_enable_color=&#8221;on&#8221; background_image=&#8221;https:\/\/vellomonfortarquitectes.com\/wp-content\/uploads\/2023\/11\/urbanizacionpalmera02-o-1-scaled-1.jpg&#8221; background_enable_image=&#8221;on&#8221; background_size=&#8221;contain&#8221; hover_enabled=&#8221;0&#8243; global_colors_info=&#8221;{}&#8221; sticky_transition=&#8221;on&#8221; alt=&#8221;Proyecto de dise\u00f1o de arquitectura Urbanizaci\u00f3n Palmera &#8211; Vell\u00f3 Monfort Arquitectos&#8221; title_text=&#8221;urbanizacionpalmera02-o-1-scaled&#8221; sticky_enabled=&#8221;0&#8243;][\/et_pb_slide][\/et_pb_slider][\/et_pb_column][\/et_pb_row][\/et_pb_section][et_pb_section fb_built=&#8221;1&#8243; _builder_version=&#8221;4.16&#8243; _module_preset=&#8221;default&#8221; background_color=&#8221;#6f6f6f&#8221; custom_padding=&#8221;10px||10px||true|false&#8221; global_module=&#8221;8739&#8243; saved_tabs=&#8221;all&#8221; collapsed=&#8221;off&#8221; global_colors_info=&#8221;{}&#8221;][et_pb_row column_structure=&#8221;1_4,1_4,1_4,1_4&#8243; _builder_version=&#8221;4.18.0&#8243; _module_preset=&#8221;default&#8221; custom_padding=&#8221;10px||10px||true|false&#8221; global_colors_info=&#8221;{}&#8221;][et_pb_column type=&#8221;1_4&#8243; _builder_version=&#8221;4.18.0&#8243; _module_preset=&#8221;default&#8221; global_colors_info=&#8221;{}&#8221;][et_pb_text admin_label=&#8221;Texto&#8221; _builder_version=&#8221;4.18.0&#8243; _module_preset=&#8221;default&#8221; text_text_color=&#8221;#FFFFFF&#8221; text_font_size=&#8221;10px&#8221; link_text_color=&#8221;#FFFFFF&#8221; link_option_url_new_window=&#8221;on&#8221; global_colors_info=&#8221;{}&#8221;]<\/p>\n<h3><span style=\"color: #ffffff;\">Architecten Gand\u00eda Vell\u00f3 Monfort<\/span><\/h3>\n<ul>\n<li style=\"font-size: 14px;\"><a href=\"https:\/\/vellomonfortarquitectes.com\/nl\/\">Architecten Gand\u00eda<\/a><\/li>\n<li style=\"font-size: 14px;\"><a href=\"https:\/\/vellomonfortarquitectes.com\/nl\/architecten-denia\/\">Architecten Denia<\/a><\/li>\n<li style=\"font-size: 14px;\"><a href=\"https:\/\/vellomonfortarquitectes.com\/nl\/architecten-javea\/\">Architecten J\u00e1vea<\/a><\/li>\n<li style=\"font-size: 14px;\"><a href=\"https:\/\/vellomonfortarquitectes.com\/nl\/architecten-moraira\/\" title=\"Architecten moraira\">Architecten Moraira<\/a><\/li>\n<li style=\"font-size: 14px;\"><a href=\"https:\/\/vellomonfortarquitectes.com\/nl\/architecten-alicante\/architecten-altea\/\">Architecten Altea<\/a><\/li>\n<\/ul>\n<p>&nbsp;<\/p>\n<p>[\/et_pb_text][\/et_pb_column][et_pb_column type=&#8221;1_4&#8243; _builder_version=&#8221;4.16&#8243; _module_preset=&#8221;default&#8221; global_colors_info=&#8221;{}&#8221;][et_pb_text admin_label=&#8221;Texto&#8221; _builder_version=&#8221;4.18.0&#8243; _module_preset=&#8221;default&#8221; text_text_color=&#8221;#ffffff&#8221; text_font_size=&#8221;10px&#8221; text_orientation=&#8221;center&#8221; custom_margin=&#8221;||0px||false|false&#8221; global_colors_info=&#8221;{}&#8221;]<\/p>\n<h3 style=\"text-align: center;\"><span style=\"color: #ffffff;\">Bouwkundige diensten<\/span><\/h3>\n<p style=\"text-align: center; font-size: 16px; line-height: 0.7;\"><span style=\"color: #ffffff;\"><a style=\"color: #ffffff;\" href=\"https:\/\/vellomonfortarquitectes.com\/nl\/nieuwbouwprojecten\/\">Nieuwbouwprojecten<\/a><\/span><\/p>\n<p style=\"text-align: center; font-size: 16px; line-height: 0.7;\"><span style=\"color: #ffffff;\"><a style=\"color: #ffffff;\" href=\"https:\/\/vellomonfortarquitectes.com\/nl\/hervormingsprojecten\/\">Hervormingsprojecten<\/a><\/span><\/p>\n<p style=\"text-align: center; font-size: 16px; line-height: 0.7;\"><span style=\"color: #ffffff;\"><a style=\"color: #ffffff;\" href=\"https:\/\/vellomonfortarquitectes.com\/nl\/interieur-ontwerp\/\">Interieurontwerp<\/a><\/span><\/p>\n<p style=\"text-align: center; font-size: 16px; line-height: 0.7;\"><span style=\"color: #ffffff;\"><a style=\"color: #ffffff;\" href=\"https:\/\/vellomonfortarquitectes.com\/nl\/structurele-berekeningen\/\">Structurele berekeningen<\/a><\/span><\/p>\n<p style=\"text-align: center; font-size: 16px; line-height: 0.7;\"><span style=\"color: #ffffff;\"><a style=\"color: #ffffff;\" href=\"https:\/\/vellomonfortarquitectes.com\/nl\/andere-diensten\/\">Andere diensten<\/a><\/span><\/p>\n<p style=\"text-align: center;\">[\/et_pb_text][\/et_pb_column][et_pb_column type=&#8221;1_4&#8243; _builder_version=&#8221;4.16&#8243; _module_preset=&#8221;default&#8221; global_colors_info=&#8221;{}&#8221;][et_pb_text admin_label=&#8221;Texto&#8221; _builder_version=&#8221;4.18.0&#8243; _module_preset=&#8221;default&#8221; text_text_color=&#8221;#FFFFFF&#8221; text_font_size=&#8221;10px&#8221; link_text_color=&#8221;#FFFFFF&#8221; link_option_url_new_window=&#8221;on&#8221; global_colors_info=&#8221;{}&#8221;]<\/p>\n<h3><span style=\"color: #ffffff;\">Bewoonbaarheidscertificaten<\/span><\/h3>\n<ul>\n<li style=\"font-size: 14px;\"><a href=\"https:\/\/vellomonfortarquitectes.com\/nl\/bewoonbaarheidscertificaten-voor-tweede-bewoning\/\">Bewoonbaarheidscertificaten in Gand\u00eda<\/a><\/li>\n<li style=\"font-size: 14px;\"><a href=\"https:\/\/vellomonfortarquitectes.com\/nl\/bewoningscertificaten-voor-tweede-bewoning-in-denia\/\">Bewoonbaarheidscertificaten in Denia<\/a><\/li>\n<li style=\"font-size: 14px;\"><a href=\"https:\/\/vellomonfortarquitectes.com\/nl\/bewoonbaarheidscertificaten-voor-tweede-bewoning-in-javea\/\">Bewoonbaarheidscertificaten in J\u00e1vea<\/a><\/li>\n<li style=\"font-size: 14px;\"><a href=\"https:\/\/vellomonfortarquitectes.com\/nl\/bewoonbaarheidscertificaten-voor-tweede-bewoning-in-teulada-moraira\/\">Bewoonbaarheidscertificaten in Teulada-Moraira<\/a><\/li>\n<li style=\"font-size: 14px;\"><a href=\"https:\/\/vellomonfortarquitectes.com\/nl\/bewoningscertificaten-voor-tweede-bewoning-in-benissa\/\">Bewoonbaarheidscertificaten in Benissa<\/a><\/li>\n<li style=\"font-size: 14px;\"><a href=\"https:\/\/vellomonfortarquitectes.com\/nl\/bewoningscertificaten-voor-tweede-bewoning-in-calp\/\">Bewoonbaarheidscertificaten in Calp<\/a><\/li>\n<li style=\"font-size: 14px;\"><a href=\"https:\/\/vellomonfortarquitectes.com\/nl\/bewoonbaarheidscertificaten-voor-tweede-bewoning-in-altea\/\">Bewoonbaarheidscertificaten in Altea<\/a><\/li>\n<\/ul>\n<p>&nbsp;<\/p>\n<p>[\/et_pb_text][et_pb_text _builder_version=&#8221;4.18.0&#8243; _module_preset=&#8221;default&#8221; global_colors_info=&#8221;{}&#8221;]<\/p>\n<p>Your content goes here. Edit or remove this text inline or in the module Content settings. You can also style every aspect of this content in the module Design settings and even apply custom CSS to this text in the module Advanced settings.  <\/p>\n<p>[\/et_pb_text][et_pb_text _builder_version=&#8221;4.18.0&#8243; _module_preset=&#8221;default&#8221; global_colors_info=&#8221;{}&#8221;]<\/p>\n<p>Your content goes here. Edit or remove this text inline or in the module Content settings. You can also style every aspect of this content in the module Design settings and even apply custom CSS to this text in the module Advanced settings.  <\/p>\n<p>[\/et_pb_text][\/et_pb_column][et_pb_column type=&#8221;1_4&#8243; _builder_version=&#8221;4.16&#8243; _module_preset=&#8221;default&#8221; global_colors_info=&#8221;{}&#8221;][et_pb_text admin_label=&#8221;Texto&#8221; _builder_version=&#8221;4.18.0&#8243; _module_preset=&#8221;default&#8221; text_text_color=&#8221;#ffffff&#8221; link_text_color=&#8221;#FFFFFF&#8221; global_colors_info=&#8221;{}&#8221;]<\/p>\n<h3 style=\"text-align: center;\"><span style=\"color: #ffffff;\">Neem contact met ons op<\/span><\/h3>\n<p style=\"text-align: center;\"><a href=\"mailto:info@vellomonfortarquitectes.com\">info@vellomonfortarquitectes.com<\/a><\/p>\n<p style=\"text-align: center;\"><a style=\"text-align: center; color: #fffff;\" href=\"tel:600397039\">600 39 70 39<\/a><\/p>\n<p style=\"text-align: center;\">Carrer Vallier, 2 4\u00baB 46702 Gand\u00eda &#8211; Valencia<\/p>\n<p>&nbsp;<\/p>\n<p>[\/et_pb_text][et_pb_code _builder_version=&#8221;4.16&#8243; _module_preset=&#8221;default&#8221; global_colors_info=&#8221;{}&#8221;]<span><a href=\"https:\/\/www.facebook.com\/Vello-Monfort-Arquitectes-576144702560859\"><i style=\"color:white;padding-right:10px;\" class=\"fab fa-facebook-f fa-2x\"><\/i><\/a> <a href=\"https:\/\/www.instagram.com\/vellomonfortarquitectes\/\"><i style=\"color:white;padding-right:10px;\" class=\"fab fa-instagram fa-2x\"><\/i><\/a> <a href=\"https:\/\/www.linkedin.com\/company\/vell%C3%B3monfortarquitectes\/\"><i style=\"color:white;padding-right:10px;\" class=\"fa-2x fab fa-linkedin-in\"><\/i><\/a><\/span>[\/et_pb_code][\/et_pb_column][\/et_pb_row][\/et_pb_section]<\/p>\n","protected":false},"excerpt":{"rendered":"<p>VERSTEDELIJKINGSPROJECTENHISTORISCH CENTRUM PALMERA Palmera | Verstedelijkingsprojecten &nbsp;Architecten Gand\u00eda Vell\u00f3 Monfort Architecten Gand\u00eda Architecten Denia Architecten J\u00e1vea Architecten Moraira Architecten Altea &nbsp;Bouwkundige diensten Nieuwbouwprojecten Hervormingsprojecten Interieurontwerp Structurele berekeningen Andere diensten Bewoonbaarheidscertificaten Bewoonbaarheidscertificaten in Gand\u00eda Bewoonbaarheidscertificaten in Denia Bewoonbaarheidscertificaten in J\u00e1vea Bewoonbaarheidscertificaten in Teulada-Moraira Bewoonbaarheidscertificaten in Benissa Bewoonbaarheidscertificaten in Calp Bewoonbaarheidscertificaten in Altea &nbsp;Your content goes here. [&hellip;]<\/p>\n","protected":false},"author":4,"featured_media":14671,"comment_status":"closed","ping_status":"closed","template":"","meta":{"_et_pb_use_builder":"on","_et_pb_old_content":"","_et_gb_content_width":"","footnotes":""},"project_category":[211],"project_tag":[],"class_list":["post-14670","project","type-project","status-publish","has-post-thumbnail","hentry","project_category-verstedelijkingsproject"],"yoast_head":"<!-- This site is optimized with the Yoast SEO plugin v27.5 - https:\/\/yoast.com\/product\/yoast-seo-wordpress\/ -->\n<title>PALMERA HISTORISCH CENTRUM &#8226; Vello Arquitectura<\/title>\n<meta name=\"robots\" content=\"index, follow, max-snippet:-1, max-image-preview:large, max-video-preview:-1\" \/>\n<link rel=\"canonical\" href=\"https:\/\/vellomonfortarquitectes.com\/nl\/project\/palmera-historisch-centrum\/\" \/>\n<meta property=\"og:locale\" content=\"nl_NL\" \/>\n<meta property=\"og:type\" content=\"article\" \/>\n<meta property=\"og:title\" content=\"PALMERA HISTORISCH CENTRUM &#8226; Vello Arquitectura\" \/>\n<meta property=\"og:description\" content=\"VERSTEDELIJKINGSPROJECTENHISTORISCH CENTRUM PALMERA Palmera | Verstedelijkingsprojecten &nbsp;Architecten Gand\u00eda Vell\u00f3 Monfort Architecten Gand\u00eda Architecten Denia Architecten J\u00e1vea Architecten Moraira Architecten Altea &nbsp;Bouwkundige diensten Nieuwbouwprojecten Hervormingsprojecten Interieurontwerp Structurele berekeningen Andere diensten Bewoonbaarheidscertificaten Bewoonbaarheidscertificaten in Gand\u00eda Bewoonbaarheidscertificaten in Denia Bewoonbaarheidscertificaten in J\u00e1vea Bewoonbaarheidscertificaten in Teulada-Moraira Bewoonbaarheidscertificaten in Benissa Bewoonbaarheidscertificaten in Calp Bewoonbaarheidscertificaten in Altea &nbsp;Your content goes here. [&hellip;]\" \/>\n<meta property=\"og:url\" content=\"https:\/\/vellomonfortarquitectes.com\/nl\/project\/palmera-historisch-centrum\/\" \/>\n<meta property=\"og:site_name\" content=\"Vello Arquitectura\" \/>\n<meta property=\"article:modified_time\" content=\"2025-05-27T09:22:08+00:00\" \/>\n<meta property=\"og:image\" content=\"https:\/\/vellomonfortarquitectes.com\/wp-content\/uploads\/2021\/01\/urbanizacionpalmera01-o-1-scaled.jpg\" \/>\n\t<meta property=\"og:image:width\" content=\"1535\" \/>\n\t<meta property=\"og:image:height\" content=\"1080\" \/>\n\t<meta property=\"og:image:type\" content=\"image\/jpeg\" \/>\n<meta name=\"twitter:card\" content=\"summary_large_image\" \/>\n<meta name=\"twitter:label1\" content=\"Geschatte leestijd\" \/>\n\t<meta name=\"twitter:data1\" content=\"4 minuten\" \/>\n<script type=\"application\/ld+json\" class=\"yoast-schema-graph\">{\"@context\":\"https:\\\/\\\/schema.org\",\"@graph\":[{\"@type\":\"WebPage\",\"@id\":\"https:\\\/\\\/vellomonfortarquitectes.com\\\/nl\\\/project\\\/palmera-historisch-centrum\\\/\",\"url\":\"https:\\\/\\\/vellomonfortarquitectes.com\\\/nl\\\/project\\\/palmera-historisch-centrum\\\/\",\"name\":\"PALMERA HISTORISCH CENTRUM &#8226; Vello Arquitectura\",\"isPartOf\":{\"@id\":\"https:\\\/\\\/vellomonfortarquitectes.com\\\/nl\\\/#website\"},\"primaryImageOfPage\":{\"@id\":\"https:\\\/\\\/vellomonfortarquitectes.com\\\/nl\\\/project\\\/palmera-historisch-centrum\\\/#primaryimage\"},\"image\":{\"@id\":\"https:\\\/\\\/vellomonfortarquitectes.com\\\/nl\\\/project\\\/palmera-historisch-centrum\\\/#primaryimage\"},\"thumbnailUrl\":\"https:\\\/\\\/vellomonfortarquitectes.com\\\/wp-content\\\/uploads\\\/2021\\\/01\\\/urbanizacionpalmera01-o-1-scaled.jpg\",\"datePublished\":\"2021-01-07T19:14:39+00:00\",\"dateModified\":\"2025-05-27T09:22:08+00:00\",\"breadcrumb\":{\"@id\":\"https:\\\/\\\/vellomonfortarquitectes.com\\\/nl\\\/project\\\/palmera-historisch-centrum\\\/#breadcrumb\"},\"inLanguage\":\"nl-NL\",\"potentialAction\":[{\"@type\":\"ReadAction\",\"target\":[\"https:\\\/\\\/vellomonfortarquitectes.com\\\/nl\\\/project\\\/palmera-historisch-centrum\\\/\"]}]},{\"@type\":\"ImageObject\",\"inLanguage\":\"nl-NL\",\"@id\":\"https:\\\/\\\/vellomonfortarquitectes.com\\\/nl\\\/project\\\/palmera-historisch-centrum\\\/#primaryimage\",\"url\":\"https:\\\/\\\/vellomonfortarquitectes.com\\\/wp-content\\\/uploads\\\/2021\\\/01\\\/urbanizacionpalmera01-o-1-scaled.jpg\",\"contentUrl\":\"https:\\\/\\\/vellomonfortarquitectes.com\\\/wp-content\\\/uploads\\\/2021\\\/01\\\/urbanizacionpalmera01-o-1-scaled.jpg\",\"width\":1535,\"height\":1080},{\"@type\":\"BreadcrumbList\",\"@id\":\"https:\\\/\\\/vellomonfortarquitectes.com\\\/nl\\\/project\\\/palmera-historisch-centrum\\\/#breadcrumb\",\"itemListElement\":[{\"@type\":\"ListItem\",\"position\":1,\"name\":\"Portada\",\"item\":\"https:\\\/\\\/vellomonfortarquitectes.com\\\/nl\\\/\"},{\"@type\":\"ListItem\",\"position\":2,\"name\":\"Projecten\",\"item\":\"https:\\\/\\\/vellomonfortarquitectes.com\\\/nl\\\/project\\\/\"},{\"@type\":\"ListItem\",\"position\":3,\"name\":\"PALMERA HISTORISCH CENTRUM\"}]},{\"@type\":\"WebSite\",\"@id\":\"https:\\\/\\\/vellomonfortarquitectes.com\\\/nl\\\/#website\",\"url\":\"https:\\\/\\\/vellomonfortarquitectes.com\\\/nl\\\/\",\"name\":\"Vello Arquitectura\",\"description\":\"\",\"potentialAction\":[{\"@type\":\"SearchAction\",\"target\":{\"@type\":\"EntryPoint\",\"urlTemplate\":\"https:\\\/\\\/vellomonfortarquitectes.com\\\/nl\\\/?s={search_term_string}\"},\"query-input\":{\"@type\":\"PropertyValueSpecification\",\"valueRequired\":true,\"valueName\":\"search_term_string\"}}],\"inLanguage\":\"nl-NL\"}]}<\/script>\n<!-- \/ Yoast SEO plugin. -->","yoast_head_json":{"title":"PALMERA HISTORISCH CENTRUM &#8226; Vello Arquitectura","robots":{"index":"index","follow":"follow","max-snippet":"max-snippet:-1","max-image-preview":"max-image-preview:large","max-video-preview":"max-video-preview:-1"},"canonical":"https:\/\/vellomonfortarquitectes.com\/nl\/project\/palmera-historisch-centrum\/","og_locale":"nl_NL","og_type":"article","og_title":"PALMERA HISTORISCH CENTRUM &#8226; Vello Arquitectura","og_description":"VERSTEDELIJKINGSPROJECTENHISTORISCH CENTRUM PALMERA Palmera | Verstedelijkingsprojecten &nbsp;Architecten Gand\u00eda Vell\u00f3 Monfort Architecten Gand\u00eda Architecten Denia Architecten J\u00e1vea Architecten Moraira Architecten Altea &nbsp;Bouwkundige diensten Nieuwbouwprojecten Hervormingsprojecten Interieurontwerp Structurele berekeningen Andere diensten Bewoonbaarheidscertificaten Bewoonbaarheidscertificaten in Gand\u00eda Bewoonbaarheidscertificaten in Denia Bewoonbaarheidscertificaten in J\u00e1vea Bewoonbaarheidscertificaten in Teulada-Moraira Bewoonbaarheidscertificaten in Benissa Bewoonbaarheidscertificaten in Calp Bewoonbaarheidscertificaten in Altea &nbsp;Your content goes here. [&hellip;]","og_url":"https:\/\/vellomonfortarquitectes.com\/nl\/project\/palmera-historisch-centrum\/","og_site_name":"Vello Arquitectura","article_modified_time":"2025-05-27T09:22:08+00:00","og_image":[{"width":1535,"height":1080,"url":"https:\/\/vellomonfortarquitectes.com\/wp-content\/uploads\/2021\/01\/urbanizacionpalmera01-o-1-scaled.jpg","type":"image\/jpeg"}],"twitter_card":"summary_large_image","twitter_misc":{"Geschatte leestijd":"4 minuten"},"schema":{"@context":"https:\/\/schema.org","@graph":[{"@type":"WebPage","@id":"https:\/\/vellomonfortarquitectes.com\/nl\/project\/palmera-historisch-centrum\/","url":"https:\/\/vellomonfortarquitectes.com\/nl\/project\/palmera-historisch-centrum\/","name":"PALMERA HISTORISCH CENTRUM &#8226; Vello Arquitectura","isPartOf":{"@id":"https:\/\/vellomonfortarquitectes.com\/nl\/#website"},"primaryImageOfPage":{"@id":"https:\/\/vellomonfortarquitectes.com\/nl\/project\/palmera-historisch-centrum\/#primaryimage"},"image":{"@id":"https:\/\/vellomonfortarquitectes.com\/nl\/project\/palmera-historisch-centrum\/#primaryimage"},"thumbnailUrl":"https:\/\/vellomonfortarquitectes.com\/wp-content\/uploads\/2021\/01\/urbanizacionpalmera01-o-1-scaled.jpg","datePublished":"2021-01-07T19:14:39+00:00","dateModified":"2025-05-27T09:22:08+00:00","breadcrumb":{"@id":"https:\/\/vellomonfortarquitectes.com\/nl\/project\/palmera-historisch-centrum\/#breadcrumb"},"inLanguage":"nl-NL","potentialAction":[{"@type":"ReadAction","target":["https:\/\/vellomonfortarquitectes.com\/nl\/project\/palmera-historisch-centrum\/"]}]},{"@type":"ImageObject","inLanguage":"nl-NL","@id":"https:\/\/vellomonfortarquitectes.com\/nl\/project\/palmera-historisch-centrum\/#primaryimage","url":"https:\/\/vellomonfortarquitectes.com\/wp-content\/uploads\/2021\/01\/urbanizacionpalmera01-o-1-scaled.jpg","contentUrl":"https:\/\/vellomonfortarquitectes.com\/wp-content\/uploads\/2021\/01\/urbanizacionpalmera01-o-1-scaled.jpg","width":1535,"height":1080},{"@type":"BreadcrumbList","@id":"https:\/\/vellomonfortarquitectes.com\/nl\/project\/palmera-historisch-centrum\/#breadcrumb","itemListElement":[{"@type":"ListItem","position":1,"name":"Portada","item":"https:\/\/vellomonfortarquitectes.com\/nl\/"},{"@type":"ListItem","position":2,"name":"Projecten","item":"https:\/\/vellomonfortarquitectes.com\/nl\/project\/"},{"@type":"ListItem","position":3,"name":"PALMERA HISTORISCH CENTRUM"}]},{"@type":"WebSite","@id":"https:\/\/vellomonfortarquitectes.com\/nl\/#website","url":"https:\/\/vellomonfortarquitectes.com\/nl\/","name":"Vello Arquitectura","description":"","potentialAction":[{"@type":"SearchAction","target":{"@type":"EntryPoint","urlTemplate":"https:\/\/vellomonfortarquitectes.com\/nl\/?s={search_term_string}"},"query-input":{"@type":"PropertyValueSpecification","valueRequired":true,"valueName":"search_term_string"}}],"inLanguage":"nl-NL"}]}},"_links":{"self":[{"href":"https:\/\/vellomonfortarquitectes.com\/nl\/wp-json\/wp\/v2\/project\/14670","targetHints":{"allow":["GET"]}}],"collection":[{"href":"https:\/\/vellomonfortarquitectes.com\/nl\/wp-json\/wp\/v2\/project"}],"about":[{"href":"https:\/\/vellomonfortarquitectes.com\/nl\/wp-json\/wp\/v2\/types\/project"}],"author":[{"embeddable":true,"href":"https:\/\/vellomonfortarquitectes.com\/nl\/wp-json\/wp\/v2\/users\/4"}],"replies":[{"embeddable":true,"href":"https:\/\/vellomonfortarquitectes.com\/nl\/wp-json\/wp\/v2\/comments?post=14670"}],"version-history":[{"count":2,"href":"https:\/\/vellomonfortarquitectes.com\/nl\/wp-json\/wp\/v2\/project\/14670\/revisions"}],"predecessor-version":[{"id":14673,"href":"https:\/\/vellomonfortarquitectes.com\/nl\/wp-json\/wp\/v2\/project\/14670\/revisions\/14673"}],"wp:featuredmedia":[{"embeddable":true,"href":"https:\/\/vellomonfortarquitectes.com\/nl\/wp-json\/wp\/v2\/media\/14671"}],"wp:attachment":[{"href":"https:\/\/vellomonfortarquitectes.com\/nl\/wp-json\/wp\/v2\/media?parent=14670"}],"wp:term":[{"taxonomy":"project_category","embeddable":true,"href":"https:\/\/vellomonfortarquitectes.com\/nl\/wp-json\/wp\/v2\/project_category?post=14670"},{"taxonomy":"project_tag","embeddable":true,"href":"https:\/\/vellomonfortarquitectes.com\/nl\/wp-json\/wp\/v2\/project_tag?post=14670"}],"curies":[{"name":"wp","href":"https:\/\/api.w.org\/{rel}","templated":true}]}}